{"version":"1.0","provider_name":"The Epoch Times TR","provider_url":"https:\/\/epochtimestr.com","author_name":"\u00c7.Akdeniz","author_url":"https:\/\/epochtimestr.com\/index.php\/author\/cigdem","title":"Filipinler\u2019deki Sel Felaketinde \u00d6l\u00fc Say\u0131s\u0131 48\u2019e Ula\u015ft\u0131 - The Epoch Times TR","type":"rich","width":600,"height":338,"html":"<blockquote class=\"wp-embedded-content\" data-secret=\"gr2xN9szsi\"><a href=\"https:\/\/epochtimestr.com\/index.php\/filipinlerdeki-sel-felaketinde-olu-sayisi-48e-ulasti\">Filipinler\u2019deki Sel Felaketinde \u00d6l\u00fc Say\u0131s\u0131 48\u2019e Ula\u015ft\u0131<\/a><\/blockquote><iframe sandbox=\"allow-scripts\" security=\"restricted\" src=\"https:\/\/epochtimestr.com\/index.php\/filipinlerdeki-sel-felaketinde-olu-sayisi-48e-ulasti\/embed#?secret=gr2xN9szsi\" width=\"600\" height=\"338\" title=\"&#8220;Filipinler\u2019deki Sel Felaketinde \u00d6l\u00fc Say\u0131s\u0131 48\u2019e Ula\u015ft\u0131&#8221; &#8212; The Epoch Times TR\" data-secret=\"gr2xN9szsi\" frameborder=\"0\" marginwidth=\"0\" marginheight=\"0\" scrolling=\"no\" class=\"wp-embedded-content\"><\/iframe><script type=\"text\/javascript\">\n\/* <![CDATA[ *\/\n\/*! This file is auto-generated *\/\n!function(d,l){\"use strict\";l.querySelector&&d.addEventListener&&\"undefined\"!=typeof URL&&(d.wp=d.wp||{},d.wp.receiveEmbedMessage||(d.wp.receiveEmbedMessage=function(e){var t=e.data;if((t||t.secret||t.message||t.value)&&!\/[^a-zA-Z0-9]\/.test(t.secret)){for(var s,r,n,a=l.querySelectorAll('iframe[data-secret=\"'+t.secret+'\"]'),o=l.querySelectorAll('blockquote[data-secret=\"'+t.secret+'\"]'),c=new RegExp(\"^https?:$\",\"i\"),i=0;i<o.length;i++)o[i].style.display=\"none\";for(i=0;i<a.length;i++)s=a[i],e.source===s.contentWindow&&(s.removeAttribute(\"style\"),\"height\"===t.message?(1e3<(r=parseInt(t.value,10))?r=1e3:~~r<200&&(r=200),s.height=r):\"link\"===t.message&&(r=new URL(s.getAttribute(\"src\")),n=new URL(t.value),c.test(n.protocol))&&n.host===r.host&&l.activeElement===s&&(d.top.location.href=t.value))}},d.addEventListener(\"message\",d.wp.receiveEmbedMessage,!1),l.addEventListener(\"DOMContentLoaded\",function(){for(var e,t,s=l.querySelectorAll(\"iframe.wp-embedded-content\"),r=0;r<s.length;r++)(t=(e=s[r]).getAttribute(\"data-secret\"))||(t=Math.random().toString(36).substring(2,12),e.src+=\"#?secret=\"+t,e.setAttribute(\"data-secret\",t)),e.contentWindow.postMessage({message:\"ready\",secret:t},\"*\")},!1)))}(window,document);\n\/* ]]> *\/\n<\/script>\n","description":"Filipinler\u2019in g\u00fcneyindeki Mindanao adas\u0131nda meydana gelen sel felaketi ve toprak kaymas\u0131 sonucu 48 ki\u015fi hayat\u0131n\u0131 kaybetti. 22 g\u00fcnd\u00fcr devam eden \u015fiddetli ya\u011f\u0131\u015flarda 35 milyon dolarl\u0131k hasar\u0131n olu\u015ftu\u011fu bildirildi. Filipinler Milli Afet Kurulu\u2019nun (NDRRMC) yapt\u0131\u011f\u0131 a\u00e7\u0131klamada, \u00fclke genelinde 22 g\u00fcnd\u00fcr devam eden \u015fiddetli ya\u011f\u0131\u015flar sonucu olu\u015fan sel felaketinde 1 milyon 388 bin insan\u0131n etkilendi\u011fi belirtildi. A\u00e7\u0131klamada [&hellip;]","thumbnail_url":"http:\/\/www.epochtimestr.com\/wp-content\/uploads\/2011\/ocak 2011\/107816039.jpg"}