{"version":"1.0","provider_name":"The Epoch Times TR","provider_url":"https:\/\/epochtimestr.com","author_name":"Evren Durmaz","author_url":"https:\/\/epochtimestr.com\/index.php\/author\/evren-durmaz","title":"Foto\u011fraf Galerisi: Jiang Zemin'in Kanl\u0131 Miras\u0131 - The Epoch Times TR","type":"rich","width":600,"height":338,"html":"<blockquote class=\"wp-embedded-content\" data-secret=\"LZjGmHt8Kf\"><a href=\"https:\/\/epochtimestr.com\/index.php\/fotograf-galerisi-jiang-zeminin-kanli-mirasi\">Foto\u011fraf Galerisi: Jiang Zemin&#8217;in Kanl\u0131 Miras\u0131<\/a><\/blockquote><iframe sandbox=\"allow-scripts\" security=\"restricted\" src=\"https:\/\/epochtimestr.com\/index.php\/fotograf-galerisi-jiang-zeminin-kanli-mirasi\/embed#?secret=LZjGmHt8Kf\" width=\"600\" height=\"338\" title=\"&#8220;Foto\u011fraf Galerisi: Jiang Zemin&#8217;in Kanl\u0131 Miras\u0131&#8221; &#8212; The Epoch Times TR\" data-secret=\"LZjGmHt8Kf\" frameborder=\"0\" marginwidth=\"0\" marginheight=\"0\" scrolling=\"no\" class=\"wp-embedded-content\"><\/iframe><script type=\"text\/javascript\">\n\/* <![CDATA[ *\/\n\/*! This file is auto-generated *\/\n!function(d,l){\"use strict\";l.querySelector&&d.addEventListener&&\"undefined\"!=typeof URL&&(d.wp=d.wp||{},d.wp.receiveEmbedMessage||(d.wp.receiveEmbedMessage=function(e){var t=e.data;if((t||t.secret||t.message||t.value)&&!\/[^a-zA-Z0-9]\/.test(t.secret)){for(var s,r,n,a=l.querySelectorAll('iframe[data-secret=\"'+t.secret+'\"]'),o=l.querySelectorAll('blockquote[data-secret=\"'+t.secret+'\"]'),c=new RegExp(\"^https?:$\",\"i\"),i=0;i<o.length;i++)o[i].style.display=\"none\";for(i=0;i<a.length;i++)s=a[i],e.source===s.contentWindow&&(s.removeAttribute(\"style\"),\"height\"===t.message?(1e3<(r=parseInt(t.value,10))?r=1e3:~~r<200&&(r=200),s.height=r):\"link\"===t.message&&(r=new URL(s.getAttribute(\"src\")),n=new URL(t.value),c.test(n.protocol))&&n.host===r.host&&l.activeElement===s&&(d.top.location.href=t.value))}},d.addEventListener(\"message\",d.wp.receiveEmbedMessage,!1),l.addEventListener(\"DOMContentLoaded\",function(){for(var e,t,s=l.querySelectorAll(\"iframe.wp-embedded-content\"),r=0;r<s.length;r++)(t=(e=s[r]).getAttribute(\"data-secret\"))||(t=Math.random().toString(36).substring(2,12),e.src+=\"#?secret=\"+t,e.setAttribute(\"data-secret\",t)),e.contentWindow.postMessage({message:\"ready\",secret:t},\"*\")},!1)))}(window,document);\n\/* ]]> *\/\n<\/script>\n","thumbnail_url":"https:\/\/epochtimestr.com\/wp-content\/uploads\/2011y\/20140717LARRY-DYE-1200x798-1-e1669909432992-800x450-1.jpg","thumbnail_width":800,"thumbnail_height":450,"description":"Jiang Zemin taraf\u0131ndan ba\u015flat\u0131lan Falun Dafa zulm\u00fc, milyonlarca \u00c7inlinin hayat\u0131n\u0131 mahvetti ve say\u0131s\u0131z aileyi par\u00e7alad\u0131. \u00c7ok say\u0131da insan \u00e7al\u0131\u015fma kamplar\u0131nda ve hapishanelerde i\u015fkence g\u00f6rd\u00fc ve \u00f6ld\u00fcr\u00fcld\u00fc. Bu foto\u011fraf galerisi, zulm\u00fcn ortaya \u00e7\u0131kard\u0131\u011f\u0131 kader kurban\u0131 olmu\u015f bireyleri g\u00f6steriyor. Eski \u00c7in Kom\u00fcnist Partisi (\u00c7KP) lideri Jiang Zemin, 30 Kas\u0131m&#8217;da 96 ya\u015f\u0131nda \u00f6ld\u00fc. Onun liderli\u011fi alt\u0131nda, 1999 y\u0131l\u0131nda [&hellip;]"}