{"version":"1.0","provider_name":"The Epoch Times TR","provider_url":"https:\/\/epochtimestr.com","author_name":"A. Aida","author_url":"https:\/\/epochtimestr.com\/index.php\/author\/a-aydana","title":"Foto\u011fraf\u00e7\u0131n\u0131n Objektifinden Kar\u0131ncalar\u0131n Hayat\u0131 (Foto\u011fraf Galerisi) - The Epoch Times TR","type":"rich","width":600,"height":338,"html":"<blockquote class=\"wp-embedded-content\" data-secret=\"ekj1CLLPQl\"><a href=\"https:\/\/epochtimestr.com\/index.php\/fotografcinin-objektifinden-karincalarin-hayati\">Foto\u011fraf\u00e7\u0131n\u0131n Objektifinden Kar\u0131ncalar\u0131n Hayat\u0131 (Foto\u011fraf Galerisi)<\/a><\/blockquote><iframe sandbox=\"allow-scripts\" security=\"restricted\" src=\"https:\/\/epochtimestr.com\/index.php\/fotografcinin-objektifinden-karincalarin-hayati\/embed#?secret=ekj1CLLPQl\" width=\"600\" height=\"338\" title=\"&#8220;Foto\u011fraf\u00e7\u0131n\u0131n Objektifinden Kar\u0131ncalar\u0131n Hayat\u0131 (Foto\u011fraf Galerisi)&#8221; &#8212; The Epoch Times TR\" data-secret=\"ekj1CLLPQl\" frameborder=\"0\" marginwidth=\"0\" marginheight=\"0\" scrolling=\"no\" class=\"wp-embedded-content\"><\/iframe><script type=\"text\/javascript\">\n\/* <![CDATA[ *\/\n\/*! This file is auto-generated *\/\n!function(d,l){\"use strict\";l.querySelector&&d.addEventListener&&\"undefined\"!=typeof URL&&(d.wp=d.wp||{},d.wp.receiveEmbedMessage||(d.wp.receiveEmbedMessage=function(e){var t=e.data;if((t||t.secret||t.message||t.value)&&!\/[^a-zA-Z0-9]\/.test(t.secret)){for(var s,r,n,a=l.querySelectorAll('iframe[data-secret=\"'+t.secret+'\"]'),o=l.querySelectorAll('blockquote[data-secret=\"'+t.secret+'\"]'),c=new RegExp(\"^https?:$\",\"i\"),i=0;i<o.length;i++)o[i].style.display=\"none\";for(i=0;i<a.length;i++)s=a[i],e.source===s.contentWindow&&(s.removeAttribute(\"style\"),\"height\"===t.message?(1e3<(r=parseInt(t.value,10))?r=1e3:~~r<200&&(r=200),s.height=r):\"link\"===t.message&&(r=new URL(s.getAttribute(\"src\")),n=new URL(t.value),c.test(n.protocol))&&n.host===r.host&&l.activeElement===s&&(d.top.location.href=t.value))}},d.addEventListener(\"message\",d.wp.receiveEmbedMessage,!1),l.addEventListener(\"DOMContentLoaded\",function(){for(var e,t,s=l.querySelectorAll(\"iframe.wp-embedded-content\"),r=0;r<s.length;r++)(t=(e=s[r]).getAttribute(\"data-secret\"))||(t=Math.random().toString(36).substring(2,12),e.src+=\"#?secret=\"+t,e.setAttribute(\"data-secret\",t)),e.contentWindow.postMessage({message:\"ready\",secret:t},\"*\")},!1)))}(window,document);\n\/* ]]> *\/\n<\/script>\n","thumbnail_url":"https:\/\/epochtimestr.com\/wp-content\/uploads\/2011y\/kar\u0131ncalar\u0131n-hayat\u0131-5.jpg","thumbnail_width":601,"thumbnail_height":450,"description":"Farkl\u0131 Bir A\u00e7\u0131dan Kar\u0131ncalar\u0131n D\u00fcnyas\u0131 Kar\u0131ncalar&#8211; b\u00f6cekler familyas\u0131nda hem t\u00fcr say\u0131s\u0131 olarak hem genel kar\u0131nca familyas\u0131 say\u0131s\u0131n\u0131 olu\u015fturan en b\u00fcy\u00fck familya olarak bilinir. B\u00fct\u00fcn kar\u0131ncalar toplumsal hayat bi\u00e7imini s\u00fcrd\u00fcr\u00fcr ve asla yaln\u0131z ya\u015fayamazlar. Kar\u0131ncalar t\u00fcm i\u015flerini beraber i\u015fbirli\u011fi yaparak ger\u00e7ekle\u015ftirirler ve b\u00f6yle bir \u00e7al\u0131\u015fma y\u00f6ntemi bireysel \u00e7al\u0131\u015fmaktan \u00e7ok daha verimli oluyor. Uzmanlar, kar\u0131ncalar\u0131n sadece iyi [&hellip;]"}