{"version":"1.0","provider_name":"The Epoch Times TR","provider_url":"https:\/\/epochtimestr.com","author_name":"Nesrin Se\u00e7er","author_url":"https:\/\/epochtimestr.com\/index.php\/author\/nesrin","title":"Fransa \u0130\u00e7i\u015fleri Bakan\u0131 \u00c7ankaya K\u00f6\u015fk\u00fcnde - The Epoch Times TR","type":"rich","width":600,"height":338,"html":"<blockquote class=\"wp-embedded-content\" data-secret=\"wMt7JKIvr6\"><a href=\"https:\/\/epochtimestr.com\/index.php\/fransa-icisleri-bakani-cankaya-koskunde\">Fransa \u0130\u00e7i\u015fleri Bakan\u0131 \u00c7ankaya K\u00f6\u015fk\u00fcnde<\/a><\/blockquote><iframe sandbox=\"allow-scripts\" security=\"restricted\" src=\"https:\/\/epochtimestr.com\/index.php\/fransa-icisleri-bakani-cankaya-koskunde\/embed#?secret=wMt7JKIvr6\" width=\"600\" height=\"338\" title=\"&#8220;Fransa \u0130\u00e7i\u015fleri Bakan\u0131 \u00c7ankaya K\u00f6\u015fk\u00fcnde&#8221; &#8212; The Epoch Times TR\" data-secret=\"wMt7JKIvr6\" frameborder=\"0\" marginwidth=\"0\" marginheight=\"0\" scrolling=\"no\" class=\"wp-embedded-content\"><\/iframe><script type=\"text\/javascript\">\n\/* <![CDATA[ *\/\n\/*! This file is auto-generated *\/\n!function(d,l){\"use strict\";l.querySelector&&d.addEventListener&&\"undefined\"!=typeof URL&&(d.wp=d.wp||{},d.wp.receiveEmbedMessage||(d.wp.receiveEmbedMessage=function(e){var t=e.data;if((t||t.secret||t.message||t.value)&&!\/[^a-zA-Z0-9]\/.test(t.secret)){for(var s,r,n,a=l.querySelectorAll('iframe[data-secret=\"'+t.secret+'\"]'),o=l.querySelectorAll('blockquote[data-secret=\"'+t.secret+'\"]'),c=new RegExp(\"^https?:$\",\"i\"),i=0;i<o.length;i++)o[i].style.display=\"none\";for(i=0;i<a.length;i++)s=a[i],e.source===s.contentWindow&&(s.removeAttribute(\"style\"),\"height\"===t.message?(1e3<(r=parseInt(t.value,10))?r=1e3:~~r<200&&(r=200),s.height=r):\"link\"===t.message&&(r=new URL(s.getAttribute(\"src\")),n=new URL(t.value),c.test(n.protocol))&&n.host===r.host&&l.activeElement===s&&(d.top.location.href=t.value))}},d.addEventListener(\"message\",d.wp.receiveEmbedMessage,!1),l.addEventListener(\"DOMContentLoaded\",function(){for(var e,t,s=l.querySelectorAll(\"iframe.wp-embedded-content\"),r=0;r<s.length;r++)(t=(e=s[r]).getAttribute(\"data-secret\"))||(t=Math.random().toString(36).substring(2,12),e.src+=\"#?secret=\"+t,e.setAttribute(\"data-secret\",t)),e.contentWindow.postMessage({message:\"ready\",secret:t},\"*\")},!1)))}(window,document);\n\/* ]]> *\/\n<\/script>\n","description":"Cumhurba\u015fkan\u0131 Abdullah G\u00fcl, Fransa \u0130\u00e7i\u015fleri Bakan\u0131 Claude Gu\u00e9ant ve beraberindeki heyeti \u00c7ankaya K\u00f6\u015fk\u00fc\u2019nde kabul etti. T\u00dcRK\u0130YE-FRANSA G\u00dcVENL\u0130K \u0130\u015e B\u0130RL\u0130\u011e\u0130 ANLA\u015eMASI Cumhurba\u015fkan\u0131 G\u00fcl, Fransa \u0130\u00e7i\u015fleri Bakan\u0131 Claude Gu\u00e9ant ve beraberindeki heyet ile g\u00f6r\u00fc\u015fmesinde T\u00fcrkiye ile Fransa aras\u0131ndaki k\u00f6kl\u00fc ili\u015fkilere vurgu yapt\u0131. Cumhurba\u015fkan\u0131 G\u00fcl, bir\u00e7ok alanda oldu\u011fu gibi g\u00fcvenlik alan\u0131nda da iki \u00fclke aras\u0131nda verimli bir i\u015f [&hellip;]","thumbnail_url":"http:\/\/www.epochtimestr.com\/wp-content\/uploads\/2011y\/chrbaskanligi.jpg"}