{"version":"1.0","provider_name":"The Epoch Times TR","provider_url":"https:\/\/epochtimestr.com","author_name":"S. \u00d6zcan","author_url":"https:\/\/epochtimestr.com\/index.php\/author\/n-kaya","title":"Fransa\u2019da Kritik G\u00f6r\u00fc\u015fme - The Epoch Times TR","type":"rich","width":600,"height":338,"html":"<blockquote class=\"wp-embedded-content\" data-secret=\"55pJjb6dpf\"><a href=\"https:\/\/epochtimestr.com\/index.php\/fransada-kritik-gorusme\">Fransa\u2019da Kritik G\u00f6r\u00fc\u015fme<\/a><\/blockquote><iframe sandbox=\"allow-scripts\" security=\"restricted\" src=\"https:\/\/epochtimestr.com\/index.php\/fransada-kritik-gorusme\/embed#?secret=55pJjb6dpf\" width=\"600\" height=\"338\" title=\"&#8220;Fransa\u2019da Kritik G\u00f6r\u00fc\u015fme&#8221; &#8212; The Epoch Times TR\" data-secret=\"55pJjb6dpf\" frameborder=\"0\" marginwidth=\"0\" marginheight=\"0\" scrolling=\"no\" class=\"wp-embedded-content\"><\/iframe><script type=\"text\/javascript\">\n\/* <![CDATA[ *\/\n\/*! This file is auto-generated *\/\n!function(d,l){\"use strict\";l.querySelector&&d.addEventListener&&\"undefined\"!=typeof URL&&(d.wp=d.wp||{},d.wp.receiveEmbedMessage||(d.wp.receiveEmbedMessage=function(e){var t=e.data;if((t||t.secret||t.message||t.value)&&!\/[^a-zA-Z0-9]\/.test(t.secret)){for(var s,r,n,a=l.querySelectorAll('iframe[data-secret=\"'+t.secret+'\"]'),o=l.querySelectorAll('blockquote[data-secret=\"'+t.secret+'\"]'),c=new RegExp(\"^https?:$\",\"i\"),i=0;i<o.length;i++)o[i].style.display=\"none\";for(i=0;i<a.length;i++)s=a[i],e.source===s.contentWindow&&(s.removeAttribute(\"style\"),\"height\"===t.message?(1e3<(r=parseInt(t.value,10))?r=1e3:~~r<200&&(r=200),s.height=r):\"link\"===t.message&&(r=new URL(s.getAttribute(\"src\")),n=new URL(t.value),c.test(n.protocol))&&n.host===r.host&&l.activeElement===s&&(d.top.location.href=t.value))}},d.addEventListener(\"message\",d.wp.receiveEmbedMessage,!1),l.addEventListener(\"DOMContentLoaded\",function(){for(var e,t,s=l.querySelectorAll(\"iframe.wp-embedded-content\"),r=0;r<s.length;r++)(t=(e=s[r]).getAttribute(\"data-secret\"))||(t=Math.random().toString(36).substring(2,12),e.src+=\"#?secret=\"+t,e.setAttribute(\"data-secret\",t)),e.contentWindow.postMessage({message:\"ready\",secret:t},\"*\")},!1)))}(window,document);\n\/* ]]> *\/\n<\/script>\n","thumbnail_url":"https:\/\/epochtimestr.com\/wp-content\/uploads\/2011y\/fransada-kritik-gorusme-616013-664x354.jpg","thumbnail_width":500,"thumbnail_height":266,"description":"Fransa D\u0131\u015fi\u015fleri Bakan\u0131 Laurent Fabuis, Rus mevkida\u015f\u0131 Sergey Lavrov ile bir araya geldi. Fransa D\u0131\u015fi\u015fleri Bakan\u0131 Laurent Fabuis, Rusya D\u0131\u015fi\u015fleri Bakan\u0131 Lavrov ile D\u0131\u015fi\u015fleri Bakanl\u0131\u011f\u0131nda bir araya geldi. Lavrov\u2019un Paris\u2019te bulunan ABD D\u0131\u015fi\u015fleri Bakan\u0131 Kerry ile olan g\u00f6r\u00fc\u015fmesinden dolay\u0131 g\u00f6r\u00fc\u015fme 25 dakika gecikmeli ba\u015flad\u0131. Rusya D\u0131\u015fi\u015fleri Bakan\u0131 Sergey Lavrov\u2019un beraberinde kalabal\u0131k bir heyetle geldi\u011fi g\u00f6r\u00fc\u015fmede [&hellip;]"}