{"version":"1.0","provider_name":"The Epoch Times TR","provider_url":"https:\/\/epochtimestr.com","author_name":"Dila \u015eeng\u00fcl","author_url":"https:\/\/epochtimestr.com\/index.php\/author\/dila","title":"Gabar Da\u011f\u0131\u2019nda 8 PKK\u2019l\u0131 Etkisiz Hale Getirildi - The Epoch Times TR","type":"rich","width":600,"height":338,"html":"<blockquote class=\"wp-embedded-content\" data-secret=\"G4zbEYseUy\"><a href=\"https:\/\/epochtimestr.com\/index.php\/gabar-daginda-8-pkkli-etkisiz-hale-getirildi\">Gabar Da\u011f\u0131\u2019nda 8 PKK\u2019l\u0131 Etkisiz Hale Getirildi<\/a><\/blockquote><iframe sandbox=\"allow-scripts\" security=\"restricted\" src=\"https:\/\/epochtimestr.com\/index.php\/gabar-daginda-8-pkkli-etkisiz-hale-getirildi\/embed#?secret=G4zbEYseUy\" width=\"600\" height=\"338\" title=\"&#8220;Gabar Da\u011f\u0131\u2019nda 8 PKK\u2019l\u0131 Etkisiz Hale Getirildi&#8221; &#8212; The Epoch Times TR\" data-secret=\"G4zbEYseUy\" frameborder=\"0\" marginwidth=\"0\" marginheight=\"0\" scrolling=\"no\" class=\"wp-embedded-content\"><\/iframe><script type=\"text\/javascript\">\n\/* <![CDATA[ *\/\n\/*! This file is auto-generated *\/\n!function(d,l){\"use strict\";l.querySelector&&d.addEventListener&&\"undefined\"!=typeof URL&&(d.wp=d.wp||{},d.wp.receiveEmbedMessage||(d.wp.receiveEmbedMessage=function(e){var t=e.data;if((t||t.secret||t.message||t.value)&&!\/[^a-zA-Z0-9]\/.test(t.secret)){for(var s,r,n,a=l.querySelectorAll('iframe[data-secret=\"'+t.secret+'\"]'),o=l.querySelectorAll('blockquote[data-secret=\"'+t.secret+'\"]'),c=new RegExp(\"^https?:$\",\"i\"),i=0;i<o.length;i++)o[i].style.display=\"none\";for(i=0;i<a.length;i++)s=a[i],e.source===s.contentWindow&&(s.removeAttribute(\"style\"),\"height\"===t.message?(1e3<(r=parseInt(t.value,10))?r=1e3:~~r<200&&(r=200),s.height=r):\"link\"===t.message&&(r=new URL(s.getAttribute(\"src\")),n=new URL(t.value),c.test(n.protocol))&&n.host===r.host&&l.activeElement===s&&(d.top.location.href=t.value))}},d.addEventListener(\"message\",d.wp.receiveEmbedMessage,!1),l.addEventListener(\"DOMContentLoaded\",function(){for(var e,t,s=l.querySelectorAll(\"iframe.wp-embedded-content\"),r=0;r<s.length;r++)(t=(e=s[r]).getAttribute(\"data-secret\"))||(t=Math.random().toString(36).substring(2,12),e.src+=\"#?secret=\"+t,e.setAttribute(\"data-secret\",t)),e.contentWindow.postMessage({message:\"ready\",secret:t},\"*\")},!1)))}(window,document);\n\/* ]]> *\/\n<\/script>\n","thumbnail_url":"https:\/\/epochtimestr.com\/wp-content\/uploads\/2011y\/1278521.jpg","thumbnail_width":664,"thumbnail_height":354,"description":"\u015e\u0131rnak Gabar Da\u011f\u0131\u2019nda, 3 askerin \u015fehit oldu\u011fu, 5 askerin yaraland\u0131\u011f\u0131 sald\u0131r\u0131n\u0131n ard\u0131ndan ba\u015flat\u0131lan operasyonda, 8 ter\u00f6rist etkisiz hale getirildi. \u015e\u0131rnak Valili\u011finden yap\u0131lan a\u00e7\u0131klamada, \u201c\u0130limiz Gabar Da\u011f\u0131 b\u00f6lgesinde 23. Jandarma S\u0131n\u0131r T\u00fcmen Komutanl\u0131\u011f\u0131 sorumlulu\u011funda, 6\u2019nc\u0131 Motorlu Piyade Tugay Komutanl\u0131\u011f\u0131 emir komutas\u0131nda jandarma unsurlar\u0131 ve g\u00fcvenlik korucular\u0131m\u0131z\u0131n kat\u0131l\u0131m\u0131yla devam eden operasyonda iki g\u00fcn \u00f6nce \u00fc\u00e7 askerimizi \u015fehit [&hellip;]"}