{"version":"1.0","provider_name":"The Epoch Times TR","provider_url":"https:\/\/epochtimestr.com","author_name":"Ayfer K\u00f6kl\u00fc","author_url":"https:\/\/epochtimestr.com\/index.php\/author\/ayfer","title":"Hakkari \u00c7ukurcada hain pusu sonucu 8 \u015fehit - The Epoch Times TR","type":"rich","width":600,"height":338,"html":"<blockquote class=\"wp-embedded-content\" data-secret=\"hh9SKGKLkj\"><a href=\"https:\/\/epochtimestr.com\/index.php\/hakkari-cukurcada-hain-pusu-8-sehit\">Hakkari \u00c7ukurcada hain pusu sonucu 8 \u015fehit<\/a><\/blockquote><iframe sandbox=\"allow-scripts\" security=\"restricted\" src=\"https:\/\/epochtimestr.com\/index.php\/hakkari-cukurcada-hain-pusu-8-sehit\/embed#?secret=hh9SKGKLkj\" width=\"600\" height=\"338\" title=\"&#8220;Hakkari \u00c7ukurcada hain pusu sonucu 8 \u015fehit&#8221; &#8212; The Epoch Times TR\" data-secret=\"hh9SKGKLkj\" frameborder=\"0\" marginwidth=\"0\" marginheight=\"0\" scrolling=\"no\" class=\"wp-embedded-content\"><\/iframe><script type=\"text\/javascript\">\n\/* <![CDATA[ *\/\n\/*! This file is auto-generated *\/\n!function(d,l){\"use strict\";l.querySelector&&d.addEventListener&&\"undefined\"!=typeof URL&&(d.wp=d.wp||{},d.wp.receiveEmbedMessage||(d.wp.receiveEmbedMessage=function(e){var t=e.data;if((t||t.secret||t.message||t.value)&&!\/[^a-zA-Z0-9]\/.test(t.secret)){for(var s,r,n,a=l.querySelectorAll('iframe[data-secret=\"'+t.secret+'\"]'),o=l.querySelectorAll('blockquote[data-secret=\"'+t.secret+'\"]'),c=new RegExp(\"^https?:$\",\"i\"),i=0;i<o.length;i++)o[i].style.display=\"none\";for(i=0;i<a.length;i++)s=a[i],e.source===s.contentWindow&&(s.removeAttribute(\"style\"),\"height\"===t.message?(1e3<(r=parseInt(t.value,10))?r=1e3:~~r<200&&(r=200),s.height=r):\"link\"===t.message&&(r=new URL(s.getAttribute(\"src\")),n=new URL(t.value),c.test(n.protocol))&&n.host===r.host&&l.activeElement===s&&(d.top.location.href=t.value))}},d.addEventListener(\"message\",d.wp.receiveEmbedMessage,!1),l.addEventListener(\"DOMContentLoaded\",function(){for(var e,t,s=l.querySelectorAll(\"iframe.wp-embedded-content\"),r=0;r<s.length;r++)(t=(e=s[r]).getAttribute(\"data-secret\"))||(t=Math.random().toString(36).substring(2,12),e.src+=\"#?secret=\"+t,e.setAttribute(\"data-secret\",t)),e.contentWindow.postMessage({message:\"ready\",secret:t},\"*\")},!1)))}(window,document);\n\/* ]]> *\/\n<\/script>\n","description":"Valilikten yap\u0131lan yaz\u0131l\u0131 a\u00e7klamada\u00a0 Ter\u00f6r \u00f6rg\u00fct\u00fcn\u00fcn Hakkari \u00c7ukurca\u2019da d\u00fczenledi\u011fi\u00a0 may\u0131nl\u0131 sald\u0131r\u0131da bir\u00a0 binba\u015f\u0131 ve 7 asker \u015fehit olurken, 11 asker yaraland\u0131\u011f\u0131 belirtildi. Hakkari-\u00c7ukurca karayolunun 15&#8217;inci kilometresindeki Vali Erdo\u011fan G\u00fcrb\u00fcz \u00c7e\u015fmesi yak\u0131nlar\u0131nda askeri konvoyun ge\u00e7i\u015fi s\u0131ras\u0131nda bu sabah saat 09.00\u2019da bir patlama meydana geldi. Patlaman\u0131n ard\u0131ndan b\u00f6lgeye \u00e7ok say\u0131da asker sevk edilirken, hava destekli operasyon da [&hellip;]","thumbnail_url":"http:\/\/epochtimestr.com\/wp-content\/uploads\/2011y\/hakkari-may%C4%B1n.jpg"}