{"version":"1.0","provider_name":"The Epoch Times TR","provider_url":"https:\/\/epochtimestr.com","author_name":"D.Alk\u0131n","author_url":"https:\/\/epochtimestr.com\/index.php\/author\/derya","title":"Hakkari \u00c7ukurca'da Son Y\u0131llar\u0131n En B\u00fcy\u00fck Kayb\u0131n\u0131 Ya\u015fad\u0131k - The Epoch Times TR","type":"rich","width":600,"height":338,"html":"<blockquote class=\"wp-embedded-content\" data-secret=\"aX54lkMRXK\"><a href=\"https:\/\/epochtimestr.com\/index.php\/hakkari-cukurcada-son-yillarin-en-buyuk-kaybini-yasadik\">Hakkari \u00c7ukurca&#8217;da Son Y\u0131llar\u0131n En B\u00fcy\u00fck Kayb\u0131n\u0131 Ya\u015fad\u0131k<\/a><\/blockquote><iframe sandbox=\"allow-scripts\" security=\"restricted\" src=\"https:\/\/epochtimestr.com\/index.php\/hakkari-cukurcada-son-yillarin-en-buyuk-kaybini-yasadik\/embed#?secret=aX54lkMRXK\" width=\"600\" height=\"338\" title=\"&#8220;Hakkari \u00c7ukurca&#8217;da Son Y\u0131llar\u0131n En B\u00fcy\u00fck Kayb\u0131n\u0131 Ya\u015fad\u0131k&#8221; &#8212; The Epoch Times TR\" data-secret=\"aX54lkMRXK\" frameborder=\"0\" marginwidth=\"0\" marginheight=\"0\" scrolling=\"no\" class=\"wp-embedded-content\"><\/iframe><script type=\"text\/javascript\">\n\/* <![CDATA[ *\/\n\/*! This file is auto-generated *\/\n!function(d,l){\"use strict\";l.querySelector&&d.addEventListener&&\"undefined\"!=typeof URL&&(d.wp=d.wp||{},d.wp.receiveEmbedMessage||(d.wp.receiveEmbedMessage=function(e){var t=e.data;if((t||t.secret||t.message||t.value)&&!\/[^a-zA-Z0-9]\/.test(t.secret)){for(var s,r,n,a=l.querySelectorAll('iframe[data-secret=\"'+t.secret+'\"]'),o=l.querySelectorAll('blockquote[data-secret=\"'+t.secret+'\"]'),c=new RegExp(\"^https?:$\",\"i\"),i=0;i<o.length;i++)o[i].style.display=\"none\";for(i=0;i<a.length;i++)s=a[i],e.source===s.contentWindow&&(s.removeAttribute(\"style\"),\"height\"===t.message?(1e3<(r=parseInt(t.value,10))?r=1e3:~~r<200&&(r=200),s.height=r):\"link\"===t.message&&(r=new URL(s.getAttribute(\"src\")),n=new URL(t.value),c.test(n.protocol))&&n.host===r.host&&l.activeElement===s&&(d.top.location.href=t.value))}},d.addEventListener(\"message\",d.wp.receiveEmbedMessage,!1),l.addEventListener(\"DOMContentLoaded\",function(){for(var e,t,s=l.querySelectorAll(\"iframe.wp-embedded-content\"),r=0;r<s.length;r++)(t=(e=s[r]).getAttribute(\"data-secret\"))||(t=Math.random().toString(36).substring(2,12),e.src+=\"#?secret=\"+t,e.setAttribute(\"data-secret\",t)),e.contentWindow.postMessage({message:\"ready\",secret:t},\"*\")},!1)))}(window,document);\n\/* ]]> *\/\n<\/script>\n","description":"Son y\u0131llar\u0131n en b\u00fcy\u00fck ter\u00f6r sald\u0131r\u0131s\u0131 d\u00fcn gece Hakkari \u00c7ukurca\u2019da yap\u0131ld\u0131. PKK\u2019l\u0131 ter\u00f6ristler\u00a0 gece yar\u0131s\u0131 \u00c7ukurca il\u00e7e merkezine s\u0131zarak farkl\u0131 yerlerde bulunan 21\u2019inci \u00a0S\u0131n\u0131r Jandarma Tugay Komutanl\u0131\u011f\u0131na ba\u011fl\u0131 askeri birliklere ayn\u0131 anda sald\u0131rd\u0131lar. Yine \u00c7ukurca il\u00e7e merkezindeki sald\u0131r\u0131ya e\u015f zamanl\u0131 olarak il\u00e7eye 15 kilometre uzakl\u0131kta bulunan I\u015f\u0131kl\u0131 B\u00f6lgesi&#8217;ne ba\u011fl\u0131, Kekliktepe \u00fcs b\u00f6lgesine Irak\u2019tan s\u0131zan ter\u00f6ristler [&hellip;]","thumbnail_url":"http:\/\/www.epochtimestr.com\/wp-content\/uploads\/2011y\/4deb4521322145a3a44e1f7vs11-300x224.jpg"}