{"version":"1.0","provider_name":"The Epoch Times TR","provider_url":"https:\/\/epochtimestr.com","author_name":"Dila \u015eeng\u00fcl","author_url":"https:\/\/epochtimestr.com\/index.php\/author\/dila","title":"Hakkari Y\u00fcksekova \u0130l\u00e7esindeki S\u0131cak Saatler - The Epoch Times TR","type":"rich","width":600,"height":338,"html":"<blockquote class=\"wp-embedded-content\" data-secret=\"QxqyuzkRvQ\"><a href=\"https:\/\/epochtimestr.com\/index.php\/hakkari-yuksekova-ilcesindeki-sicak-saatler\">Hakkari Y\u00fcksekova \u0130l\u00e7esindeki S\u0131cak Saatler<\/a><\/blockquote><iframe sandbox=\"allow-scripts\" security=\"restricted\" src=\"https:\/\/epochtimestr.com\/index.php\/hakkari-yuksekova-ilcesindeki-sicak-saatler\/embed#?secret=QxqyuzkRvQ\" width=\"600\" height=\"338\" title=\"&#8220;Hakkari Y\u00fcksekova \u0130l\u00e7esindeki S\u0131cak Saatler&#8221; &#8212; The Epoch Times TR\" data-secret=\"QxqyuzkRvQ\" frameborder=\"0\" marginwidth=\"0\" marginheight=\"0\" scrolling=\"no\" class=\"wp-embedded-content\"><\/iframe><script type=\"text\/javascript\">\n\/* <![CDATA[ *\/\n\/*! This file is auto-generated *\/\n!function(d,l){\"use strict\";l.querySelector&&d.addEventListener&&\"undefined\"!=typeof URL&&(d.wp=d.wp||{},d.wp.receiveEmbedMessage||(d.wp.receiveEmbedMessage=function(e){var t=e.data;if((t||t.secret||t.message||t.value)&&!\/[^a-zA-Z0-9]\/.test(t.secret)){for(var s,r,n,a=l.querySelectorAll('iframe[data-secret=\"'+t.secret+'\"]'),o=l.querySelectorAll('blockquote[data-secret=\"'+t.secret+'\"]'),c=new RegExp(\"^https?:$\",\"i\"),i=0;i<o.length;i++)o[i].style.display=\"none\";for(i=0;i<a.length;i++)s=a[i],e.source===s.contentWindow&&(s.removeAttribute(\"style\"),\"height\"===t.message?(1e3<(r=parseInt(t.value,10))?r=1e3:~~r<200&&(r=200),s.height=r):\"link\"===t.message&&(r=new URL(s.getAttribute(\"src\")),n=new URL(t.value),c.test(n.protocol))&&n.host===r.host&&l.activeElement===s&&(d.top.location.href=t.value))}},d.addEventListener(\"message\",d.wp.receiveEmbedMessage,!1),l.addEventListener(\"DOMContentLoaded\",function(){for(var e,t,s=l.querySelectorAll(\"iframe.wp-embedded-content\"),r=0;r<s.length;r++)(t=(e=s[r]).getAttribute(\"data-secret\"))||(t=Math.random().toString(36).substring(2,12),e.src+=\"#?secret=\"+t,e.setAttribute(\"data-secret\",t)),e.contentWindow.postMessage({message:\"ready\",secret:t},\"*\")},!1)))}(window,document);\n\/* ]]> *\/\n<\/script>\n","thumbnail_url":"https:\/\/epochtimestr.com\/wp-content\/uploads\/2011y\/1584756.jpg","thumbnail_width":664,"thumbnail_height":354,"description":"Hakk\u00e2ri Valili\u011fi taraf\u0131ndan ilan edilen soka\u011fa \u00e7\u0131kma yasa\u011f\u0131n\u0131n 11. g\u00fcn\u00fcnde Y\u00fcksekova il\u00e7esinde hareketli saatler ya\u015fan\u0131yor. D\u00fcn meydana gelen patlamada 3 \u015fehidin verildi\u011fi Y\u00fcksekova il\u00e7esinde \u00e7at\u0131\u015fmalar \u015fiddetle devam ediyor. \u0130l\u00e7ede ya\u015fanan hareketlilik Hakkari il merkezinde de kendini hissettirdi. Hakk\u00e2ri Da\u011f ve Komando Tugay Komutanl\u0131\u011f\u0131ndan iki\u015ferli halde kalkan helikopterler, Y\u00fcksekova il\u00e7esi istikametine hareket etti. Belirli bir s\u00fcre [&hellip;]"}