{"version":"1.0","provider_name":"The Epoch Times TR","provider_url":"https:\/\/epochtimestr.com","author_name":"Demet G.","author_url":"https:\/\/epochtimestr.com\/index.php\/author\/d-gokoglu","title":"Helal ve Sa\u011fl\u0131kl\u0131 \u00dcr\u00fcnler G\u0131da Fuar\u0131 A\u00e7\u0131ld\u0131 - The Epoch Times TR","type":"rich","width":600,"height":338,"html":"<blockquote class=\"wp-embedded-content\" data-secret=\"roQqfUvQzL\"><a href=\"https:\/\/epochtimestr.com\/index.php\/helal-ve-saglikli-urunler-gida-fuari-acildi\">Helal ve Sa\u011fl\u0131kl\u0131 \u00dcr\u00fcnler G\u0131da Fuar\u0131 A\u00e7\u0131ld\u0131<\/a><\/blockquote><iframe sandbox=\"allow-scripts\" security=\"restricted\" src=\"https:\/\/epochtimestr.com\/index.php\/helal-ve-saglikli-urunler-gida-fuari-acildi\/embed#?secret=roQqfUvQzL\" width=\"600\" height=\"338\" title=\"&#8220;Helal ve Sa\u011fl\u0131kl\u0131 \u00dcr\u00fcnler G\u0131da Fuar\u0131 A\u00e7\u0131ld\u0131&#8221; &#8212; The Epoch Times TR\" data-secret=\"roQqfUvQzL\" frameborder=\"0\" marginwidth=\"0\" marginheight=\"0\" scrolling=\"no\" class=\"wp-embedded-content\"><\/iframe><script type=\"text\/javascript\">\n\/* <![CDATA[ *\/\n\/*! This file is auto-generated *\/\n!function(d,l){\"use strict\";l.querySelector&&d.addEventListener&&\"undefined\"!=typeof URL&&(d.wp=d.wp||{},d.wp.receiveEmbedMessage||(d.wp.receiveEmbedMessage=function(e){var t=e.data;if((t||t.secret||t.message||t.value)&&!\/[^a-zA-Z0-9]\/.test(t.secret)){for(var s,r,n,a=l.querySelectorAll('iframe[data-secret=\"'+t.secret+'\"]'),o=l.querySelectorAll('blockquote[data-secret=\"'+t.secret+'\"]'),c=new RegExp(\"^https?:$\",\"i\"),i=0;i<o.length;i++)o[i].style.display=\"none\";for(i=0;i<a.length;i++)s=a[i],e.source===s.contentWindow&&(s.removeAttribute(\"style\"),\"height\"===t.message?(1e3<(r=parseInt(t.value,10))?r=1e3:~~r<200&&(r=200),s.height=r):\"link\"===t.message&&(r=new URL(s.getAttribute(\"src\")),n=new URL(t.value),c.test(n.protocol))&&n.host===r.host&&l.activeElement===s&&(d.top.location.href=t.value))}},d.addEventListener(\"message\",d.wp.receiveEmbedMessage,!1),l.addEventListener(\"DOMContentLoaded\",function(){for(var e,t,s=l.querySelectorAll(\"iframe.wp-embedded-content\"),r=0;r<s.length;r++)(t=(e=s[r]).getAttribute(\"data-secret\"))||(t=Math.random().toString(36).substring(2,12),e.src+=\"#?secret=\"+t,e.setAttribute(\"data-secret\",t)),e.contentWindow.postMessage({message:\"ready\",secret:t},\"*\")},!1)))}(window,document);\n\/* ]]> *\/\n<\/script>\n","thumbnail_url":"https:\/\/epochtimestr.com\/wp-content\/uploads\/2011y\/helal-gida-fuar.jpg","thumbnail_width":512,"thumbnail_height":384,"description":"05-08 Eyl\u00fcl 2013 tarihleri aras\u0131nda CNR Expo alan\u0131nda ziyaret\u00e7ilerini a\u011f\u0131rlayacak olan fuar\u0131n a\u00e7\u0131l\u0131\u015f\u0131n\u0131 Ba\u015fbakan Yard\u0131mc\u0131s\u0131 B\u00fclent Ar\u0131n\u00e7, Malezya Devlet Bakan\u0131 Hac\u0131 Abd\u00fclkerim Kas\u0131m ile birlikte yapt\u0131. M\u00fcsl\u00fcmanlar\u0131n manevi de\u011ferlerine uygun olan Helal Sertifikal\u0131 \u00fcr\u00fcnler fuar alan\u0131nda ziyaret\u00e7ileri i\u00e7in haz\u0131rland\u0131. 4. Helal ve Sa\u011fl\u0131kl\u0131 \u00dcr\u00fcnler G\u0131da Fuar\u0131na yurt i\u00e7i ve yurt d\u0131\u015f\u0131ndan 20 bin ziyaret\u00e7i bekleniyor."}