{"version":"1.0","provider_name":"The Epoch Times TR","provider_url":"https:\/\/epochtimestr.com","author_name":"C.Karatas","author_url":"https:\/\/epochtimestr.com\/index.php\/author\/c-karatas","title":"Hong Kong, Uluslararas\u0131 Bas\u0131n Organizasyonu Taraf\u0131ndan Uyar\u0131ld\u0131 - The Epoch Times TR","type":"rich","width":600,"height":338,"html":"<blockquote class=\"wp-embedded-content\" data-secret=\"S55PmIlOOn\"><a href=\"https:\/\/epochtimestr.com\/index.php\/hong-kong-uluslararasi-basin-organizasyonu-tarafindan-uyarildi\">Hong Kong, Uluslararas\u0131 Bas\u0131n Organizasyonu Taraf\u0131ndan Uyar\u0131ld\u0131<\/a><\/blockquote><iframe sandbox=\"allow-scripts\" security=\"restricted\" src=\"https:\/\/epochtimestr.com\/index.php\/hong-kong-uluslararasi-basin-organizasyonu-tarafindan-uyarildi\/embed#?secret=S55PmIlOOn\" width=\"600\" height=\"338\" title=\"&#8220;Hong Kong, Uluslararas\u0131 Bas\u0131n Organizasyonu Taraf\u0131ndan Uyar\u0131ld\u0131&#8221; &#8212; The Epoch Times TR\" data-secret=\"S55PmIlOOn\" frameborder=\"0\" marginwidth=\"0\" marginheight=\"0\" scrolling=\"no\" class=\"wp-embedded-content\"><\/iframe><script type=\"text\/javascript\">\n\/* <![CDATA[ *\/\n\/*! This file is auto-generated *\/\n!function(d,l){\"use strict\";l.querySelector&&d.addEventListener&&\"undefined\"!=typeof URL&&(d.wp=d.wp||{},d.wp.receiveEmbedMessage||(d.wp.receiveEmbedMessage=function(e){var t=e.data;if((t||t.secret||t.message||t.value)&&!\/[^a-zA-Z0-9]\/.test(t.secret)){for(var s,r,n,a=l.querySelectorAll('iframe[data-secret=\"'+t.secret+'\"]'),o=l.querySelectorAll('blockquote[data-secret=\"'+t.secret+'\"]'),c=new RegExp(\"^https?:$\",\"i\"),i=0;i<o.length;i++)o[i].style.display=\"none\";for(i=0;i<a.length;i++)s=a[i],e.source===s.contentWindow&&(s.removeAttribute(\"style\"),\"height\"===t.message?(1e3<(r=parseInt(t.value,10))?r=1e3:~~r<200&&(r=200),s.height=r):\"link\"===t.message&&(r=new URL(s.getAttribute(\"src\")),n=new URL(t.value),c.test(n.protocol))&&n.host===r.host&&l.activeElement===s&&(d.top.location.href=t.value))}},d.addEventListener(\"message\",d.wp.receiveEmbedMessage,!1),l.addEventListener(\"DOMContentLoaded\",function(){for(var e,t,s=l.querySelectorAll(\"iframe.wp-embedded-content\"),r=0;r<s.length;r++)(t=(e=s[r]).getAttribute(\"data-secret\"))||(t=Math.random().toString(36).substring(2,12),e.src+=\"#?secret=\"+t,e.setAttribute(\"data-secret\",t)),e.contentWindow.postMessage({message:\"ready\",secret:t},\"*\")},!1)))}(window,document);\n\/* ]]> *\/\n<\/script>\n","thumbnail_url":"https:\/\/epochtimestr.com\/wp-content\/uploads\/2011y\/hongK-676x450.jpg","thumbnail_width":448,"thumbnail_height":298,"description":"PAR\u0130S\u2014Ana Merkezi Paris\u2019te bulunan \u2018S\u0131n\u0131r Tan\u0131mayan Gazeteciler\u2019 \u00f6rg\u00fct\u00fcn\u00fcn yapt\u0131\u011f\u0131 s\u0131ralamaya g\u00f6re bas\u0131n \u00f6zg\u00fcrl\u00fc\u011f\u00fcnde ge\u00e7en y\u0131l 12. s\u0131rada yer alan Hong Kong, bu y\u0131l ciddi bir d\u00fc\u015f\u00fc\u015f kaydederek 58. s\u0131raya geriledi. \u00d6rg\u00fct, Hong Kong\u2019da bas\u0131n \u00f6zg\u00fcrl\u00fc\u011f\u00fcn\u00fcn daha da k\u00f6t\u00fcle\u015fece\u011finden endi\u015fe duydu\u011funu belirtti. Bas\u0131n \u00f6zg\u00fcrl\u00fc\u011f\u00fc konusunda gerilemenin nedenlerinden biri \u00c7in Kom\u00fcnist Partisi\u2019nin Epoch Times gazetesine yapt\u0131\u011f\u0131 tacizler. [&hellip;]"}