{"version":"1.0","provider_name":"The Epoch Times TR","provider_url":"https:\/\/epochtimestr.com","author_name":"S.\u015eener","author_url":"https:\/\/epochtimestr.com\/index.php\/author\/semra","title":"\u0130fade Edici Dil (ELD) Problemi Olan \u00c7ocuklar\u0131n E\u011fitimi - The Epoch Times TR","type":"rich","width":600,"height":338,"html":"<blockquote class=\"wp-embedded-content\" data-secret=\"IujYvwAV4C\"><a href=\"https:\/\/epochtimestr.com\/index.php\/ifade-edici-dil-eld-problemi-olan-cocuklarin-egitimi\">\u0130fade Edici Dil  (ELD) Problemi Olan \u00c7ocuklar\u0131n E\u011fitimi<\/a><\/blockquote><iframe sandbox=\"allow-scripts\" security=\"restricted\" src=\"https:\/\/epochtimestr.com\/index.php\/ifade-edici-dil-eld-problemi-olan-cocuklarin-egitimi\/embed#?secret=IujYvwAV4C\" width=\"600\" height=\"338\" title=\"&#8220;\u0130fade Edici Dil  (ELD) Problemi Olan \u00c7ocuklar\u0131n E\u011fitimi&#8221; &#8212; The Epoch Times TR\" data-secret=\"IujYvwAV4C\" frameborder=\"0\" marginwidth=\"0\" marginheight=\"0\" scrolling=\"no\" class=\"wp-embedded-content\"><\/iframe><script type=\"text\/javascript\">\n\/* <![CDATA[ *\/\n\/*! This file is auto-generated *\/\n!function(d,l){\"use strict\";l.querySelector&&d.addEventListener&&\"undefined\"!=typeof URL&&(d.wp=d.wp||{},d.wp.receiveEmbedMessage||(d.wp.receiveEmbedMessage=function(e){var t=e.data;if((t||t.secret||t.message||t.value)&&!\/[^a-zA-Z0-9]\/.test(t.secret)){for(var s,r,n,a=l.querySelectorAll('iframe[data-secret=\"'+t.secret+'\"]'),o=l.querySelectorAll('blockquote[data-secret=\"'+t.secret+'\"]'),c=new RegExp(\"^https?:$\",\"i\"),i=0;i<o.length;i++)o[i].style.display=\"none\";for(i=0;i<a.length;i++)s=a[i],e.source===s.contentWindow&&(s.removeAttribute(\"style\"),\"height\"===t.message?(1e3<(r=parseInt(t.value,10))?r=1e3:~~r<200&&(r=200),s.height=r):\"link\"===t.message&&(r=new URL(s.getAttribute(\"src\")),n=new URL(t.value),c.test(n.protocol))&&n.host===r.host&&l.activeElement===s&&(d.top.location.href=t.value))}},d.addEventListener(\"message\",d.wp.receiveEmbedMessage,!1),l.addEventListener(\"DOMContentLoaded\",function(){for(var e,t,s=l.querySelectorAll(\"iframe.wp-embedded-content\"),r=0;r<s.length;r++)(t=(e=s[r]).getAttribute(\"data-secret\"))||(t=Math.random().toString(36).substring(2,12),e.src+=\"#?secret=\"+t,e.setAttribute(\"data-secret\",t)),e.contentWindow.postMessage({message:\"ready\",secret:t},\"*\")},!1)))}(window,document);\n\/* ]]> *\/\n<\/script>\n","thumbnail_url":"https:\/\/epochtimestr.com\/wp-content\/uploads\/2011y\/eld-6-ya\u015f1.jpg","thumbnail_width":500,"thumbnail_height":229,"description":"\u0130fade Edici Dil\u00a0 (ELD) Problemi Olan \u00c7ocuklar\u0131n E\u011fitimi Ge\u00e7 konu\u015fan\u00a0 veya konu\u015fmada zorluk \u00e7eken \u00e7ocuklar\u0131n sorunu \u00e7o\u011funlukla biyolojiktir. A\u011f\u0131z-motor bozukluklar, orta kulak iltihab\u0131ndan kaynaklanan duyma problemleri, genetik problemler ifade edici konu\u015fma sorununa sebep olabilir. \u00c7ocuklar jest mimik ve s\u00f6zel olmayan \u015fekilde ileti\u015fim ihtiyac\u0131n\u0131 gidermeye \u00e7al\u0131\u015f\u0131r. Ebeveynler de \u00e7ocu\u011fu anlad\u0131klar\u0131 i\u00e7in bu ihtiyaca kar\u015f\u0131l\u0131k verirler. \u00c7ocuk [&hellip;]"}