{"version":"1.0","provider_name":"The Epoch Times TR","provider_url":"https:\/\/epochtimestr.com","author_name":"Haber Merkezi","author_url":"https:\/\/epochtimestr.com\/index.php\/author\/sendag","title":"\u0130mamo\u011flu'na Sand\u0131kl\u0131 \u0130l\u00e7esi'nden B\u00fcy\u00fck \u0130lgi - The Epoch Times TR","type":"rich","width":600,"height":338,"html":"<blockquote class=\"wp-embedded-content\" data-secret=\"vE0lRgCjvG\"><a href=\"https:\/\/epochtimestr.com\/index.php\/imamogluna-sandikli-ilcesiden-buyuk-ilgi\">\u0130mamo\u011flu&#8217;na Sand\u0131kl\u0131 \u0130l\u00e7esi&#8217;nden B\u00fcy\u00fck \u0130lgi<\/a><\/blockquote><iframe sandbox=\"allow-scripts\" security=\"restricted\" src=\"https:\/\/epochtimestr.com\/index.php\/imamogluna-sandikli-ilcesiden-buyuk-ilgi\/embed#?secret=vE0lRgCjvG\" width=\"600\" height=\"338\" title=\"&#8220;\u0130mamo\u011flu&#8217;na Sand\u0131kl\u0131 \u0130l\u00e7esi&#8217;nden B\u00fcy\u00fck \u0130lgi&#8221; &#8212; The Epoch Times TR\" data-secret=\"vE0lRgCjvG\" frameborder=\"0\" marginwidth=\"0\" marginheight=\"0\" scrolling=\"no\" class=\"wp-embedded-content\"><\/iframe><script type=\"text\/javascript\">\n\/* <![CDATA[ *\/\n\/*! This file is auto-generated *\/\n!function(d,l){\"use strict\";l.querySelector&&d.addEventListener&&\"undefined\"!=typeof URL&&(d.wp=d.wp||{},d.wp.receiveEmbedMessage||(d.wp.receiveEmbedMessage=function(e){var t=e.data;if((t||t.secret||t.message||t.value)&&!\/[^a-zA-Z0-9]\/.test(t.secret)){for(var s,r,n,a=l.querySelectorAll('iframe[data-secret=\"'+t.secret+'\"]'),o=l.querySelectorAll('blockquote[data-secret=\"'+t.secret+'\"]'),c=new RegExp(\"^https?:$\",\"i\"),i=0;i<o.length;i++)o[i].style.display=\"none\";for(i=0;i<a.length;i++)s=a[i],e.source===s.contentWindow&&(s.removeAttribute(\"style\"),\"height\"===t.message?(1e3<(r=parseInt(t.value,10))?r=1e3:~~r<200&&(r=200),s.height=r):\"link\"===t.message&&(r=new URL(s.getAttribute(\"src\")),n=new URL(t.value),c.test(n.protocol))&&n.host===r.host&&l.activeElement===s&&(d.top.location.href=t.value))}},d.addEventListener(\"message\",d.wp.receiveEmbedMessage,!1),l.addEventListener(\"DOMContentLoaded\",function(){for(var e,t,s=l.querySelectorAll(\"iframe.wp-embedded-content\"),r=0;r<s.length;r++)(t=(e=s[r]).getAttribute(\"data-secret\"))||(t=Math.random().toString(36).substring(2,12),e.src+=\"#?secret=\"+t,e.setAttribute(\"data-secret\",t)),e.contentWindow.postMessage({message:\"ready\",secret:t},\"*\")},!1)))}(window,document);\n\/* ]]> *\/\n<\/script>\n","thumbnail_url":"https:\/\/epochtimestr.com\/wp-content\/uploads\/2011y\/Ekrem_Imamoglu_.png","thumbnail_width":803,"thumbnail_height":575,"description":"\u0130stanbul B\u00fcy\u00fck\u015fehir Belediye (IBB) Ba\u015fkan\u0131 Ekrem \u0130mamo\u011flu, Afyonkarahisar Sand\u0131kl\u0131 il\u00e7esi&#8217;nde d\u00fczenlenen programa kat\u0131ld\u0131. Sand\u0131kl\u0131 il\u00e7esi, Serikli k\u00f6y\u00fcnde d\u00fczenlenen, Sar\u0131 Sel\u00e7ik Dede&#8217;yi anma program\u0131na kat\u0131lan \u0130mamo\u011flu, CHP lideri Kemal K\u0131l\u0131\u00e7daro\u011flu hakk\u0131nda konu\u015ftu. \u0130mamo\u011flu, \u201cBu g\u00fczel ba\u015far\u0131y\u0131 konu\u015fuyorsak, onun ho\u015fg\u00f6r\u00fcs\u00fc ile g\u00fczel ahlak\u0131 ile derin bir siyaset m\u00fchendisli\u011fi ile bize bu ba\u015far\u0131n\u0131n \u00f6n\u00fcn\u00fc a\u00e7an Kemal K\u0131l\u0131\u00e7daro\u011flu\u2019dur. Ona [&hellip;]"}