{"version":"1.0","provider_name":"The Epoch Times TR","provider_url":"https:\/\/epochtimestr.com","author_name":"Haber Merkezi","author_url":"https:\/\/epochtimestr.com\/index.php\/author\/sendag","title":"\u0130ngilltere\u2019de Demir Yolu \u0130\u015f\u00e7ileri Yeni Grevlere Haz\u0131rlan\u0131yor - The Epoch Times TR","type":"rich","width":600,"height":338,"html":"<blockquote class=\"wp-embedded-content\" data-secret=\"btebHk3QLL\"><a href=\"https:\/\/epochtimestr.com\/index.php\/ingillterede-demir-yolu-iscileri-yeni-grevlere-hazirlaniyor\">\u0130ngilltere\u2019de Demir Yolu \u0130\u015f\u00e7ileri Yeni Grevlere Haz\u0131rlan\u0131yor<\/a><\/blockquote><iframe sandbox=\"allow-scripts\" security=\"restricted\" src=\"https:\/\/epochtimestr.com\/index.php\/ingillterede-demir-yolu-iscileri-yeni-grevlere-hazirlaniyor\/embed#?secret=btebHk3QLL\" width=\"600\" height=\"338\" title=\"&#8220;\u0130ngilltere\u2019de Demir Yolu \u0130\u015f\u00e7ileri Yeni Grevlere Haz\u0131rlan\u0131yor&#8221; &#8212; The Epoch Times TR\" data-secret=\"btebHk3QLL\" frameborder=\"0\" marginwidth=\"0\" marginheight=\"0\" scrolling=\"no\" class=\"wp-embedded-content\"><\/iframe><script type=\"text\/javascript\">\n\/* <![CDATA[ *\/\n\/*! This file is auto-generated *\/\n!function(d,l){\"use strict\";l.querySelector&&d.addEventListener&&\"undefined\"!=typeof URL&&(d.wp=d.wp||{},d.wp.receiveEmbedMessage||(d.wp.receiveEmbedMessage=function(e){var t=e.data;if((t||t.secret||t.message||t.value)&&!\/[^a-zA-Z0-9]\/.test(t.secret)){for(var s,r,n,a=l.querySelectorAll('iframe[data-secret=\"'+t.secret+'\"]'),o=l.querySelectorAll('blockquote[data-secret=\"'+t.secret+'\"]'),c=new RegExp(\"^https?:$\",\"i\"),i=0;i<o.length;i++)o[i].style.display=\"none\";for(i=0;i<a.length;i++)s=a[i],e.source===s.contentWindow&&(s.removeAttribute(\"style\"),\"height\"===t.message?(1e3<(r=parseInt(t.value,10))?r=1e3:~~r<200&&(r=200),s.height=r):\"link\"===t.message&&(r=new URL(s.getAttribute(\"src\")),n=new URL(t.value),c.test(n.protocol))&&n.host===r.host&&l.activeElement===s&&(d.top.location.href=t.value))}},d.addEventListener(\"message\",d.wp.receiveEmbedMessage,!1),l.addEventListener(\"DOMContentLoaded\",function(){for(var e,t,s=l.querySelectorAll(\"iframe.wp-embedded-content\"),r=0;r<s.length;r++)(t=(e=s[r]).getAttribute(\"data-secret\"))||(t=Math.random().toString(36).substring(2,12),e.src+=\"#?secret=\"+t,e.setAttribute(\"data-secret\",t)),e.contentWindow.postMessage({message:\"ready\",secret:t},\"*\")},!1)))}(window,document);\n\/* ]]> *\/\n<\/script>\n","thumbnail_url":"https:\/\/epochtimestr.com\/wp-content\/uploads\/2011y\/large_rg.png","thumbnail_width":800,"thumbnail_height":531,"description":"RMT sendikas\u0131, 26 A\u011fustos ve 2 Eyl\u00fcl i\u00e7in yeni grev kararlar\u0131 ald\u0131, 20 bin demir yolu i\u015f\u00e7isi i\u015f b\u0131rakacak. \u0130ngiltere\u2019de uzun zamand\u0131r insanca ya\u015fanacak \u00fccret i\u00e7in m\u00fccadele veren Demiryolu \u0130\u015f\u00e7ileri Sendikas\u0131 (RMT), 14 ayr\u0131 \u00f6zel \u015firketle yapt\u0131\u011f\u0131 g\u00f6r\u00fc\u015fmelerden sonu\u00e7 alamay\u0131nca yeni grev kararlar\u0131 ald\u0131. 26 A\u011fustos ve 2 Eyl\u00fcl g\u00fcnlerinde 20 bin demir yolu i\u015f\u00e7isi [&hellip;]"}