{"version":"1.0","provider_name":"The Epoch Times TR","provider_url":"https:\/\/epochtimestr.com","author_name":"D.Alk\u0131n","author_url":"https:\/\/epochtimestr.com\/index.php\/author\/derya","title":"\u0130ngiltere \u0130\u015f\u00e7i Partisi, Bug\u00fcn Liderini Se\u00e7ecek - The Epoch Times TR","type":"rich","width":600,"height":338,"html":"<blockquote class=\"wp-embedded-content\" data-secret=\"ft6RIP3ZSj\"><a href=\"https:\/\/epochtimestr.com\/index.php\/ingiltere-isci-partisi-bugun-liderini-sececek\">\u0130ngiltere \u0130\u015f\u00e7i Partisi, Bug\u00fcn Liderini Se\u00e7ecek<\/a><\/blockquote><iframe sandbox=\"allow-scripts\" security=\"restricted\" src=\"https:\/\/epochtimestr.com\/index.php\/ingiltere-isci-partisi-bugun-liderini-sececek\/embed#?secret=ft6RIP3ZSj\" width=\"600\" height=\"338\" title=\"&#8220;\u0130ngiltere \u0130\u015f\u00e7i Partisi, Bug\u00fcn Liderini Se\u00e7ecek&#8221; &#8212; The Epoch Times TR\" data-secret=\"ft6RIP3ZSj\" frameborder=\"0\" marginwidth=\"0\" marginheight=\"0\" scrolling=\"no\" class=\"wp-embedded-content\"><\/iframe><script type=\"text\/javascript\">\n\/* <![CDATA[ *\/\n\/*! This file is auto-generated *\/\n!function(d,l){\"use strict\";l.querySelector&&d.addEventListener&&\"undefined\"!=typeof URL&&(d.wp=d.wp||{},d.wp.receiveEmbedMessage||(d.wp.receiveEmbedMessage=function(e){var t=e.data;if((t||t.secret||t.message||t.value)&&!\/[^a-zA-Z0-9]\/.test(t.secret)){for(var s,r,n,a=l.querySelectorAll('iframe[data-secret=\"'+t.secret+'\"]'),o=l.querySelectorAll('blockquote[data-secret=\"'+t.secret+'\"]'),c=new RegExp(\"^https?:$\",\"i\"),i=0;i<o.length;i++)o[i].style.display=\"none\";for(i=0;i<a.length;i++)s=a[i],e.source===s.contentWindow&&(s.removeAttribute(\"style\"),\"height\"===t.message?(1e3<(r=parseInt(t.value,10))?r=1e3:~~r<200&&(r=200),s.height=r):\"link\"===t.message&&(r=new URL(s.getAttribute(\"src\")),n=new URL(t.value),c.test(n.protocol))&&n.host===r.host&&l.activeElement===s&&(d.top.location.href=t.value))}},d.addEventListener(\"message\",d.wp.receiveEmbedMessage,!1),l.addEventListener(\"DOMContentLoaded\",function(){for(var e,t,s=l.querySelectorAll(\"iframe.wp-embedded-content\"),r=0;r<s.length;r++)(t=(e=s[r]).getAttribute(\"data-secret\"))||(t=Math.random().toString(36).substring(2,12),e.src+=\"#?secret=\"+t,e.setAttribute(\"data-secret\",t)),e.contentWindow.postMessage({message:\"ready\",secret:t},\"*\")},!1)))}(window,document);\n\/* ]]> *\/\n<\/script>\n","description":"LONDRA&#8211;\u0130ngiltere&#8217;de \u0130\u015f\u00e7i Partisi i\u00e7in aylard\u0131r s\u00fcren liderlik yar\u0131\u015f\u0131 bug\u00fcn son buluyor. Manchester \u015fehrinde toplanan delegeler bug\u00fcn parti liderini se\u00e7ecek. Miliband karde\u015fler aras\u0131nda ge\u00e7en liderlik yar\u0131\u015f\u0131n\u0131 kimin kazanaca\u011f\u0131 bug\u00fcn netlik kazanacak. Parti yetkililerine g\u00f6re, liderlik yar\u0131\u015f\u0131n\u0131 kimin kazanaca\u011f\u0131 son ana kadar belirsizli\u011fini koruyacak. David ve Ed Miliband karde\u015fler aras\u0131nda ge\u00e7en yar\u0131\u015fta David Miliband&#8217;\u0131n \u00e7ok az farkla [&hellip;]","thumbnail_url":"http:\/\/www.epochtimestr.com\/wp-content\/uploads\/2010\/agustos\/1512435_p-150x150.jpg"}