{"version":"1.0","provider_name":"The Epoch Times TR","provider_url":"https:\/\/epochtimestr.com","author_name":"Dila \u015eeng\u00fcl","author_url":"https:\/\/epochtimestr.com\/index.php\/author\/dila","title":"\u0130ngiltere Krali\u00e7esi 2.Elizabeth Tahtta 65. Y\u0131l\u0131n\u0131 Ald\u0131 - The Epoch Times TR","type":"rich","width":600,"height":338,"html":"<blockquote class=\"wp-embedded-content\" data-secret=\"EISC6efPq6\"><a href=\"https:\/\/epochtimestr.com\/index.php\/ingiltere-kralicesi-2-elizabeth-tahtta-65-yilini-aldi\">\u0130ngiltere Krali\u00e7esi 2.Elizabeth Tahtta 65. Y\u0131l\u0131n\u0131 Ald\u0131<\/a><\/blockquote><iframe sandbox=\"allow-scripts\" security=\"restricted\" src=\"https:\/\/epochtimestr.com\/index.php\/ingiltere-kralicesi-2-elizabeth-tahtta-65-yilini-aldi\/embed#?secret=EISC6efPq6\" width=\"600\" height=\"338\" title=\"&#8220;\u0130ngiltere Krali\u00e7esi 2.Elizabeth Tahtta 65. Y\u0131l\u0131n\u0131 Ald\u0131&#8221; &#8212; The Epoch Times TR\" data-secret=\"EISC6efPq6\" frameborder=\"0\" marginwidth=\"0\" marginheight=\"0\" scrolling=\"no\" class=\"wp-embedded-content\"><\/iframe><script type=\"text\/javascript\">\n\/* <![CDATA[ *\/\n\/*! This file is auto-generated *\/\n!function(d,l){\"use strict\";l.querySelector&&d.addEventListener&&\"undefined\"!=typeof URL&&(d.wp=d.wp||{},d.wp.receiveEmbedMessage||(d.wp.receiveEmbedMessage=function(e){var t=e.data;if((t||t.secret||t.message||t.value)&&!\/[^a-zA-Z0-9]\/.test(t.secret)){for(var s,r,n,a=l.querySelectorAll('iframe[data-secret=\"'+t.secret+'\"]'),o=l.querySelectorAll('blockquote[data-secret=\"'+t.secret+'\"]'),c=new RegExp(\"^https?:$\",\"i\"),i=0;i<o.length;i++)o[i].style.display=\"none\";for(i=0;i<a.length;i++)s=a[i],e.source===s.contentWindow&&(s.removeAttribute(\"style\"),\"height\"===t.message?(1e3<(r=parseInt(t.value,10))?r=1e3:~~r<200&&(r=200),s.height=r):\"link\"===t.message&&(r=new URL(s.getAttribute(\"src\")),n=new URL(t.value),c.test(n.protocol))&&n.host===r.host&&l.activeElement===s&&(d.top.location.href=t.value))}},d.addEventListener(\"message\",d.wp.receiveEmbedMessage,!1),l.addEventListener(\"DOMContentLoaded\",function(){for(var e,t,s=l.querySelectorAll(\"iframe.wp-embedded-content\"),r=0;r<s.length;r++)(t=(e=s[r]).getAttribute(\"data-secret\"))||(t=Math.random().toString(36).substring(2,12),e.src+=\"#?secret=\"+t,e.setAttribute(\"data-secret\",t)),e.contentWindow.postMessage({message:\"ready\",secret:t},\"*\")},!1)))}(window,document);\n\/* ]]> *\/\n<\/script>\n","thumbnail_url":"https:\/\/epochtimestr.com\/wp-content\/uploads\/2011y\/1928765.jpg","thumbnail_width":664,"thumbnail_height":354,"description":"\u0130ngiltere Krali\u00e7esi 2. Elizabeth tahtta 65. y\u0131l\u0131n\u0131 doldurdu. Elizabeth, \u2018Safir J\u00fcbilesi\u2019 olarak adland\u0131r\u0131lan y\u0131ld\u00f6n\u00fcm\u00fc i\u00e7in kutlama istemedi. Hem d\u00fcnya \u00fczerinde halen tahtta olanlar aras\u0131nda hem de \u0130ngiltere Kraliyet taht\u0131nda en uzun s\u00fcre kalma \u00fcnvan\u0131n\u0131 alan Elizabeth, \u2018Safir J\u00fcbilesi\u2019 olarak adland\u0131r\u0131lan y\u0131ld\u00f6n\u00fcm\u00fc i\u00e7in kutlama istemedi. Bug\u00fcn ayn\u0131 zamanda 2.Elizabeth\u2019in babas\u0131 Kral 4. George\u2019un \u00f6l\u00fcm y\u0131ld\u00f6n\u00fcm\u00fcne denk [&hellip;]"}