{"version":"1.0","provider_name":"The Epoch Times TR","provider_url":"https:\/\/epochtimestr.com","author_name":"S. \u00d6zcan","author_url":"https:\/\/epochtimestr.com\/index.php\/author\/n-kaya","title":"Irak Ordusu I\u015e\u0130D'e Kar\u015f\u0131 Operasyon Ba\u015flatt\u0131 - The Epoch Times TR","type":"rich","width":600,"height":338,"html":"<blockquote class=\"wp-embedded-content\" data-secret=\"C8CgtzjCGP\"><a href=\"https:\/\/epochtimestr.com\/index.php\/irak-ordusu-iside-karsi-operasyon-baslatti\">Irak Ordusu I\u015e\u0130D&#8217;e Kar\u015f\u0131 Operasyon Ba\u015flatt\u0131<\/a><\/blockquote><iframe sandbox=\"allow-scripts\" security=\"restricted\" src=\"https:\/\/epochtimestr.com\/index.php\/irak-ordusu-iside-karsi-operasyon-baslatti\/embed#?secret=C8CgtzjCGP\" width=\"600\" height=\"338\" title=\"&#8220;Irak Ordusu I\u015e\u0130D&#8217;e Kar\u015f\u0131 Operasyon Ba\u015flatt\u0131&#8221; &#8212; The Epoch Times TR\" data-secret=\"C8CgtzjCGP\" frameborder=\"0\" marginwidth=\"0\" marginheight=\"0\" scrolling=\"no\" class=\"wp-embedded-content\"><\/iframe><script type=\"text\/javascript\">\n\/* <![CDATA[ *\/\n\/*! This file is auto-generated *\/\n!function(d,l){\"use strict\";l.querySelector&&d.addEventListener&&\"undefined\"!=typeof URL&&(d.wp=d.wp||{},d.wp.receiveEmbedMessage||(d.wp.receiveEmbedMessage=function(e){var t=e.data;if((t||t.secret||t.message||t.value)&&!\/[^a-zA-Z0-9]\/.test(t.secret)){for(var s,r,n,a=l.querySelectorAll('iframe[data-secret=\"'+t.secret+'\"]'),o=l.querySelectorAll('blockquote[data-secret=\"'+t.secret+'\"]'),c=new RegExp(\"^https?:$\",\"i\"),i=0;i<o.length;i++)o[i].style.display=\"none\";for(i=0;i<a.length;i++)s=a[i],e.source===s.contentWindow&&(s.removeAttribute(\"style\"),\"height\"===t.message?(1e3<(r=parseInt(t.value,10))?r=1e3:~~r<200&&(r=200),s.height=r):\"link\"===t.message&&(r=new URL(s.getAttribute(\"src\")),n=new URL(t.value),c.test(n.protocol))&&n.host===r.host&&l.activeElement===s&&(d.top.location.href=t.value))}},d.addEventListener(\"message\",d.wp.receiveEmbedMessage,!1),l.addEventListener(\"DOMContentLoaded\",function(){for(var e,t,s=l.querySelectorAll(\"iframe.wp-embedded-content\"),r=0;r<s.length;r++)(t=(e=s[r]).getAttribute(\"data-secret\"))||(t=Math.random().toString(36).substring(2,12),e.src+=\"#?secret=\"+t,e.setAttribute(\"data-secret\",t)),e.contentWindow.postMessage({message:\"ready\",secret:t},\"*\")},!1)))}(window,document);\n\/* ]]> *\/\n<\/script>\n","thumbnail_url":"https:\/\/epochtimestr.com\/wp-content\/uploads\/2011y\/iraktan-iside-askeri-operasyon-542282-664x354.jpg","thumbnail_width":500,"thumbnail_height":266,"description":"Irak ordusu, I\u015e\u0130D\u2019in kontrol\u00fc alt\u0131nda bulunan Saddam H\u00fcseyin&#8217;in memleketi Tikrit\u2019i geri almak i\u00e7in operasyon ba\u015flatt\u0131. Irak Ba\u015fbakan\u0131 Haydar el Abadi, ordu kumandanlar\u0131yla yapt\u0131\u011f\u0131 g\u00f6r\u00fc\u015fmede Selahaddin vilayetinin ba\u015fkenti Tikrit\u2019in geri al\u0131nmas\u0131na y\u00f6nelik operasyonun planlar\u0131n\u0131 inceledikten sonra ba\u015flamas\u0131 i\u00e7in d\u00fc\u011fmeye bast\u0131. Operasyonun, ABD liderli\u011findeki koalisyon taraf\u0131ndan hava sald\u0131r\u0131lar\u0131yla desteklenece\u011fi ve Tikrit\u2019teki halka operasyon \u00f6ncesinde kenti bo\u015faltmalar\u0131 i\u00e7in [&hellip;]"}