{"version":"1.0","provider_name":"The Epoch Times TR","provider_url":"https:\/\/epochtimestr.com","author_name":"\u00c7.Akdeniz","author_url":"https:\/\/epochtimestr.com\/index.php\/author\/cigdem","title":"Irak Sava\u015f\u0131 Bitti - The Epoch Times TR","type":"rich","width":600,"height":338,"html":"<blockquote class=\"wp-embedded-content\" data-secret=\"V8XGQsZ88L\"><a href=\"https:\/\/epochtimestr.com\/index.php\/irak-savasinin-bittigi-aciklandi-yeni-donem-basliyor\">Irak Sava\u015f\u0131 Bitti<\/a><\/blockquote><iframe sandbox=\"allow-scripts\" security=\"restricted\" src=\"https:\/\/epochtimestr.com\/index.php\/irak-savasinin-bittigi-aciklandi-yeni-donem-basliyor\/embed#?secret=V8XGQsZ88L\" width=\"600\" height=\"338\" title=\"&#8220;Irak Sava\u015f\u0131 Bitti&#8221; &#8212; The Epoch Times TR\" data-secret=\"V8XGQsZ88L\" frameborder=\"0\" marginwidth=\"0\" marginheight=\"0\" scrolling=\"no\" class=\"wp-embedded-content\"><\/iframe><script type=\"text\/javascript\">\n\/* <![CDATA[ *\/\n\/*! This file is auto-generated *\/\n!function(d,l){\"use strict\";l.querySelector&&d.addEventListener&&\"undefined\"!=typeof URL&&(d.wp=d.wp||{},d.wp.receiveEmbedMessage||(d.wp.receiveEmbedMessage=function(e){var t=e.data;if((t||t.secret||t.message||t.value)&&!\/[^a-zA-Z0-9]\/.test(t.secret)){for(var s,r,n,a=l.querySelectorAll('iframe[data-secret=\"'+t.secret+'\"]'),o=l.querySelectorAll('blockquote[data-secret=\"'+t.secret+'\"]'),c=new RegExp(\"^https?:$\",\"i\"),i=0;i<o.length;i++)o[i].style.display=\"none\";for(i=0;i<a.length;i++)s=a[i],e.source===s.contentWindow&&(s.removeAttribute(\"style\"),\"height\"===t.message?(1e3<(r=parseInt(t.value,10))?r=1e3:~~r<200&&(r=200),s.height=r):\"link\"===t.message&&(r=new URL(s.getAttribute(\"src\")),n=new URL(t.value),c.test(n.protocol))&&n.host===r.host&&l.activeElement===s&&(d.top.location.href=t.value))}},d.addEventListener(\"message\",d.wp.receiveEmbedMessage,!1),l.addEventListener(\"DOMContentLoaded\",function(){for(var e,t,s=l.querySelectorAll(\"iframe.wp-embedded-content\"),r=0;r<s.length;r++)(t=(e=s[r]).getAttribute(\"data-secret\"))||(t=Math.random().toString(36).substring(2,12),e.src+=\"#?secret=\"+t,e.setAttribute(\"data-secret\",t)),e.contentWindow.postMessage({message:\"ready\",secret:t},\"*\")},!1)))}(window,document);\n\/* ]]> *\/\n<\/script>\n","description":"Irak Sava\u015f\u0131 Bitti Irak Sava\u015f\u0131 resmen bitti Sekiz y\u0131l \u00f6nce ba\u015flayan Irak sava\u015f\u0131n\u0131n bitti\u011fi Amerika ordusu taraf\u0131ndan a\u00e7\u0131kland\u0131. Savunma Bakan\u0131 Leon Panetta, Irak\u2019ta sava\u015fs\u0131z yeni bir d\u00f6nemin ba\u015flad\u0131\u011f\u0131n\u0131 belirtti. Ba\u011fdat havaalan\u0131 yak\u0131n\u0131nda d\u00fczenlenen k\u00fc\u00e7\u00fck \u00e7apl\u0131 bir seremonide Penetta, Amerikan askerlerine ve g\u00fcvenlik g\u00f6revlilerine Saddam H\u00fcseyin\u2019e kar\u015f\u0131 yap\u0131lan bu sava\u015fta g\u00f6sterilen \u00e7abaya kar\u015f\u0131 takdirlerini belirtti. T\u00f6renle [&hellip;]","thumbnail_url":"http:\/\/epochtimestr.com\/wp-content\/uploads\/2011y\/Irak-ABD-geri-\u00e7ekilme.jpg"}