{"version":"1.0","provider_name":"The Epoch Times TR","provider_url":"https:\/\/epochtimestr.com","author_name":"S. \u00d6zcan","author_url":"https:\/\/epochtimestr.com\/index.php\/author\/n-kaya","title":"Irak'\u0131n Ba\u015fkenti Ba\u011fdat'ta 16 T\u00fcrk \u0130\u015f\u00e7i Ka\u00e7\u0131r\u0131ld\u0131 - The Epoch Times TR","type":"rich","width":600,"height":338,"html":"<blockquote class=\"wp-embedded-content\" data-secret=\"gTHMc8jtYS\"><a href=\"https:\/\/epochtimestr.com\/index.php\/irakin-baskenti-bagdatta-16-turk-isci-kacirildi\">Irak&#8217;\u0131n Ba\u015fkenti Ba\u011fdat&#8217;ta 16 T\u00fcrk \u0130\u015f\u00e7i Ka\u00e7\u0131r\u0131ld\u0131<\/a><\/blockquote><iframe sandbox=\"allow-scripts\" security=\"restricted\" src=\"https:\/\/epochtimestr.com\/index.php\/irakin-baskenti-bagdatta-16-turk-isci-kacirildi\/embed#?secret=gTHMc8jtYS\" width=\"600\" height=\"338\" title=\"&#8220;Irak&#8217;\u0131n Ba\u015fkenti Ba\u011fdat&#8217;ta 16 T\u00fcrk \u0130\u015f\u00e7i Ka\u00e7\u0131r\u0131ld\u0131&#8221; &#8212; The Epoch Times TR\" data-secret=\"gTHMc8jtYS\" frameborder=\"0\" marginwidth=\"0\" marginheight=\"0\" scrolling=\"no\" class=\"wp-embedded-content\"><\/iframe><script type=\"text\/javascript\">\n\/* <![CDATA[ *\/\n\/*! This file is auto-generated *\/\n!function(d,l){\"use strict\";l.querySelector&&d.addEventListener&&\"undefined\"!=typeof URL&&(d.wp=d.wp||{},d.wp.receiveEmbedMessage||(d.wp.receiveEmbedMessage=function(e){var t=e.data;if((t||t.secret||t.message||t.value)&&!\/[^a-zA-Z0-9]\/.test(t.secret)){for(var s,r,n,a=l.querySelectorAll('iframe[data-secret=\"'+t.secret+'\"]'),o=l.querySelectorAll('blockquote[data-secret=\"'+t.secret+'\"]'),c=new RegExp(\"^https?:$\",\"i\"),i=0;i<o.length;i++)o[i].style.display=\"none\";for(i=0;i<a.length;i++)s=a[i],e.source===s.contentWindow&&(s.removeAttribute(\"style\"),\"height\"===t.message?(1e3<(r=parseInt(t.value,10))?r=1e3:~~r<200&&(r=200),s.height=r):\"link\"===t.message&&(r=new URL(s.getAttribute(\"src\")),n=new URL(t.value),c.test(n.protocol))&&n.host===r.host&&l.activeElement===s&&(d.top.location.href=t.value))}},d.addEventListener(\"message\",d.wp.receiveEmbedMessage,!1),l.addEventListener(\"DOMContentLoaded\",function(){for(var e,t,s=l.querySelectorAll(\"iframe.wp-embedded-content\"),r=0;r<s.length;r++)(t=(e=s[r]).getAttribute(\"data-secret\"))||(t=Math.random().toString(36).substring(2,12),e.src+=\"#?secret=\"+t,e.setAttribute(\"data-secret\",t)),e.contentWindow.postMessage({message:\"ready\",secret:t},\"*\")},!1)))}(window,document);\n\/* ]]> *\/\n<\/script>\n","thumbnail_url":"https:\/\/epochtimestr.com\/wp-content\/uploads\/2011y\/irakta-18-turk-isci-kacirildi-550040-664x354.jpg","thumbnail_width":600,"thumbnail_height":319,"description":"Irak\u2019\u0131n ba\u015fkenti Ba\u011fdat\u2019ta 16 T\u00fcrk i\u015f\u00e7i ka\u00e7\u0131r\u0131ld\u0131. Irakl\u0131 yetkililer, ba\u015fkent Ba\u011fdat&#8217;ta 16 T\u00fcrk i\u015f\u00e7inin maskeli ve askeri \u00fcniformal\u0131 ki\u015filer taraf\u0131ndan ka\u00e7\u0131r\u0131ld\u0131\u011f\u0131n\u0131 bildirdi.\u00a0Ka\u00e7\u0131r\u0131lan i\u015f\u00e7ilerin bir in\u015faat firmas\u0131nda s\u00f6zle\u015fmeli olarak \u00e7al\u0131\u015ft\u0131klar\u0131n\u0131 belirtildi. Irakl\u0131 g\u00fcvenlik g\u00f6revlileri ba\u015fkent Ba\u011fdat\u2019ta sabah\u0131n erken saatlerinde maskeli ve askeri \u00fcniformal\u0131 ki\u015filerin 18 T\u00fcrk i\u015f\u00e7i ve m\u00fchendisi ka\u00e7\u0131rd\u0131\u011f\u0131n\u0131 a\u00e7\u0131klad\u0131. Ad\u0131n\u0131n a\u00e7\u0131klanmas\u0131n\u0131 istemeyen Irakl\u0131 yetkililer, [&hellip;]"}