{"version":"1.0","provider_name":"The Epoch Times TR","provider_url":"https:\/\/epochtimestr.com","author_name":"\u00c7.Akdeniz","author_url":"https:\/\/epochtimestr.com\/index.php\/author\/cigdem","title":"\u0130spanya'da En B\u00fcy\u00fck Protesto G\u00f6sterisi Yap\u0131lacak - The Epoch Times TR","type":"rich","width":600,"height":338,"html":"<blockquote class=\"wp-embedded-content\" data-secret=\"yGI8ELJhqC\"><a href=\"https:\/\/epochtimestr.com\/index.php\/ispanyada-en-buyuk-protesto-gosterisi-yapilacak\">\u0130spanya&#8217;da En B\u00fcy\u00fck Protesto G\u00f6sterisi Yap\u0131lacak<\/a><\/blockquote><iframe sandbox=\"allow-scripts\" security=\"restricted\" src=\"https:\/\/epochtimestr.com\/index.php\/ispanyada-en-buyuk-protesto-gosterisi-yapilacak\/embed#?secret=yGI8ELJhqC\" width=\"600\" height=\"338\" title=\"&#8220;\u0130spanya&#8217;da En B\u00fcy\u00fck Protesto G\u00f6sterisi Yap\u0131lacak&#8221; &#8212; The Epoch Times TR\" data-secret=\"yGI8ELJhqC\" frameborder=\"0\" marginwidth=\"0\" marginheight=\"0\" scrolling=\"no\" class=\"wp-embedded-content\"><\/iframe><script type=\"text\/javascript\">\n\/* <![CDATA[ *\/\n\/*! This file is auto-generated *\/\n!function(d,l){\"use strict\";l.querySelector&&d.addEventListener&&\"undefined\"!=typeof URL&&(d.wp=d.wp||{},d.wp.receiveEmbedMessage||(d.wp.receiveEmbedMessage=function(e){var t=e.data;if((t||t.secret||t.message||t.value)&&!\/[^a-zA-Z0-9]\/.test(t.secret)){for(var s,r,n,a=l.querySelectorAll('iframe[data-secret=\"'+t.secret+'\"]'),o=l.querySelectorAll('blockquote[data-secret=\"'+t.secret+'\"]'),c=new RegExp(\"^https?:$\",\"i\"),i=0;i<o.length;i++)o[i].style.display=\"none\";for(i=0;i<a.length;i++)s=a[i],e.source===s.contentWindow&&(s.removeAttribute(\"style\"),\"height\"===t.message?(1e3<(r=parseInt(t.value,10))?r=1e3:~~r<200&&(r=200),s.height=r):\"link\"===t.message&&(r=new URL(s.getAttribute(\"src\")),n=new URL(t.value),c.test(n.protocol))&&n.host===r.host&&l.activeElement===s&&(d.top.location.href=t.value))}},d.addEventListener(\"message\",d.wp.receiveEmbedMessage,!1),l.addEventListener(\"DOMContentLoaded\",function(){for(var e,t,s=l.querySelectorAll(\"iframe.wp-embedded-content\"),r=0;r<s.length;r++)(t=(e=s[r]).getAttribute(\"data-secret\"))||(t=Math.random().toString(36).substring(2,12),e.src+=\"#?secret=\"+t,e.setAttribute(\"data-secret\",t)),e.contentWindow.postMessage({message:\"ready\",secret:t},\"*\")},!1)))}(window,document);\n\/* ]]> *\/\n<\/script>\n","description":"\u0130spanya\u2019da 24 Temmuz\u2019da t\u00fcm \u015fehirlerden ba\u015flayarak Madrid\u2019de dev bir g\u00f6steri yap\u0131lmas\u0131 bekleniyor. Siyasi ve ekonomik sistemin a\u015fa\u011f\u0131 do\u011fru d\u00fc\u015f\u00fc\u015f\u00fcnden dolay\u0131 mevcut olan i\u015fsizlik \u00fczerine eylemler ba\u015flat\u0131l\u0131yor. 23 Temmuz\u2019da ba\u015flayacak olan y\u00fcr\u00fcy\u00fc\u015fler \u0130spanya\u2019n\u0131n Barcelona, Valencia, Cadiz, Burgos, Coruna ve Bilbao gibi kentlerden y\u00fczlerce ki\u015fi Madrid\u2019e gelerek 24 Temmuz\u2019da Madrid\u2019te toplanacak. Daha \u00f6nce yap\u0131lan eylemlerde b\u00fcy\u00fck \u00e7o\u011funlu\u011fu [&hellip;]","thumbnail_url":"http:\/\/www.epochtimestr.com\/wp-content\/uploads\/2011y\/\u0130spanya.jpg"}