{"version":"1.0","provider_name":"The Epoch Times TR","provider_url":"https:\/\/epochtimestr.com","author_name":"S. \u00d6zcan","author_url":"https:\/\/epochtimestr.com\/index.php\/author\/n-kaya","title":"\u0130stanbul Barajlar\u0131 Y\u0131l\u0131n En Y\u00fcksek Seviyesine Ula\u015ft\u0131 - The Epoch Times TR","type":"rich","width":600,"height":338,"html":"<blockquote class=\"wp-embedded-content\" data-secret=\"IXuDl8mahI\"><a href=\"https:\/\/epochtimestr.com\/index.php\/istanbul-barajlari-yilin-en-yuksek-seviyesine-ulasti\">\u0130stanbul Barajlar\u0131 Y\u0131l\u0131n En Y\u00fcksek Seviyesine Ula\u015ft\u0131<\/a><\/blockquote><iframe sandbox=\"allow-scripts\" security=\"restricted\" src=\"https:\/\/epochtimestr.com\/index.php\/istanbul-barajlari-yilin-en-yuksek-seviyesine-ulasti\/embed#?secret=IXuDl8mahI\" width=\"600\" height=\"338\" title=\"&#8220;\u0130stanbul Barajlar\u0131 Y\u0131l\u0131n En Y\u00fcksek Seviyesine Ula\u015ft\u0131&#8221; &#8212; The Epoch Times TR\" data-secret=\"IXuDl8mahI\" frameborder=\"0\" marginwidth=\"0\" marginheight=\"0\" scrolling=\"no\" class=\"wp-embedded-content\"><\/iframe><script type=\"text\/javascript\">\n\/* <![CDATA[ *\/\n\/*! This file is auto-generated *\/\n!function(d,l){\"use strict\";l.querySelector&&d.addEventListener&&\"undefined\"!=typeof URL&&(d.wp=d.wp||{},d.wp.receiveEmbedMessage||(d.wp.receiveEmbedMessage=function(e){var t=e.data;if((t||t.secret||t.message||t.value)&&!\/[^a-zA-Z0-9]\/.test(t.secret)){for(var s,r,n,a=l.querySelectorAll('iframe[data-secret=\"'+t.secret+'\"]'),o=l.querySelectorAll('blockquote[data-secret=\"'+t.secret+'\"]'),c=new RegExp(\"^https?:$\",\"i\"),i=0;i<o.length;i++)o[i].style.display=\"none\";for(i=0;i<a.length;i++)s=a[i],e.source===s.contentWindow&&(s.removeAttribute(\"style\"),\"height\"===t.message?(1e3<(r=parseInt(t.value,10))?r=1e3:~~r<200&&(r=200),s.height=r):\"link\"===t.message&&(r=new URL(s.getAttribute(\"src\")),n=new URL(t.value),c.test(n.protocol))&&n.host===r.host&&l.activeElement===s&&(d.top.location.href=t.value))}},d.addEventListener(\"message\",d.wp.receiveEmbedMessage,!1),l.addEventListener(\"DOMContentLoaded\",function(){for(var e,t,s=l.querySelectorAll(\"iframe.wp-embedded-content\"),r=0;r<s.length;r++)(t=(e=s[r]).getAttribute(\"data-secret\"))||(t=Math.random().toString(36).substring(2,12),e.src+=\"#?secret=\"+t,e.setAttribute(\"data-secret\",t)),e.contentWindow.postMessage({message:\"ready\",secret:t},\"*\")},!1)))}(window,document);\n\/* ]]> *\/\n<\/script>\n","thumbnail_url":"https:\/\/epochtimestr.com\/wp-content\/uploads\/2011y\/istanbul-barajlarindan-sevindirici-haber-699656-664x354.jpg","thumbnail_width":500,"thumbnail_height":266,"description":"Bir s\u00fcredir T\u00fcrkiye\u2019yi etkisi alt\u0131na alan ya\u011f\u0131\u015fl\u0131 hava \u0130stanbul\u2019daki kurakl\u0131k alarm\u0131 veren barajlar\u0131 da doldurdu. Yaz aylar\u0131nda alarm veren Alibeyk\u00f6y baraj\u0131 y\u00fczde 67.84 doluluk seviyesine ula\u015f\u0131rken, \u0130stanbul genelindeki barajlar\u0131n doluluk oran\u0131 y\u0131l\u0131n ek y\u00fcksek seviyesi olan 45.97&#8217;ye ula\u015ft\u0131. \u0130stanbul&#8217;da yaz aylar\u0131nda etkili olan kurakl\u0131k, barajlardaki doluluk oran\u0131n\u0131 da dip seviyelere d\u00fc\u015f\u00fcrm\u00fc\u015ft\u00fc. \u0130stanbul Su ve Kanalizasyon [&hellip;]"}