{"version":"1.0","provider_name":"The Epoch Times TR","provider_url":"https:\/\/epochtimestr.com","author_name":"Haber Merkezi","author_url":"https:\/\/epochtimestr.com\/index.php\/author\/sendag","title":"\u0130stanbul B\u00fcy\u00fck\u015fehir Belediyesi\u2019nden Engelliye \u00dcst Ge\u00e7it Eziyeti - The Epoch Times TR","type":"rich","width":600,"height":338,"html":"<blockquote class=\"wp-embedded-content\" data-secret=\"yonkmvv9Bp\"><a href=\"https:\/\/epochtimestr.com\/index.php\/istanbul-buyuksehir-belediyesinden-engelliye-ust-gecit-eziyeti\">\u0130stanbul B\u00fcy\u00fck\u015fehir Belediyesi\u2019nden Engelliye \u00dcst Ge\u00e7it Eziyeti<\/a><\/blockquote><iframe sandbox=\"allow-scripts\" security=\"restricted\" src=\"https:\/\/epochtimestr.com\/index.php\/istanbul-buyuksehir-belediyesinden-engelliye-ust-gecit-eziyeti\/embed#?secret=yonkmvv9Bp\" width=\"600\" height=\"338\" title=\"&#8220;\u0130stanbul B\u00fcy\u00fck\u015fehir Belediyesi\u2019nden Engelliye \u00dcst Ge\u00e7it Eziyeti&#8221; &#8212; The Epoch Times TR\" data-secret=\"yonkmvv9Bp\" frameborder=\"0\" marginwidth=\"0\" marginheight=\"0\" scrolling=\"no\" class=\"wp-embedded-content\"><\/iframe><script type=\"text\/javascript\">\n\/* <![CDATA[ *\/\n\/*! This file is auto-generated *\/\n!function(d,l){\"use strict\";l.querySelector&&d.addEventListener&&\"undefined\"!=typeof URL&&(d.wp=d.wp||{},d.wp.receiveEmbedMessage||(d.wp.receiveEmbedMessage=function(e){var t=e.data;if((t||t.secret||t.message||t.value)&&!\/[^a-zA-Z0-9]\/.test(t.secret)){for(var s,r,n,a=l.querySelectorAll('iframe[data-secret=\"'+t.secret+'\"]'),o=l.querySelectorAll('blockquote[data-secret=\"'+t.secret+'\"]'),c=new RegExp(\"^https?:$\",\"i\"),i=0;i<o.length;i++)o[i].style.display=\"none\";for(i=0;i<a.length;i++)s=a[i],e.source===s.contentWindow&&(s.removeAttribute(\"style\"),\"height\"===t.message?(1e3<(r=parseInt(t.value,10))?r=1e3:~~r<200&&(r=200),s.height=r):\"link\"===t.message&&(r=new URL(s.getAttribute(\"src\")),n=new URL(t.value),c.test(n.protocol))&&n.host===r.host&&l.activeElement===s&&(d.top.location.href=t.value))}},d.addEventListener(\"message\",d.wp.receiveEmbedMessage,!1),l.addEventListener(\"DOMContentLoaded\",function(){for(var e,t,s=l.querySelectorAll(\"iframe.wp-embedded-content\"),r=0;r<s.length;r++)(t=(e=s[r]).getAttribute(\"data-secret\"))||(t=Math.random().toString(36).substring(2,12),e.src+=\"#?secret=\"+t,e.setAttribute(\"data-secret\",t)),e.contentWindow.postMessage({message:\"ready\",secret:t},\"*\")},!1)))}(window,document);\n\/* ]]> *\/\n<\/script>\n","thumbnail_url":"https:\/\/epochtimestr.com\/wp-content\/uploads\/2011y\/\u00fcstge\u00e7it.jpg","thumbnail_width":664,"thumbnail_height":354,"description":"\u015ei\u015fli Piyalepa\u015fa Bulvar\u0131 \u00fczerinde \u0130stanbul B\u00fcy\u00fck\u015fehir Belediyesi (\u0130BB) taraf\u0131ndan engelli vatanda\u015flar\u0131n ya\u015fam\u0131n\u0131 kolayla\u015ft\u0131rmak i\u00e7in yap\u0131lan ancak bir taraf\u0131nda engelli rampas\u0131 di\u011fer taraf\u0131nda ise sadece merdiven bulunan \u00fcst ge\u00e7it, \u201cbu kadar\u0131na da pes\u201d dedirtti. Vatanda\u015flar\u0131n belediyeye defalarca ba\u015fvurmas\u0131na ra\u011fmen d\u00fczeltilmeyen \u00fcst ge\u00e7it, engellileri engellemeye devam ediyor. \u015ei\u015fli Mahmut \u015eevket Pa\u015fa Mahallesi Piyalepa\u015fa Bulvar\u0131 \u00fczerinde \u0130BB taraf\u0131ndan [&hellip;]"}