{"version":"1.0","provider_name":"The Epoch Times TR","provider_url":"https:\/\/epochtimestr.com","author_name":"Demet G.","author_url":"https:\/\/epochtimestr.com\/index.php\/author\/d-gokoglu","title":"\u0130stanbul Emniyet'inde G\u00f6rev De\u011fi\u015fiklikleri Devam Ediyor - The Epoch Times TR","type":"rich","width":600,"height":338,"html":"<blockquote class=\"wp-embedded-content\" data-secret=\"cLDYqtEgwG\"><a href=\"https:\/\/epochtimestr.com\/index.php\/istanbul-emniyetinde-gorev-degisiklikleri-devam-ediyor\">\u0130stanbul Emniyet&#8217;inde G\u00f6rev De\u011fi\u015fiklikleri Devam Ediyor<\/a><\/blockquote><iframe sandbox=\"allow-scripts\" security=\"restricted\" src=\"https:\/\/epochtimestr.com\/index.php\/istanbul-emniyetinde-gorev-degisiklikleri-devam-ediyor\/embed#?secret=cLDYqtEgwG\" width=\"600\" height=\"338\" title=\"&#8220;\u0130stanbul Emniyet&#8217;inde G\u00f6rev De\u011fi\u015fiklikleri Devam Ediyor&#8221; &#8212; The Epoch Times TR\" data-secret=\"cLDYqtEgwG\" frameborder=\"0\" marginwidth=\"0\" marginheight=\"0\" scrolling=\"no\" class=\"wp-embedded-content\"><\/iframe><script type=\"text\/javascript\">\n\/* <![CDATA[ *\/\n\/*! This file is auto-generated *\/\n!function(d,l){\"use strict\";l.querySelector&&d.addEventListener&&\"undefined\"!=typeof URL&&(d.wp=d.wp||{},d.wp.receiveEmbedMessage||(d.wp.receiveEmbedMessage=function(e){var t=e.data;if((t||t.secret||t.message||t.value)&&!\/[^a-zA-Z0-9]\/.test(t.secret)){for(var s,r,n,a=l.querySelectorAll('iframe[data-secret=\"'+t.secret+'\"]'),o=l.querySelectorAll('blockquote[data-secret=\"'+t.secret+'\"]'),c=new RegExp(\"^https?:$\",\"i\"),i=0;i<o.length;i++)o[i].style.display=\"none\";for(i=0;i<a.length;i++)s=a[i],e.source===s.contentWindow&&(s.removeAttribute(\"style\"),\"height\"===t.message?(1e3<(r=parseInt(t.value,10))?r=1e3:~~r<200&&(r=200),s.height=r):\"link\"===t.message&&(r=new URL(s.getAttribute(\"src\")),n=new URL(t.value),c.test(n.protocol))&&n.host===r.host&&l.activeElement===s&&(d.top.location.href=t.value))}},d.addEventListener(\"message\",d.wp.receiveEmbedMessage,!1),l.addEventListener(\"DOMContentLoaded\",function(){for(var e,t,s=l.querySelectorAll(\"iframe.wp-embedded-content\"),r=0;r<s.length;r++)(t=(e=s[r]).getAttribute(\"data-secret\"))||(t=Math.random().toString(36).substring(2,12),e.src+=\"#?secret=\"+t,e.setAttribute(\"data-secret\",t)),e.contentWindow.postMessage({message:\"ready\",secret:t},\"*\")},!1)))}(window,document);\n\/* ]]> *\/\n<\/script>\n","thumbnail_url":"https:\/\/epochtimestr.com\/wp-content\/uploads\/2011y\/polis-gezi.jpg","thumbnail_width":600,"thumbnail_height":400,"description":"\u00a017 Aral\u0131k Yolsuzluk Operasyonu\u2019nun ard\u0131ndan Organize \u015eube M\u00fcd\u00fcr\u00fc Nazmi Ard\u0131\u00e7, Mali Su\u00e7larla M\u00fccadele \u015eube M\u00fcd\u00fcr\u00fc Yakub Sayg\u0131l\u0131 ve her iki \u015fubeden sorumlu \u0130l Emniyet M\u00fcd\u00fcr yard\u0131mc\u0131lar\u0131 Mahir \u00c7akall\u0131 ve Hamza Tosun g\u00f6revden al\u0131nm\u0131\u015ft\u0131. \u0130l Emniyet M\u00fcd\u00fcr\u00fc Vali H\u00fcseyin \u00c7apk\u0131n\u2018\u0131 da koltu\u011fundan eden tayinler, sonraki g\u00fcnlerde T\u00fcrkiye\u2019nin tamam\u0131na yay\u0131ld\u0131. D\u00f6rt Bakan\u0131 koltu\u011fundan eden yolsuzluk operasyonu sonras\u0131ndaki [&hellip;]"}