{"version":"1.0","provider_name":"The Epoch Times TR","provider_url":"https:\/\/epochtimestr.com","author_name":"Ayfer K\u00f6kl\u00fc","author_url":"https:\/\/epochtimestr.com\/index.php\/author\/ayfer","title":"\u0130stanbul Mecidiyek\u00f6y'de Polat Tower Residence'da Yang\u0131n \u00c7\u0131kt\u0131. - The Epoch Times TR","type":"rich","width":600,"height":338,"html":"<blockquote class=\"wp-embedded-content\" data-secret=\"wTC4wKNqy7\"><a href=\"https:\/\/epochtimestr.com\/index.php\/istanbul-mecidiyekoyde-trump-tower-residenceda-yangin-cikti\">\u0130stanbul Mecidiyek\u00f6y&#8217;de  Polat Tower Residence&#8217;da Yang\u0131n \u00c7\u0131kt\u0131.<\/a><\/blockquote><iframe sandbox=\"allow-scripts\" security=\"restricted\" src=\"https:\/\/epochtimestr.com\/index.php\/istanbul-mecidiyekoyde-trump-tower-residenceda-yangin-cikti\/embed#?secret=wTC4wKNqy7\" width=\"600\" height=\"338\" title=\"&#8220;\u0130stanbul Mecidiyek\u00f6y&#8217;de  Polat Tower Residence&#8217;da Yang\u0131n \u00c7\u0131kt\u0131.&#8221; &#8212; The Epoch Times TR\" data-secret=\"wTC4wKNqy7\" frameborder=\"0\" marginwidth=\"0\" marginheight=\"0\" scrolling=\"no\" class=\"wp-embedded-content\"><\/iframe><script type=\"text\/javascript\">\n\/* <![CDATA[ *\/\n\/*! This file is auto-generated *\/\n!function(d,l){\"use strict\";l.querySelector&&d.addEventListener&&\"undefined\"!=typeof URL&&(d.wp=d.wp||{},d.wp.receiveEmbedMessage||(d.wp.receiveEmbedMessage=function(e){var t=e.data;if((t||t.secret||t.message||t.value)&&!\/[^a-zA-Z0-9]\/.test(t.secret)){for(var s,r,n,a=l.querySelectorAll('iframe[data-secret=\"'+t.secret+'\"]'),o=l.querySelectorAll('blockquote[data-secret=\"'+t.secret+'\"]'),c=new RegExp(\"^https?:$\",\"i\"),i=0;i<o.length;i++)o[i].style.display=\"none\";for(i=0;i<a.length;i++)s=a[i],e.source===s.contentWindow&&(s.removeAttribute(\"style\"),\"height\"===t.message?(1e3<(r=parseInt(t.value,10))?r=1e3:~~r<200&&(r=200),s.height=r):\"link\"===t.message&&(r=new URL(s.getAttribute(\"src\")),n=new URL(t.value),c.test(n.protocol))&&n.host===r.host&&l.activeElement===s&&(d.top.location.href=t.value))}},d.addEventListener(\"message\",d.wp.receiveEmbedMessage,!1),l.addEventListener(\"DOMContentLoaded\",function(){for(var e,t,s=l.querySelectorAll(\"iframe.wp-embedded-content\"),r=0;r<s.length;r++)(t=(e=s[r]).getAttribute(\"data-secret\"))||(t=Math.random().toString(36).substring(2,12),e.src+=\"#?secret=\"+t,e.setAttribute(\"data-secret\",t)),e.contentWindow.postMessage({message:\"ready\",secret:t},\"*\")},!1)))}(window,document);\n\/* ]]> *\/\n<\/script>\n","thumbnail_url":"https:\/\/epochtimestr.com\/wp-content\/uploads\/2011y\/polat-tower-da-cikan-yangin-sonduruldu-2444720.jpg","thumbnail_width":294,"thumbnail_height":340,"description":"\u00a0\u0130stanbul\u00a0 Mecidiyek\u00f6yde&#8217;de Polat\u00a0Tower Residence&#8217;da yang\u0131n \u00e7\u0131kt\u0131 Mecidik\u00f6y&#8217;deki 42 katl\u0131\u00a0 Polat Tower Residence&#8217;\u0131n \u00a0giri\u015findeki bankada olu\u015fan patlama sonucu ,\u00a0 yang\u0131n \u00e7\u0131kt\u0131. K\u0131sa s\u00fcrede b\u00fcy\u00fcyen alevler \u00e7evredekilere korkulu anlar ya\u015fatt\u0131. Katta bulunan \u00e7al\u0131\u015fanlar binan\u0131n d\u0131\u015f\u0131na \u00e7\u0131kar\u0131l\u0131rken, \u00e7ok say\u0131da itfaiye ve ambulans da olay yerine g\u00f6nderildi. Olay yerine gelen itfaiye, yang\u0131n\u0131 k\u0131sa s\u00fcrede kontrol alt\u0131na alarak s\u00f6nd\u00fcrd\u00fc.Binan\u0131n yan\u0131ndaki [&hellip;]"}