{"version":"1.0","provider_name":"The Epoch Times TR","provider_url":"https:\/\/epochtimestr.com","author_name":"Haber Merkezi","author_url":"https:\/\/epochtimestr.com\/index.php\/author\/sendag","title":"\u0130stanbul Merkezli 16 \u0130lde FET\u00d6 Operasyonu - The Epoch Times TR","type":"rich","width":600,"height":338,"html":"<blockquote class=\"wp-embedded-content\" data-secret=\"3smTDmRDCr\"><a href=\"https:\/\/epochtimestr.com\/index.php\/istanbul-merkezli-16-ilde-feto-operasyonu\">\u0130stanbul Merkezli 16 \u0130lde FET\u00d6 Operasyonu<\/a><\/blockquote><iframe sandbox=\"allow-scripts\" security=\"restricted\" src=\"https:\/\/epochtimestr.com\/index.php\/istanbul-merkezli-16-ilde-feto-operasyonu\/embed#?secret=3smTDmRDCr\" width=\"600\" height=\"338\" title=\"&#8220;\u0130stanbul Merkezli 16 \u0130lde FET\u00d6 Operasyonu&#8221; &#8212; The Epoch Times TR\" data-secret=\"3smTDmRDCr\" frameborder=\"0\" marginwidth=\"0\" marginheight=\"0\" scrolling=\"no\" class=\"wp-embedded-content\"><\/iframe><script type=\"text\/javascript\">\n\/* <![CDATA[ *\/\n\/*! This file is auto-generated *\/\n!function(d,l){\"use strict\";l.querySelector&&d.addEventListener&&\"undefined\"!=typeof URL&&(d.wp=d.wp||{},d.wp.receiveEmbedMessage||(d.wp.receiveEmbedMessage=function(e){var t=e.data;if((t||t.secret||t.message||t.value)&&!\/[^a-zA-Z0-9]\/.test(t.secret)){for(var s,r,n,a=l.querySelectorAll('iframe[data-secret=\"'+t.secret+'\"]'),o=l.querySelectorAll('blockquote[data-secret=\"'+t.secret+'\"]'),c=new RegExp(\"^https?:$\",\"i\"),i=0;i<o.length;i++)o[i].style.display=\"none\";for(i=0;i<a.length;i++)s=a[i],e.source===s.contentWindow&&(s.removeAttribute(\"style\"),\"height\"===t.message?(1e3<(r=parseInt(t.value,10))?r=1e3:~~r<200&&(r=200),s.height=r):\"link\"===t.message&&(r=new URL(s.getAttribute(\"src\")),n=new URL(t.value),c.test(n.protocol))&&n.host===r.host&&l.activeElement===s&&(d.top.location.href=t.value))}},d.addEventListener(\"message\",d.wp.receiveEmbedMessage,!1),l.addEventListener(\"DOMContentLoaded\",function(){for(var e,t,s=l.querySelectorAll(\"iframe.wp-embedded-content\"),r=0;r<s.length;r++)(t=(e=s[r]).getAttribute(\"data-secret\"))||(t=Math.random().toString(36).substring(2,12),e.src+=\"#?secret=\"+t,e.setAttribute(\"data-secret\",t)),e.contentWindow.postMessage({message:\"ready\",secret:t},\"*\")},!1)))}(window,document);\n\/* ]]> *\/\n<\/script>\n","thumbnail_url":"https:\/\/epochtimestr.com\/wp-content\/uploads\/2011y\/fet\u00f6-8.jpg","thumbnail_width":664,"thumbnail_height":354,"description":"\u0130stanbul merkezli 16 ilde Fetullah\u00e7\u0131 Ter\u00f6r \u00d6rg\u00fct\u00fc\u2019ne y\u00f6nelik operasyon ba\u015flat\u0131ld\u0131. Edinilen bilgilere g\u00f6re, Fetullah\u00e7\u0131 Ter\u00f6r \u00d6rg\u00fct\u00fc\u2019ne y\u00f6nelik y\u00fcr\u00fct\u00fclen soru\u015fturma kapsam\u0131nda, aralar\u0131nda \u00f6rg\u00fct\u00fcn T\u00fcrkiye imam\u0131 Osman Hilmi \u00d6zdil ve \u0130stanbul imam\u0131n\u0131n da oldu\u011fu 58 ki\u015fi hakk\u0131nda yakalama karar\u0131 \u00e7\u0131kar\u0131ld\u0131. Karar \u00fczerine harekete ge\u00e7en \u0130stanbul Ka\u00e7ak\u00e7\u0131l\u0131k Su\u00e7lar\u0131yla M\u00fccadele \u015eube M\u00fcd\u00fcrl\u00fc\u011f\u00fc ekipleri \u0130stanbul merkezli 16 ilde e\u015f zamanl\u0131 [&hellip;]"}