{"version":"1.0","provider_name":"The Epoch Times TR","provider_url":"https:\/\/epochtimestr.com","author_name":"D.Alk\u0131n","author_url":"https:\/\/epochtimestr.com\/index.php\/author\/derya","title":"\u0130stanbul \u00dcniversitesi'nde \u00d6\u011frenciler Yemek Zamm\u0131n\u0131 Protesto Etti - The Epoch Times TR","type":"rich","width":600,"height":338,"html":"<blockquote class=\"wp-embedded-content\" data-secret=\"Y3VmYzfvH6\"><a href=\"https:\/\/epochtimestr.com\/index.php\/istanbul-universitesinde-ogrenciler-yemek-zammini-protesto-etti\">\u0130stanbul \u00dcniversitesi&#8217;nde \u00d6\u011frenciler Yemek Zamm\u0131n\u0131 Protesto Etti<\/a><\/blockquote><iframe sandbox=\"allow-scripts\" security=\"restricted\" src=\"https:\/\/epochtimestr.com\/index.php\/istanbul-universitesinde-ogrenciler-yemek-zammini-protesto-etti\/embed#?secret=Y3VmYzfvH6\" width=\"600\" height=\"338\" title=\"&#8220;\u0130stanbul \u00dcniversitesi&#8217;nde \u00d6\u011frenciler Yemek Zamm\u0131n\u0131 Protesto Etti&#8221; &#8212; The Epoch Times TR\" data-secret=\"Y3VmYzfvH6\" frameborder=\"0\" marginwidth=\"0\" marginheight=\"0\" scrolling=\"no\" class=\"wp-embedded-content\"><\/iframe><script type=\"text\/javascript\">\n\/* <![CDATA[ *\/\n\/*! This file is auto-generated *\/\n!function(d,l){\"use strict\";l.querySelector&&d.addEventListener&&\"undefined\"!=typeof URL&&(d.wp=d.wp||{},d.wp.receiveEmbedMessage||(d.wp.receiveEmbedMessage=function(e){var t=e.data;if((t||t.secret||t.message||t.value)&&!\/[^a-zA-Z0-9]\/.test(t.secret)){for(var s,r,n,a=l.querySelectorAll('iframe[data-secret=\"'+t.secret+'\"]'),o=l.querySelectorAll('blockquote[data-secret=\"'+t.secret+'\"]'),c=new RegExp(\"^https?:$\",\"i\"),i=0;i<o.length;i++)o[i].style.display=\"none\";for(i=0;i<a.length;i++)s=a[i],e.source===s.contentWindow&&(s.removeAttribute(\"style\"),\"height\"===t.message?(1e3<(r=parseInt(t.value,10))?r=1e3:~~r<200&&(r=200),s.height=r):\"link\"===t.message&&(r=new URL(s.getAttribute(\"src\")),n=new URL(t.value),c.test(n.protocol))&&n.host===r.host&&l.activeElement===s&&(d.top.location.href=t.value))}},d.addEventListener(\"message\",d.wp.receiveEmbedMessage,!1),l.addEventListener(\"DOMContentLoaded\",function(){for(var e,t,s=l.querySelectorAll(\"iframe.wp-embedded-content\"),r=0;r<s.length;r++)(t=(e=s[r]).getAttribute(\"data-secret\"))||(t=Math.random().toString(36).substring(2,12),e.src+=\"#?secret=\"+t,e.setAttribute(\"data-secret\",t)),e.contentWindow.postMessage({message:\"ready\",secret:t},\"*\")},!1)))}(window,document);\n\/* ]]> *\/\n<\/script>\n","thumbnail_url":"https:\/\/epochtimestr.com\/wp-content\/uploads\/2011y\/20121009AW000672_04.jpg","thumbnail_width":448,"thumbnail_height":298,"description":"\u00a0 \u0130stanbul \u00dcniversitesi \u00f6\u011frencileri \u00fcniversitede yap\u0131lan yemek zamm\u0131n\u0131 protesto etmek amac\u0131yla Beyaz\u0131t Meydan\u0131\u2019nda topland\u0131lar. \u0130stanbul \u00dcniversitesi\u2019nin \u00e7e\u015fitli kamp\u00fcslerinden gelen yakla\u015f\u0131k 300 ki\u015filik \u00f6\u011frenci grubu yemekhanede yap\u0131lan zamlar\u0131 protesto etti. Ellerinde ta\u015f\u0131d\u0131klar\u0131 pankartlarda \u201cYemekhane zamlar\u0131n\u0131 yemeyece\u011fiz\u201d, \u201cM\u00fc\u015fteri de\u011fil \u00f6\u011frenciyiz\u201d, \u201cOkullar ticarethane de\u011fildir\u201d \u015feklinde slogan att\u0131. Grup ad\u0131na bas\u0131n a\u00e7\u0131klamas\u0131 yapan Gizem K\u00f6seo\u011flu, , \u201c\u0130stanbul \u00dcniversitesi e\u011fitim [&hellip;]"}