{"version":"1.0","provider_name":"The Epoch Times TR","provider_url":"https:\/\/epochtimestr.com","author_name":"S. \u00d6zcan","author_url":"https:\/\/epochtimestr.com\/index.php\/author\/n-kaya","title":"\u0130stanbul Valili\u011fi'nden Ter\u00f6r Sald\u0131r\u0131lar\u0131 \u0130\u00e7in A\u00e7\u0131klama - The Epoch Times TR","type":"rich","width":600,"height":338,"html":"<blockquote class=\"wp-embedded-content\" data-secret=\"FKyyDhmZR9\"><a href=\"https:\/\/epochtimestr.com\/index.php\/istanbul-valiliginden-teror-saldirilari-icin-aciklama\">\u0130stanbul Valili\u011fi&#8217;nden Ter\u00f6r Sald\u0131r\u0131lar\u0131 \u0130\u00e7in A\u00e7\u0131klama<\/a><\/blockquote><iframe sandbox=\"allow-scripts\" security=\"restricted\" src=\"https:\/\/epochtimestr.com\/index.php\/istanbul-valiliginden-teror-saldirilari-icin-aciklama\/embed#?secret=FKyyDhmZR9\" width=\"600\" height=\"338\" title=\"&#8220;\u0130stanbul Valili\u011fi&#8217;nden Ter\u00f6r Sald\u0131r\u0131lar\u0131 \u0130\u00e7in A\u00e7\u0131klama&#8221; &#8212; The Epoch Times TR\" data-secret=\"FKyyDhmZR9\" frameborder=\"0\" marginwidth=\"0\" marginheight=\"0\" scrolling=\"no\" class=\"wp-embedded-content\"><\/iframe><script type=\"text\/javascript\">\n\/* <![CDATA[ *\/\n\/*! This file is auto-generated *\/\n!function(d,l){\"use strict\";l.querySelector&&d.addEventListener&&\"undefined\"!=typeof URL&&(d.wp=d.wp||{},d.wp.receiveEmbedMessage||(d.wp.receiveEmbedMessage=function(e){var t=e.data;if((t||t.secret||t.message||t.value)&&!\/[^a-zA-Z0-9]\/.test(t.secret)){for(var s,r,n,a=l.querySelectorAll('iframe[data-secret=\"'+t.secret+'\"]'),o=l.querySelectorAll('blockquote[data-secret=\"'+t.secret+'\"]'),c=new RegExp(\"^https?:$\",\"i\"),i=0;i<o.length;i++)o[i].style.display=\"none\";for(i=0;i<a.length;i++)s=a[i],e.source===s.contentWindow&&(s.removeAttribute(\"style\"),\"height\"===t.message?(1e3<(r=parseInt(t.value,10))?r=1e3:~~r<200&&(r=200),s.height=r):\"link\"===t.message&&(r=new URL(s.getAttribute(\"src\")),n=new URL(t.value),c.test(n.protocol))&&n.host===r.host&&l.activeElement===s&&(d.top.location.href=t.value))}},d.addEventListener(\"message\",d.wp.receiveEmbedMessage,!1),l.addEventListener(\"DOMContentLoaded\",function(){for(var e,t,s=l.querySelectorAll(\"iframe.wp-embedded-content\"),r=0;r<s.length;r++)(t=(e=s[r]).getAttribute(\"data-secret\"))||(t=Math.random().toString(36).substring(2,12),e.src+=\"#?secret=\"+t,e.setAttribute(\"data-secret\",t)),e.contentWindow.postMessage({message:\"ready\",secret:t},\"*\")},!1)))}(window,document);\n\/* ]]> *\/\n<\/script>\n","thumbnail_url":"https:\/\/epochtimestr.com\/wp-content\/uploads\/2011y\/istanbul-valiliginden-teror-saldirilari-aciklamasi-541709-664x354.jpg","thumbnail_width":600,"thumbnail_height":319,"description":"\u0130stanbul Valili\u011fi&#8217;nden \u0130stanbul&#8217;da ger\u00e7ekle\u015fen ter\u00f6r sald\u0131r\u0131lar\u0131yla ilgili a\u00e7\u0131klama yap\u0131ld\u0131. \u0130stanbul Valili\u011fi&#8217;nden yap\u0131lan yaz\u0131l\u0131 a\u00e7\u0131klamada, &#8220;10.08.2015 g\u00fcn\u00fc saat 01:00 s\u0131ralar\u0131nda Sultanbeyli \u0130l\u00e7esi Fatih Polis Merkezi Amirli\u011fi\u2019ne bomba y\u00fckl\u00fc bir ara\u00e7la ter\u00f6r sald\u0131r\u0131s\u0131 ger\u00e7ekle\u015ftirilmi\u015ftir. Sald\u0131r\u0131 neticesinde polis merkez amirli\u011finde g\u00f6revli (1) komiser yard\u0131mc\u0131s\u0131 (2) polis memuru ve (7) vatanda\u015f\u0131m\u0131z hafif \u015fekilde yaralanm\u0131\u015f ve tedavilerine hastanelerde devam edilmektedir. [&hellip;]"}