{"version":"1.0","provider_name":"The Epoch Times TR","provider_url":"https:\/\/epochtimestr.com","author_name":"\u00c7.Akdeniz","author_url":"https:\/\/epochtimestr.com\/index.php\/author\/cigdem","title":"\u0130stanbul'da 23 Nisan Kutlamalar\u0131 - The Epoch Times TR","type":"rich","width":600,"height":338,"html":"<blockquote class=\"wp-embedded-content\" data-secret=\"B79zl5HhBK\"><a href=\"https:\/\/epochtimestr.com\/index.php\/istanbulda-23-nisan-kutlamalari\">\u0130stanbul&#8217;da 23 Nisan Kutlamalar\u0131<\/a><\/blockquote><iframe sandbox=\"allow-scripts\" security=\"restricted\" src=\"https:\/\/epochtimestr.com\/index.php\/istanbulda-23-nisan-kutlamalari\/embed#?secret=B79zl5HhBK\" width=\"600\" height=\"338\" title=\"&#8220;\u0130stanbul&#8217;da 23 Nisan Kutlamalar\u0131&#8221; &#8212; The Epoch Times TR\" data-secret=\"B79zl5HhBK\" frameborder=\"0\" marginwidth=\"0\" marginheight=\"0\" scrolling=\"no\" class=\"wp-embedded-content\"><\/iframe><script type=\"text\/javascript\">\n\/* <![CDATA[ *\/\n\/*! This file is auto-generated *\/\n!function(d,l){\"use strict\";l.querySelector&&d.addEventListener&&\"undefined\"!=typeof URL&&(d.wp=d.wp||{},d.wp.receiveEmbedMessage||(d.wp.receiveEmbedMessage=function(e){var t=e.data;if((t||t.secret||t.message||t.value)&&!\/[^a-zA-Z0-9]\/.test(t.secret)){for(var s,r,n,a=l.querySelectorAll('iframe[data-secret=\"'+t.secret+'\"]'),o=l.querySelectorAll('blockquote[data-secret=\"'+t.secret+'\"]'),c=new RegExp(\"^https?:$\",\"i\"),i=0;i<o.length;i++)o[i].style.display=\"none\";for(i=0;i<a.length;i++)s=a[i],e.source===s.contentWindow&&(s.removeAttribute(\"style\"),\"height\"===t.message?(1e3<(r=parseInt(t.value,10))?r=1e3:~~r<200&&(r=200),s.height=r):\"link\"===t.message&&(r=new URL(s.getAttribute(\"src\")),n=new URL(t.value),c.test(n.protocol))&&n.host===r.host&&l.activeElement===s&&(d.top.location.href=t.value))}},d.addEventListener(\"message\",d.wp.receiveEmbedMessage,!1),l.addEventListener(\"DOMContentLoaded\",function(){for(var e,t,s=l.querySelectorAll(\"iframe.wp-embedded-content\"),r=0;r<s.length;r++)(t=(e=s[r]).getAttribute(\"data-secret\"))||(t=Math.random().toString(36).substring(2,12),e.src+=\"#?secret=\"+t,e.setAttribute(\"data-secret\",t)),e.contentWindow.postMessage({message:\"ready\",secret:t},\"*\")},!1)))}(window,document);\n\/* ]]> *\/\n<\/script>\n","thumbnail_url":"https:\/\/epochtimestr.com\/wp-content\/uploads\/2011y\/IMG_4683.jpg","thumbnail_width":467,"thumbnail_height":350,"description":"\u0130stanbul Ey\u00fcp Stad\u0131nda 23 Nisan G\u00f6sterilerine B\u00fcy\u00fck \u0130lgi Vard\u0131 23 Nisan Ulusal Egemenlik ve \u00c7ocuk Bayram\u0131 sabah\u0131n erken saatlerinde rengarenk giysili \u00e7ocuklar\u0131n sokaklar\u0131 g\u00f6kku\u015fa\u011f\u0131na \u00e7evirmesi ile ba\u015flad\u0131. \u0130stanbul Ey\u00fcp stad\u0131nda ger\u00e7ekle\u015fen kutlama yakla\u015f\u0131k iki saat s\u00fcrd\u00fc. Sayg\u0131 duru\u015fu ve \u0130stiklal mar\u015f\u0131n\u0131n ard\u0131ndan g\u00f6steriler ba\u015flad\u0131. Bando tak\u0131m\u0131, \u0130zci tak\u0131m\u0131, \u00e7e\u015fitli halk oyunlar\u0131, mehter tak\u0131m\u0131n\u0131n renklendirdi\u011fi kutlamada [&hellip;]"}