{"version":"1.0","provider_name":"The Epoch Times TR","provider_url":"https:\/\/epochtimestr.com","author_name":"Yasemin Erdem","author_url":"https:\/\/epochtimestr.com\/index.php\/author\/yasemin","title":"\u0130stanbul\u2019da \u2018Bebek \u015eenli\u011fi\u2019 E\u011flendirmeye Devam Ediyor! - The Epoch Times TR","type":"rich","width":600,"height":338,"html":"<blockquote class=\"wp-embedded-content\" data-secret=\"9vDodiRXTU\"><a href=\"https:\/\/epochtimestr.com\/index.php\/istanbulda-bebek-senligi-eglendirmeye-devam-ediyor\">\u0130stanbul\u2019da \u2018Bebek \u015eenli\u011fi\u2019 E\u011flendirmeye Devam Ediyor!<\/a><\/blockquote><iframe sandbox=\"allow-scripts\" security=\"restricted\" src=\"https:\/\/epochtimestr.com\/index.php\/istanbulda-bebek-senligi-eglendirmeye-devam-ediyor\/embed#?secret=9vDodiRXTU\" width=\"600\" height=\"338\" title=\"&#8220;\u0130stanbul\u2019da \u2018Bebek \u015eenli\u011fi\u2019 E\u011flendirmeye Devam Ediyor!&#8221; &#8212; The Epoch Times TR\" data-secret=\"9vDodiRXTU\" frameborder=\"0\" marginwidth=\"0\" marginheight=\"0\" scrolling=\"no\" class=\"wp-embedded-content\"><\/iframe><script type=\"text\/javascript\">\n\/* <![CDATA[ *\/\n\/*! This file is auto-generated *\/\n!function(d,l){\"use strict\";l.querySelector&&d.addEventListener&&\"undefined\"!=typeof URL&&(d.wp=d.wp||{},d.wp.receiveEmbedMessage||(d.wp.receiveEmbedMessage=function(e){var t=e.data;if((t||t.secret||t.message||t.value)&&!\/[^a-zA-Z0-9]\/.test(t.secret)){for(var s,r,n,a=l.querySelectorAll('iframe[data-secret=\"'+t.secret+'\"]'),o=l.querySelectorAll('blockquote[data-secret=\"'+t.secret+'\"]'),c=new RegExp(\"^https?:$\",\"i\"),i=0;i<o.length;i++)o[i].style.display=\"none\";for(i=0;i<a.length;i++)s=a[i],e.source===s.contentWindow&&(s.removeAttribute(\"style\"),\"height\"===t.message?(1e3<(r=parseInt(t.value,10))?r=1e3:~~r<200&&(r=200),s.height=r):\"link\"===t.message&&(r=new URL(s.getAttribute(\"src\")),n=new URL(t.value),c.test(n.protocol))&&n.host===r.host&&l.activeElement===s&&(d.top.location.href=t.value))}},d.addEventListener(\"message\",d.wp.receiveEmbedMessage,!1),l.addEventListener(\"DOMContentLoaded\",function(){for(var e,t,s=l.querySelectorAll(\"iframe.wp-embedded-content\"),r=0;r<s.length;r++)(t=(e=s[r]).getAttribute(\"data-secret\"))||(t=Math.random().toString(36).substring(2,12),e.src+=\"#?secret=\"+t,e.setAttribute(\"data-secret\",t)),e.contentWindow.postMessage({message:\"ready\",secret:t},\"*\")},!1)))}(window,document);\n\/* ]]> *\/\n<\/script>\n","description":"Be\u015fikta\u015f Belediyesi ve Bebekliler Derne\u011fi\u2019nin birlikte organize etti\u011fi Bebek \u015eenli\u011fi 2011, Bebek Park\u0131\u2019nda t\u00fcm h\u0131z\u0131yla devam ediyor. Havan\u0131n gittik\u00e7e \u0131s\u0131nmas\u0131n\u0131 f\u0131rsat bilen \u0130stanbullular, sahil kenar\u0131n\u0131n en g\u00fczel semtlerinden biri olan Bebek\u2019te yaza c\u0131v\u0131l c\u0131v\u0131l giriyor. Bu y\u0131l alt\u0131nc\u0131s\u0131 d\u00fczenlenen Bebek \u015eenli\u011fi\u2019nde, moda, tasar\u0131m, sanat, yeme, i\u00e7me ve e\u011flence bir arada. T\u00fcrkiye\u2019nin \u00f6nemli markalar\u0131n\u0131n, Bahar Kor\u00e7an, [&hellip;]","thumbnail_url":"http:\/\/www.epochtimestr.com\/wp-content\/uploads\/2011y\/bebeksenligi.jpg"}