{"version":"1.0","provider_name":"The Epoch Times TR","provider_url":"https:\/\/epochtimestr.com","author_name":"Haber Merkezi","author_url":"https:\/\/epochtimestr.com\/index.php\/author\/sendag","title":"\u0130stanbul'da Toplu Ula\u015f\u0131m \u00dccretlerine Zam Geldi - The Epoch Times TR","type":"rich","width":600,"height":338,"html":"<blockquote class=\"wp-embedded-content\" data-secret=\"3Uw8m9WT1I\"><a href=\"https:\/\/epochtimestr.com\/index.php\/istanbulda-toplu-ulasim-ucretlerine-zam-geldi\">\u0130stanbul&#8217;da Toplu Ula\u015f\u0131m \u00dccretlerine Zam Geldi<\/a><\/blockquote><iframe sandbox=\"allow-scripts\" security=\"restricted\" src=\"https:\/\/epochtimestr.com\/index.php\/istanbulda-toplu-ulasim-ucretlerine-zam-geldi\/embed#?secret=3Uw8m9WT1I\" width=\"600\" height=\"338\" title=\"&#8220;\u0130stanbul&#8217;da Toplu Ula\u015f\u0131m \u00dccretlerine Zam Geldi&#8221; &#8212; The Epoch Times TR\" data-secret=\"3Uw8m9WT1I\" frameborder=\"0\" marginwidth=\"0\" marginheight=\"0\" scrolling=\"no\" class=\"wp-embedded-content\"><\/iframe><script type=\"text\/javascript\">\n\/* <![CDATA[ *\/\n\/*! This file is auto-generated *\/\n!function(d,l){\"use strict\";l.querySelector&&d.addEventListener&&\"undefined\"!=typeof URL&&(d.wp=d.wp||{},d.wp.receiveEmbedMessage||(d.wp.receiveEmbedMessage=function(e){var t=e.data;if((t||t.secret||t.message||t.value)&&!\/[^a-zA-Z0-9]\/.test(t.secret)){for(var s,r,n,a=l.querySelectorAll('iframe[data-secret=\"'+t.secret+'\"]'),o=l.querySelectorAll('blockquote[data-secret=\"'+t.secret+'\"]'),c=new RegExp(\"^https?:$\",\"i\"),i=0;i<o.length;i++)o[i].style.display=\"none\";for(i=0;i<a.length;i++)s=a[i],e.source===s.contentWindow&&(s.removeAttribute(\"style\"),\"height\"===t.message?(1e3<(r=parseInt(t.value,10))?r=1e3:~~r<200&&(r=200),s.height=r):\"link\"===t.message&&(r=new URL(s.getAttribute(\"src\")),n=new URL(t.value),c.test(n.protocol))&&n.host===r.host&&l.activeElement===s&&(d.top.location.href=t.value))}},d.addEventListener(\"message\",d.wp.receiveEmbedMessage,!1),l.addEventListener(\"DOMContentLoaded\",function(){for(var e,t,s=l.querySelectorAll(\"iframe.wp-embedded-content\"),r=0;r<s.length;r++)(t=(e=s[r]).getAttribute(\"data-secret\"))||(t=Math.random().toString(36).substring(2,12),e.src+=\"#?secret=\"+t,e.setAttribute(\"data-secret\",t)),e.contentWindow.postMessage({message:\"ready\",secret:t},\"*\")},!1)))}(window,document);\n\/* ]]> *\/\n<\/script>\n","thumbnail_url":"https:\/\/epochtimestr.com\/wp-content\/uploads\/2011y\/otob\u00fcs-3.jpg","thumbnail_width":664,"thumbnail_height":354,"description":"\u0130stanbul&#8217;da toplu ula\u015f\u0131m ara\u00e7lar\u0131na yar\u0131ndan itibaren ge\u00e7erli olacak \u015fekilde zam yap\u0131ld\u0131. \u0130stanbul&#8217;da toplu ula\u015f\u0131m ara\u00e7lar\u0131nda ge\u00e7erli olan \u00fccret tarifesi yeniden d\u00fczenlendi. 1 Temmuz 2017 Cumartesi g\u00fcn\u00fc uygulamaya konacak yeni \u00fccret tarifesiyle tam bilet 2,60 TL, \u00f6\u011frenci bileti 1,25 TL, indirimli bilet ise 1,85 TL oldu. \u0130stanbul B\u00fcy\u00fck\u015fehir Belediyesi Ula\u015f\u0131m Koordinasyon Merkezi\u2019nin (UKOME) karar\u0131yla \u0130ETT, Otob\u00fcs [&hellip;]"}