{"version":"1.0","provider_name":"The Epoch Times TR","provider_url":"https:\/\/epochtimestr.com","author_name":"Emel AKAN","author_url":"https:\/\/epochtimestr.com\/index.php\/author\/emel","title":"\u0130stanbul\u2019da Trafi\u011fe Kapat\u0131lacak Yollar - The Epoch Times TR","type":"rich","width":600,"height":338,"html":"<blockquote class=\"wp-embedded-content\" data-secret=\"WDMt7Zu7t0\"><a href=\"https:\/\/epochtimestr.com\/index.php\/istanbulda-trafige-kapatilacak-yollar\">\u0130stanbul\u2019da Trafi\u011fe Kapat\u0131lacak Yollar<\/a><\/blockquote><iframe sandbox=\"allow-scripts\" security=\"restricted\" src=\"https:\/\/epochtimestr.com\/index.php\/istanbulda-trafige-kapatilacak-yollar\/embed#?secret=WDMt7Zu7t0\" width=\"600\" height=\"338\" title=\"&#8220;\u0130stanbul\u2019da Trafi\u011fe Kapat\u0131lacak Yollar&#8221; &#8212; The Epoch Times TR\" data-secret=\"WDMt7Zu7t0\" frameborder=\"0\" marginwidth=\"0\" marginheight=\"0\" scrolling=\"no\" class=\"wp-embedded-content\"><\/iframe><script type=\"text\/javascript\">\n\/* <![CDATA[ *\/\n\/*! This file is auto-generated *\/\n!function(d,l){\"use strict\";l.querySelector&&d.addEventListener&&\"undefined\"!=typeof URL&&(d.wp=d.wp||{},d.wp.receiveEmbedMessage||(d.wp.receiveEmbedMessage=function(e){var t=e.data;if((t||t.secret||t.message||t.value)&&!\/[^a-zA-Z0-9]\/.test(t.secret)){for(var s,r,n,a=l.querySelectorAll('iframe[data-secret=\"'+t.secret+'\"]'),o=l.querySelectorAll('blockquote[data-secret=\"'+t.secret+'\"]'),c=new RegExp(\"^https?:$\",\"i\"),i=0;i<o.length;i++)o[i].style.display=\"none\";for(i=0;i<a.length;i++)s=a[i],e.source===s.contentWindow&&(s.removeAttribute(\"style\"),\"height\"===t.message?(1e3<(r=parseInt(t.value,10))?r=1e3:~~r<200&&(r=200),s.height=r):\"link\"===t.message&&(r=new URL(s.getAttribute(\"src\")),n=new URL(t.value),c.test(n.protocol))&&n.host===r.host&&l.activeElement===s&&(d.top.location.href=t.value))}},d.addEventListener(\"message\",d.wp.receiveEmbedMessage,!1),l.addEventListener(\"DOMContentLoaded\",function(){for(var e,t,s=l.querySelectorAll(\"iframe.wp-embedded-content\"),r=0;r<s.length;r++)(t=(e=s[r]).getAttribute(\"data-secret\"))||(t=Math.random().toString(36).substring(2,12),e.src+=\"#?secret=\"+t,e.setAttribute(\"data-secret\",t)),e.contentWindow.postMessage({message:\"ready\",secret:t},\"*\")},!1)))}(window,document);\n\/* ]]> *\/\n<\/script>\n","thumbnail_url":"https:\/\/epochtimestr.com\/wp-content\/uploads\/2011y\/vodafone_kapat\u0131lacak-yollar.jpg","thumbnail_width":500,"thumbnail_height":266,"description":"\u0130stanbul\u2019da pazar g\u00fcn\u00fc ger\u00e7ekle\u015ftirilecek 2015 Vodafone \u0130stanbul Yar\u0131 Maratonu nedeniyle baz\u0131 yollar trafi\u011fe kapat\u0131lacak. \u0130stanbul Emniyet M\u00fcd\u00fcrl\u00fc\u011f\u00fc\u2019nden yap\u0131lan a\u00e7\u0131klamada, 26 Nisan 2015 Pazar g\u00fcn\u00fc ger\u00e7ekle\u015ftirilecek 2015 Vodafone \u0130stanbul Yar\u0131 Maratonu nedeniyle, saat 08.00\u2019den yar\u0131\u015f bitimine kadar baz\u0131 yollar\u0131n trafi\u011fe kapat\u0131laca\u011f\u0131 belirtildi. Trafi\u011fe kapat\u0131lacak yollar ve alternatif g\u00fczerg\u00e2hlar ise \u015f\u00f6yle: TRAF\u0130\u011eE KAPATILACAK YOLLAR Ey\u00fcp \u0130l\u00e7esi: Hz. [&hellip;]"}