{"version":"1.0","provider_name":"The Epoch Times TR","provider_url":"https:\/\/epochtimestr.com","author_name":"Haber Merkezi","author_url":"https:\/\/epochtimestr.com\/index.php\/author\/sendag","title":"\u0130stanbul\u2019da U\u00e7u\u015flara Kar Engeli - The Epoch Times TR","type":"rich","width":600,"height":338,"html":"<blockquote class=\"wp-embedded-content\" data-secret=\"ebfCRzaGTr\"><a href=\"https:\/\/epochtimestr.com\/index.php\/istanbulda-ucuslara-kar-engeli\">\u0130stanbul\u2019da U\u00e7u\u015flara Kar Engeli<\/a><\/blockquote><iframe sandbox=\"allow-scripts\" security=\"restricted\" src=\"https:\/\/epochtimestr.com\/index.php\/istanbulda-ucuslara-kar-engeli\/embed#?secret=ebfCRzaGTr\" width=\"600\" height=\"338\" title=\"&#8220;\u0130stanbul\u2019da U\u00e7u\u015flara Kar Engeli&#8221; &#8212; The Epoch Times TR\" data-secret=\"ebfCRzaGTr\" frameborder=\"0\" marginwidth=\"0\" marginheight=\"0\" scrolling=\"no\" class=\"wp-embedded-content\"><\/iframe><script type=\"text\/javascript\">\n\/* <![CDATA[ *\/\n\/*! This file is auto-generated *\/\n!function(d,l){\"use strict\";l.querySelector&&d.addEventListener&&\"undefined\"!=typeof URL&&(d.wp=d.wp||{},d.wp.receiveEmbedMessage||(d.wp.receiveEmbedMessage=function(e){var t=e.data;if((t||t.secret||t.message||t.value)&&!\/[^a-zA-Z0-9]\/.test(t.secret)){for(var s,r,n,a=l.querySelectorAll('iframe[data-secret=\"'+t.secret+'\"]'),o=l.querySelectorAll('blockquote[data-secret=\"'+t.secret+'\"]'),c=new RegExp(\"^https?:$\",\"i\"),i=0;i<o.length;i++)o[i].style.display=\"none\";for(i=0;i<a.length;i++)s=a[i],e.source===s.contentWindow&&(s.removeAttribute(\"style\"),\"height\"===t.message?(1e3<(r=parseInt(t.value,10))?r=1e3:~~r<200&&(r=200),s.height=r):\"link\"===t.message&&(r=new URL(s.getAttribute(\"src\")),n=new URL(t.value),c.test(n.protocol))&&n.host===r.host&&l.activeElement===s&&(d.top.location.href=t.value))}},d.addEventListener(\"message\",d.wp.receiveEmbedMessage,!1),l.addEventListener(\"DOMContentLoaded\",function(){for(var e,t,s=l.querySelectorAll(\"iframe.wp-embedded-content\"),r=0;r<s.length;r++)(t=(e=s[r]).getAttribute(\"data-secret\"))||(t=Math.random().toString(36).substring(2,12),e.src+=\"#?secret=\"+t,e.setAttribute(\"data-secret\",t)),e.contentWindow.postMessage({message:\"ready\",secret:t},\"*\")},!1)))}(window,document);\n\/* ]]> *\/\n<\/script>\n","thumbnail_url":"https:\/\/epochtimestr.com\/wp-content\/uploads\/2011y\/u\u00e7ak-10.jpg","thumbnail_width":664,"thumbnail_height":354,"description":"\u0130stanbul\u2019da etkili olan kar ya\u011f\u0131\u015f\u0131 nedeniyle Atat\u00fcrk ve Sabiha G\u00f6k\u00e7en Havalimanlar\u0131nda toplam 395 sefer iptal oldu. Yurt genelinde etkili olan kar ya\u011f\u0131\u015f\u0131 \u0130stanbul\u2019da da ak\u015fam saatlerinden itibaren etkisini g\u00f6stermeye ba\u015flad\u0131. \u00d6\u011flen saatlerinden itibaren h\u0131zla d\u00fc\u015fen s\u0131cakl\u0131\u011f\u0131n etkisiyle ilk olarak y\u00fcksek kesimlerde ba\u015flayan kar, ilerleyen saatlerde \u015fiddetini artt\u0131rarak \u0130stanbul genelini \u015fehir beyaz \u00f6rt\u00fcye b\u00fcr\u00fcd\u00fc. Yo\u011fun kar [&hellip;]"}