{"version":"1.0","provider_name":"The Epoch Times TR","provider_url":"https:\/\/epochtimestr.com","author_name":"S. \u00d6zcan","author_url":"https:\/\/epochtimestr.com\/index.php\/author\/n-kaya","title":"\u0130sve\u00e7, 12 Ya\u015f\u0131ndaki T\u00fcrk K\u0131z\u0131n\u0131 Konu\u015fuyor - The Epoch Times TR","type":"rich","width":600,"height":338,"html":"<blockquote class=\"wp-embedded-content\" data-secret=\"WHoNU1udy4\"><a href=\"https:\/\/epochtimestr.com\/index.php\/isvec-12-yasindaki-turk-kizini-konusuyor\">\u0130sve\u00e7, 12 Ya\u015f\u0131ndaki T\u00fcrk K\u0131z\u0131n\u0131 Konu\u015fuyor<\/a><\/blockquote><iframe sandbox=\"allow-scripts\" security=\"restricted\" src=\"https:\/\/epochtimestr.com\/index.php\/isvec-12-yasindaki-turk-kizini-konusuyor\/embed#?secret=WHoNU1udy4\" width=\"600\" height=\"338\" title=\"&#8220;\u0130sve\u00e7, 12 Ya\u015f\u0131ndaki T\u00fcrk K\u0131z\u0131n\u0131 Konu\u015fuyor&#8221; &#8212; The Epoch Times TR\" data-secret=\"WHoNU1udy4\" frameborder=\"0\" marginwidth=\"0\" marginheight=\"0\" scrolling=\"no\" class=\"wp-embedded-content\"><\/iframe><script type=\"text\/javascript\">\n\/* <![CDATA[ *\/\n\/*! This file is auto-generated *\/\n!function(d,l){\"use strict\";l.querySelector&&d.addEventListener&&\"undefined\"!=typeof URL&&(d.wp=d.wp||{},d.wp.receiveEmbedMessage||(d.wp.receiveEmbedMessage=function(e){var t=e.data;if((t||t.secret||t.message||t.value)&&!\/[^a-zA-Z0-9]\/.test(t.secret)){for(var s,r,n,a=l.querySelectorAll('iframe[data-secret=\"'+t.secret+'\"]'),o=l.querySelectorAll('blockquote[data-secret=\"'+t.secret+'\"]'),c=new RegExp(\"^https?:$\",\"i\"),i=0;i<o.length;i++)o[i].style.display=\"none\";for(i=0;i<a.length;i++)s=a[i],e.source===s.contentWindow&&(s.removeAttribute(\"style\"),\"height\"===t.message?(1e3<(r=parseInt(t.value,10))?r=1e3:~~r<200&&(r=200),s.height=r):\"link\"===t.message&&(r=new URL(s.getAttribute(\"src\")),n=new URL(t.value),c.test(n.protocol))&&n.host===r.host&&l.activeElement===s&&(d.top.location.href=t.value))}},d.addEventListener(\"message\",d.wp.receiveEmbedMessage,!1),l.addEventListener(\"DOMContentLoaded\",function(){for(var e,t,s=l.querySelectorAll(\"iframe.wp-embedded-content\"),r=0;r<s.length;r++)(t=(e=s[r]).getAttribute(\"data-secret\"))||(t=Math.random().toString(36).substring(2,12),e.src+=\"#?secret=\"+t,e.setAttribute(\"data-secret\",t)),e.contentWindow.postMessage({message:\"ready\",secret:t},\"*\")},!1)))}(window,document);\n\/* ]]> *\/\n<\/script>\n","thumbnail_url":"https:\/\/epochtimestr.com\/wp-content\/uploads\/2011y\/isvec-turk-kizi-melisayi-konusuyor-927988-664x354.jpg","thumbnail_width":500,"thumbnail_height":266,"description":"\u0130sve\u00e7\u2019te do\u011fup b\u00fcy\u00fcyen 12 ya\u015f\u0131ndaki T\u00fcrk K\u0131z\u0131 Melisa Do\u011fanay, uluslararas\u0131 bir dans yar\u0131\u015fmas\u0131nda birinci\u00a0oldu. K\u00fc\u00e7\u00fck ya\u015fta g\u00fcre\u015f sporuna ba\u015flayarak \u0130sve\u00e7 minikler milli tak\u0131m\u0131nda madalya ve kupalar kazanan Melisa\u2019ya, \u0130sve\u00e7liler \u201cMonster Girl\u201d (canavar k\u0131z) lakab\u0131n\u0131 takt\u0131. \u00dclkede gazete ve televizyonlar T\u00fcrk k\u0131z\u0131ndan \u00f6vg\u00fcyle bahsederken, Melisa yar\u0131\u015fmadan 5 bin \u0130sve\u00e7 kronu kazand\u0131. Marmarisli Kenan Aydo\u011fan, 17 y\u0131l [&hellip;]"}