{"version":"1.0","provider_name":"The Epoch Times TR","provider_url":"https:\/\/epochtimestr.com","author_name":"\u00c7.Akdeniz","author_url":"https:\/\/epochtimestr.com\/index.php\/author\/cigdem","title":"\u0130talya Parlamentosunda Milletvekilleri Birbirlerini Bo\u011fazlad\u0131 - The Epoch Times TR","type":"rich","width":600,"height":338,"html":"<blockquote class=\"wp-embedded-content\" data-secret=\"uKdcyXPk5T\"><a href=\"https:\/\/epochtimestr.com\/index.php\/italya-parlamentosun-da-milletvekilleri-birbirlerini-bogazladi\">\u0130talya Parlamentosunda Milletvekilleri Birbirlerini Bo\u011fazlad\u0131<\/a><\/blockquote><iframe sandbox=\"allow-scripts\" security=\"restricted\" src=\"https:\/\/epochtimestr.com\/index.php\/italya-parlamentosun-da-milletvekilleri-birbirlerini-bogazladi\/embed#?secret=uKdcyXPk5T\" width=\"600\" height=\"338\" title=\"&#8220;\u0130talya Parlamentosunda Milletvekilleri Birbirlerini Bo\u011fazlad\u0131&#8221; &#8212; The Epoch Times TR\" data-secret=\"uKdcyXPk5T\" frameborder=\"0\" marginwidth=\"0\" marginheight=\"0\" scrolling=\"no\" class=\"wp-embedded-content\"><\/iframe><script type=\"text\/javascript\">\n\/* <![CDATA[ *\/\n\/*! This file is auto-generated *\/\n!function(d,l){\"use strict\";l.querySelector&&d.addEventListener&&\"undefined\"!=typeof URL&&(d.wp=d.wp||{},d.wp.receiveEmbedMessage||(d.wp.receiveEmbedMessage=function(e){var t=e.data;if((t||t.secret||t.message||t.value)&&!\/[^a-zA-Z0-9]\/.test(t.secret)){for(var s,r,n,a=l.querySelectorAll('iframe[data-secret=\"'+t.secret+'\"]'),o=l.querySelectorAll('blockquote[data-secret=\"'+t.secret+'\"]'),c=new RegExp(\"^https?:$\",\"i\"),i=0;i<o.length;i++)o[i].style.display=\"none\";for(i=0;i<a.length;i++)s=a[i],e.source===s.contentWindow&&(s.removeAttribute(\"style\"),\"height\"===t.message?(1e3<(r=parseInt(t.value,10))?r=1e3:~~r<200&&(r=200),s.height=r):\"link\"===t.message&&(r=new URL(s.getAttribute(\"src\")),n=new URL(t.value),c.test(n.protocol))&&n.host===r.host&&l.activeElement===s&&(d.top.location.href=t.value))}},d.addEventListener(\"message\",d.wp.receiveEmbedMessage,!1),l.addEventListener(\"DOMContentLoaded\",function(){for(var e,t,s=l.querySelectorAll(\"iframe.wp-embedded-content\"),r=0;r<s.length;r++)(t=(e=s[r]).getAttribute(\"data-secret\"))||(t=Math.random().toString(36).substring(2,12),e.src+=\"#?secret=\"+t,e.setAttribute(\"data-secret\",t)),e.contentWindow.postMessage({message:\"ready\",secret:t},\"*\")},!1)))}(window,document);\n\/* ]]> *\/\n<\/script>\n","description":"\u0130talya ekonomik kriz ile bo\u011fu\u015furken, tasarruf \u00f6nlemleri ararken, emeklilik ya\u015f\u0131n\u0131 y\u00fckseltmek i\u00e7in yasa \u00e7\u0131kar\u0131lmas\u0131n\u0131 tart\u0131\u015f\u0131rken milletvekilleri aras\u0131nda kavga \u00e7\u0131kt\u0131. Roma\u2019da mecliste emeklilik yasa tasar\u0131s\u0131n\u0131 tart\u0131\u015f\u0131rken gerilim meydana geldi ve yumruklar havada u\u00e7u\u015ftu. \u0130ktidar partisine mensup iki \u00fcye ve muhalefet FLI parti \u00fcyeleri aras\u0131nda \u00e7\u0131kan kavgada, \u00a0video g\u00f6r\u00fcnt\u00fclerine ve foto\u011fraflara g\u00f6re birbirlerinin bo\u011fazlar\u0131na sar\u0131ld\u0131lar. FLI partisinin [&hellip;]","thumbnail_url":"http:\/\/www.epochtimestr.com\/wp-content\/uploads\/2011y\/Silvio-Berlusconi.jpg"}