{"version":"1.0","provider_name":"The Epoch Times TR","provider_url":"https:\/\/epochtimestr.com","author_name":"D.Alk\u0131n","author_url":"https:\/\/epochtimestr.com\/index.php\/author\/derya","title":"Japonya, 2030'a kadar 14 n\u00fckleer santral in\u015fa edecek   - The Epoch Times TR","type":"rich","width":600,"height":338,"html":"<blockquote class=\"wp-embedded-content\" data-secret=\"zuI6nTh0PW\"><a href=\"https:\/\/epochtimestr.com\/index.php\/japonya-2030a-kadar-14-nukleer-santral-insa-edecek\">Japonya, 2030&#8217;a kadar 14 n\u00fckleer santral in\u015fa edecek<\/a><\/blockquote><iframe sandbox=\"allow-scripts\" security=\"restricted\" src=\"https:\/\/epochtimestr.com\/index.php\/japonya-2030a-kadar-14-nukleer-santral-insa-edecek\/embed#?secret=zuI6nTh0PW\" width=\"600\" height=\"338\" title=\"&#8220;Japonya, 2030&#8217;a kadar 14 n\u00fckleer santral in\u015fa edecek&#8221; &#8212; The Epoch Times TR\" data-secret=\"zuI6nTh0PW\" frameborder=\"0\" marginwidth=\"0\" marginheight=\"0\" scrolling=\"no\" class=\"wp-embedded-content\"><\/iframe><script type=\"text\/javascript\">\n\/* <![CDATA[ *\/\n\/*! This file is auto-generated *\/\n!function(d,l){\"use strict\";l.querySelector&&d.addEventListener&&\"undefined\"!=typeof URL&&(d.wp=d.wp||{},d.wp.receiveEmbedMessage||(d.wp.receiveEmbedMessage=function(e){var t=e.data;if((t||t.secret||t.message||t.value)&&!\/[^a-zA-Z0-9]\/.test(t.secret)){for(var s,r,n,a=l.querySelectorAll('iframe[data-secret=\"'+t.secret+'\"]'),o=l.querySelectorAll('blockquote[data-secret=\"'+t.secret+'\"]'),c=new RegExp(\"^https?:$\",\"i\"),i=0;i<o.length;i++)o[i].style.display=\"none\";for(i=0;i<a.length;i++)s=a[i],e.source===s.contentWindow&&(s.removeAttribute(\"style\"),\"height\"===t.message?(1e3<(r=parseInt(t.value,10))?r=1e3:~~r<200&&(r=200),s.height=r):\"link\"===t.message&&(r=new URL(s.getAttribute(\"src\")),n=new URL(t.value),c.test(n.protocol))&&n.host===r.host&&l.activeElement===s&&(d.top.location.href=t.value))}},d.addEventListener(\"message\",d.wp.receiveEmbedMessage,!1),l.addEventListener(\"DOMContentLoaded\",function(){for(var e,t,s=l.querySelectorAll(\"iframe.wp-embedded-content\"),r=0;r<s.length;r++)(t=(e=s[r]).getAttribute(\"data-secret\"))||(t=Math.random().toString(36).substring(2,12),e.src+=\"#?secret=\"+t,e.setAttribute(\"data-secret\",t)),e.contentWindow.postMessage({message:\"ready\",secret:t},\"*\")},!1)))}(window,document);\n\/* ]]> *\/\n<\/script>\n","description":"TOKYO&#8211; Japonya&#8217;n\u0131n \u00f6n\u00fcm\u00fczdeki 20 y\u0131l zarf\u0131nda 14 n\u00fckleer santral in\u015fa edece\u011fi bildirildi. Enerji kayna\u011f\u0131 bak\u0131m\u0131ndan yoksun olan Japonya, yeni n\u00fckleer santraller in\u015fa ederek giderek artan enerji ihtiyac\u0131n\u0131 kar\u015f\u0131lamay\u0131 hedefliyor. Yerel elektrik ihtiyac\u0131n\u0131n \u00fc\u00e7te birinin n\u00fckleer santrallerden kar\u015f\u0131layan Japonya, bu rakam\u0131 y\u00fczde 70&#8217;e \u00e7\u0131karmay\u0131 ama\u00e7l\u0131yor. Enerji kaynaklar\u0131 \u00e7ok az olan Japonya, yerel elektrik kullan\u0131m\u0131n\u0131n \u00fc\u00e7te birini [&hellip;]","thumbnail_url":"http:\/\/www.epochtimestr.com\/wp-content\/uploads\/2010\/mart\/1399449_p-150x150.jpg"}