{"version":"1.0","provider_name":"The Epoch Times TR","provider_url":"https:\/\/epochtimestr.com","author_name":"\u00c7.Akdeniz","author_url":"https:\/\/epochtimestr.com\/index.php\/author\/cigdem","title":"Japonya Ba\u015fbakan\u0131 Naoto Kan \u0130stifa Etti - The Epoch Times TR","type":"rich","width":600,"height":338,"html":"<blockquote class=\"wp-embedded-content\" data-secret=\"EJfN2am7oy\"><a href=\"https:\/\/epochtimestr.com\/index.php\/japonya-basbakani-naoto-kan-istifa-etti\">Japonya Ba\u015fbakan\u0131 Naoto Kan \u0130stifa Etti<\/a><\/blockquote><iframe sandbox=\"allow-scripts\" security=\"restricted\" src=\"https:\/\/epochtimestr.com\/index.php\/japonya-basbakani-naoto-kan-istifa-etti\/embed#?secret=EJfN2am7oy\" width=\"600\" height=\"338\" title=\"&#8220;Japonya Ba\u015fbakan\u0131 Naoto Kan \u0130stifa Etti&#8221; &#8212; The Epoch Times TR\" data-secret=\"EJfN2am7oy\" frameborder=\"0\" marginwidth=\"0\" marginheight=\"0\" scrolling=\"no\" class=\"wp-embedded-content\"><\/iframe><script type=\"text\/javascript\">\n\/* <![CDATA[ *\/\n\/*! This file is auto-generated *\/\n!function(d,l){\"use strict\";l.querySelector&&d.addEventListener&&\"undefined\"!=typeof URL&&(d.wp=d.wp||{},d.wp.receiveEmbedMessage||(d.wp.receiveEmbedMessage=function(e){var t=e.data;if((t||t.secret||t.message||t.value)&&!\/[^a-zA-Z0-9]\/.test(t.secret)){for(var s,r,n,a=l.querySelectorAll('iframe[data-secret=\"'+t.secret+'\"]'),o=l.querySelectorAll('blockquote[data-secret=\"'+t.secret+'\"]'),c=new RegExp(\"^https?:$\",\"i\"),i=0;i<o.length;i++)o[i].style.display=\"none\";for(i=0;i<a.length;i++)s=a[i],e.source===s.contentWindow&&(s.removeAttribute(\"style\"),\"height\"===t.message?(1e3<(r=parseInt(t.value,10))?r=1e3:~~r<200&&(r=200),s.height=r):\"link\"===t.message&&(r=new URL(s.getAttribute(\"src\")),n=new URL(t.value),c.test(n.protocol))&&n.host===r.host&&l.activeElement===s&&(d.top.location.href=t.value))}},d.addEventListener(\"message\",d.wp.receiveEmbedMessage,!1),l.addEventListener(\"DOMContentLoaded\",function(){for(var e,t,s=l.querySelectorAll(\"iframe.wp-embedded-content\"),r=0;r<s.length;r++)(t=(e=s[r]).getAttribute(\"data-secret\"))||(t=Math.random().toString(36).substring(2,12),e.src+=\"#?secret=\"+t,e.setAttribute(\"data-secret\",t)),e.contentWindow.postMessage({message:\"ready\",secret:t},\"*\")},!1)))}(window,document);\n\/* ]]> *\/\n<\/script>\n","description":"Daha \u00f6nce istifa edece\u011fini belirtmi\u015f olan Japonya Ba\u015fbakan\u0131 Naoto Kan d\u00fcn resmen istifas\u0131n\u0131 a\u00e7\u0131klad\u0131. Meydana gelen \u00fc\u00e7l\u00fc felaket- deprem, tsunami ve radyasyon felaketi sonras\u0131nda \u015fiddetli ele\u015ftirilere maruz kalan Kan,\u00a0 cuma g\u00fcn\u00fc kendi partisinin y\u00f6netim kurulunda yapt\u0131\u011f\u0131 a\u00e7\u0131klamada istifa etti\u011fini s\u00f6yledi. Japonya\u2019da meydana gelen do\u011fal felaketler kar\u015f\u0131s\u0131nda ald\u0131\u011f\u0131 \u00f6nlemlerin yetersiz olmas\u0131 ile ele\u015ftirilen Kan\u2019\u0131n istifas\u0131, haziran [&hellip;]","thumbnail_url":"http:\/\/www.epochtimestr.com\/wp-content\/uploads\/2011y\/Naoto-Kan.jpg"}