{"version":"1.0","provider_name":"The Epoch Times TR","provider_url":"https:\/\/epochtimestr.com","author_name":"G.Hakan Ko\u00e7man","author_url":"https:\/\/epochtimestr.com\/index.php\/author\/hakan","title":"\u00c7in'de Jiang Zemin Kanad\u0131n\u0131n \u00c7\u00f6k\u00fc\u015f\u00fcn E\u015fi\u011finde Oldu\u011fu S\u00f6yleniyor  - The Epoch Times TR","type":"rich","width":600,"height":338,"html":"<blockquote class=\"wp-embedded-content\" data-secret=\"KPOyoqf2xh\"><a href=\"https:\/\/epochtimestr.com\/index.php\/jiang-zemin-kanadi-cokusun-esiginde\">\u00c7in&#8217;de Jiang Zemin Kanad\u0131n\u0131n \u00c7\u00f6k\u00fc\u015f\u00fcn E\u015fi\u011finde Oldu\u011fu S\u00f6yleniyor<\/a><\/blockquote><iframe sandbox=\"allow-scripts\" security=\"restricted\" src=\"https:\/\/epochtimestr.com\/index.php\/jiang-zemin-kanadi-cokusun-esiginde\/embed#?secret=KPOyoqf2xh\" width=\"600\" height=\"338\" title=\"&#8220;\u00c7in&#8217;de Jiang Zemin Kanad\u0131n\u0131n \u00c7\u00f6k\u00fc\u015f\u00fcn E\u015fi\u011finde Oldu\u011fu S\u00f6yleniyor&#8221; &#8212; The Epoch Times TR\" data-secret=\"KPOyoqf2xh\" frameborder=\"0\" marginwidth=\"0\" marginheight=\"0\" scrolling=\"no\" class=\"wp-embedded-content\"><\/iframe><script type=\"text\/javascript\">\n\/* <![CDATA[ *\/\n\/*! This file is auto-generated *\/\n!function(d,l){\"use strict\";l.querySelector&&d.addEventListener&&\"undefined\"!=typeof URL&&(d.wp=d.wp||{},d.wp.receiveEmbedMessage||(d.wp.receiveEmbedMessage=function(e){var t=e.data;if((t||t.secret||t.message||t.value)&&!\/[^a-zA-Z0-9]\/.test(t.secret)){for(var s,r,n,a=l.querySelectorAll('iframe[data-secret=\"'+t.secret+'\"]'),o=l.querySelectorAll('blockquote[data-secret=\"'+t.secret+'\"]'),c=new RegExp(\"^https?:$\",\"i\"),i=0;i<o.length;i++)o[i].style.display=\"none\";for(i=0;i<a.length;i++)s=a[i],e.source===s.contentWindow&&(s.removeAttribute(\"style\"),\"height\"===t.message?(1e3<(r=parseInt(t.value,10))?r=1e3:~~r<200&&(r=200),s.height=r):\"link\"===t.message&&(r=new URL(s.getAttribute(\"src\")),n=new URL(t.value),c.test(n.protocol))&&n.host===r.host&&l.activeElement===s&&(d.top.location.href=t.value))}},d.addEventListener(\"message\",d.wp.receiveEmbedMessage,!1),l.addEventListener(\"DOMContentLoaded\",function(){for(var e,t,s=l.querySelectorAll(\"iframe.wp-embedded-content\"),r=0;r<s.length;r++)(t=(e=s[r]).getAttribute(\"data-secret\"))||(t=Math.random().toString(36).substring(2,12),e.src+=\"#?secret=\"+t,e.setAttribute(\"data-secret\",t)),e.contentWindow.postMessage({message:\"ready\",secret:t},\"*\")},!1)))}(window,document);\n\/* ]]> *\/\n<\/script>\n","thumbnail_url":"https:\/\/epochtimestr.com\/wp-content\/uploads\/2011y\/Jiang-Zemin.jpg","thumbnail_width":350,"thumbnail_height":262,"description":"\u015eubat ay\u0131ndaki Wang Lijun olay\u0131ndan beri eski Parti lideri Jiang Zemin kanad\u0131na ba\u011fl\u0131l\u0131\u011f\u0131 ile bilinen bir\u00e7ok \u00c7in Kom\u00fcnist Partisi (\u00c7KP) yetkilisi \u015fu andaki Parti lideri Hu Jintao ve yeni Parti lideri olmas\u0131 beklenen Xi Jinping\u2019e ba\u011fl\u0131l\u0131\u011f\u0131n\u0131 bildirdiler. Bir\u00e7ok ki\u015fi bu durumun meydana gelme sebebini Jiang Zemin\u2019in bitkisel hayatta oldu\u011fu ve politik olaylar\u0131 y\u00f6nlendiremedi\u011fi s\u00f6ylentilerine dayand\u0131r\u0131yor. [&hellip;]"}