{"version":"1.0","provider_name":"The Epoch Times TR","provider_url":"https:\/\/epochtimestr.com","author_name":"\u00c7.Akdeniz","author_url":"https:\/\/epochtimestr.com\/index.php\/author\/cigdem","title":"Kaddafi \u00dclkesini Terk Edecek mi? - The Epoch Times TR","type":"rich","width":600,"height":338,"html":"<blockquote class=\"wp-embedded-content\" data-secret=\"etOVUfj3dk\"><a href=\"https:\/\/epochtimestr.com\/index.php\/kaddafi-ulkesini-terk-edecek-mi\">Kaddafi \u00dclkesini Terk Edecek mi?<\/a><\/blockquote><iframe sandbox=\"allow-scripts\" security=\"restricted\" src=\"https:\/\/epochtimestr.com\/index.php\/kaddafi-ulkesini-terk-edecek-mi\/embed#?secret=etOVUfj3dk\" width=\"600\" height=\"338\" title=\"&#8220;Kaddafi \u00dclkesini Terk Edecek mi?&#8221; &#8212; The Epoch Times TR\" data-secret=\"etOVUfj3dk\" frameborder=\"0\" marginwidth=\"0\" marginheight=\"0\" scrolling=\"no\" class=\"wp-embedded-content\"><\/iframe><script type=\"text\/javascript\">\n\/* <![CDATA[ *\/\n\/*! This file is auto-generated *\/\n!function(d,l){\"use strict\";l.querySelector&&d.addEventListener&&\"undefined\"!=typeof URL&&(d.wp=d.wp||{},d.wp.receiveEmbedMessage||(d.wp.receiveEmbedMessage=function(e){var t=e.data;if((t||t.secret||t.message||t.value)&&!\/[^a-zA-Z0-9]\/.test(t.secret)){for(var s,r,n,a=l.querySelectorAll('iframe[data-secret=\"'+t.secret+'\"]'),o=l.querySelectorAll('blockquote[data-secret=\"'+t.secret+'\"]'),c=new RegExp(\"^https?:$\",\"i\"),i=0;i<o.length;i++)o[i].style.display=\"none\";for(i=0;i<a.length;i++)s=a[i],e.source===s.contentWindow&&(s.removeAttribute(\"style\"),\"height\"===t.message?(1e3<(r=parseInt(t.value,10))?r=1e3:~~r<200&&(r=200),s.height=r):\"link\"===t.message&&(r=new URL(s.getAttribute(\"src\")),n=new URL(t.value),c.test(n.protocol))&&n.host===r.host&&l.activeElement===s&&(d.top.location.href=t.value))}},d.addEventListener(\"message\",d.wp.receiveEmbedMessage,!1),l.addEventListener(\"DOMContentLoaded\",function(){for(var e,t,s=l.querySelectorAll(\"iframe.wp-embedded-content\"),r=0;r<s.length;r++)(t=(e=s[r]).getAttribute(\"data-secret\"))||(t=Math.random().toString(36).substring(2,12),e.src+=\"#?secret=\"+t,e.setAttribute(\"data-secret\",t)),e.contentWindow.postMessage({message:\"ready\",secret:t},\"*\")},!1)))}(window,document);\n\/* ]]> *\/\n<\/script>\n","description":"Eski d\u0131\u015f i\u015fleri bakan\u0131 Abdurrahman \u015ealgam, \u0130talyan medyas\u0131nda yapt\u0131\u011f\u0131 a\u00e7\u0131klamas\u0131nda Kaddafi\u2019nin Libya\u2019dan ayr\u0131laca\u011f\u0131n\u0131 d\u00fc\u015f\u00fcnd\u00fc\u011f\u00fcn\u00fc s\u00f6yledi. Kaddafi\u2019nin \u00dcleden ayr\u0131labilmesi i\u00e7in baz\u0131 ko\u015fullar\u0131 sa\u011flayabilme \u00e7abas\u0131nda oldu\u011funu s\u00f6yledi. \u00dclkeden ayr\u0131ld\u0131\u011f\u0131 vakit paras\u0131n\u0131n olmas\u0131 ve Uluslararas\u0131 Ceza Mahkemesine kar\u015f\u0131n koruma arad\u0131\u011f\u0131n\u0131 belirtti. Bunlar\u0131 sa\u011flayabilirse \u00fclkeden en fazla iki veya \u00fc\u00e7 hafta i\u00e7inde \u00fclkeden ayr\u0131laca\u011f\u0131n\u0131 s\u00f6yledi. Kaddafi\u2019nin iktidar\u0131 terk etme [&hellip;]","thumbnail_url":"http:\/\/www.epochtimestr.com\/wp-content\/uploads\/2011y\/Libyada-isyan.jpg"}