{"version":"1.0","provider_name":"The Epoch Times TR","provider_url":"https:\/\/epochtimestr.com","author_name":"\u00c7.Akdeniz","author_url":"https:\/\/epochtimestr.com\/index.php\/author\/cigdem","title":"Kaddafi'nin k\u00fc\u00e7\u00fck o\u011flu \u00f6ld\u00fc m\u00fc? - The Epoch Times TR","type":"rich","width":600,"height":338,"html":"<blockquote class=\"wp-embedded-content\" data-secret=\"hvxlHLx8bY\"><a href=\"https:\/\/epochtimestr.com\/index.php\/kaddafinin-kucuk-oglu-oldu-mu\">Kaddafi&#8217;nin k\u00fc\u00e7\u00fck o\u011flu \u00f6ld\u00fc m\u00fc?<\/a><\/blockquote><iframe sandbox=\"allow-scripts\" security=\"restricted\" src=\"https:\/\/epochtimestr.com\/index.php\/kaddafinin-kucuk-oglu-oldu-mu\/embed#?secret=hvxlHLx8bY\" width=\"600\" height=\"338\" title=\"&#8220;Kaddafi&#8217;nin k\u00fc\u00e7\u00fck o\u011flu \u00f6ld\u00fc m\u00fc?&#8221; &#8212; The Epoch Times TR\" data-secret=\"hvxlHLx8bY\" frameborder=\"0\" marginwidth=\"0\" marginheight=\"0\" scrolling=\"no\" class=\"wp-embedded-content\"><\/iframe><script type=\"text\/javascript\">\n\/* <![CDATA[ *\/\n\/*! This file is auto-generated *\/\n!function(d,l){\"use strict\";l.querySelector&&d.addEventListener&&\"undefined\"!=typeof URL&&(d.wp=d.wp||{},d.wp.receiveEmbedMessage||(d.wp.receiveEmbedMessage=function(e){var t=e.data;if((t||t.secret||t.message||t.value)&&!\/[^a-zA-Z0-9]\/.test(t.secret)){for(var s,r,n,a=l.querySelectorAll('iframe[data-secret=\"'+t.secret+'\"]'),o=l.querySelectorAll('blockquote[data-secret=\"'+t.secret+'\"]'),c=new RegExp(\"^https?:$\",\"i\"),i=0;i<o.length;i++)o[i].style.display=\"none\";for(i=0;i<a.length;i++)s=a[i],e.source===s.contentWindow&&(s.removeAttribute(\"style\"),\"height\"===t.message?(1e3<(r=parseInt(t.value,10))?r=1e3:~~r<200&&(r=200),s.height=r):\"link\"===t.message&&(r=new URL(s.getAttribute(\"src\")),n=new URL(t.value),c.test(n.protocol))&&n.host===r.host&&l.activeElement===s&&(d.top.location.href=t.value))}},d.addEventListener(\"message\",d.wp.receiveEmbedMessage,!1),l.addEventListener(\"DOMContentLoaded\",function(){for(var e,t,s=l.querySelectorAll(\"iframe.wp-embedded-content\"),r=0;r<s.length;r++)(t=(e=s[r]).getAttribute(\"data-secret\"))||(t=Math.random().toString(36).substring(2,12),e.src+=\"#?secret=\"+t,e.setAttribute(\"data-secret\",t)),e.contentWindow.postMessage({message:\"ready\",secret:t},\"*\")},!1)))}(window,document);\n\/* ]]> *\/\n<\/script>\n","description":"Libya Muhaliflerin s\u00f6zc\u00fcs\u00fc, d\u00fcn gece ba\u015fkent Trablus\u2019un 150 km do\u011fusundaki Ziliten b\u00f6lgesinde d\u00fczenlenen operasyonda Kaddafi\u2019nin k\u00fc\u00e7\u00fck o\u011flu olan 27 ya\u015f\u0131ndaki Hamis Kaddafi\u2019nin \u00f6ld\u00fc\u011f\u00fcn\u00fc a\u00e7\u0131klad\u0131. Hamis Kaddafi, Libya h\u00fck\u00fcmetinin en sad\u0131k askeri birimlerinden biri olan 32. Tugay\u0131n ba\u015f\u0131nda g\u00f6rev yap\u0131yordu. NATO yapt\u0131\u011f\u0131 a\u00e7\u0131klamada, Kaddafi\u2019nin o\u011flunun yap\u0131lan bildirilere g\u00f6re \u00f6ld\u00fc\u011f\u00fcn\u00fc fakat bunun daha kesinle\u015fmedi\u011fini s\u00f6yledi. Per\u015fembe gecesi [&hellip;]","thumbnail_url":"http:\/\/www.epochtimestr.com\/wp-content\/uploads\/2011y\/Libya-Muhalifler.jpg"}