{"version":"1.0","provider_name":"The Epoch Times TR","provider_url":"https:\/\/epochtimestr.com","author_name":"S. \u00d6zcan","author_url":"https:\/\/epochtimestr.com\/index.php\/author\/n-kaya","title":"Kaddafi\u2019nin O\u011flu \u0130dam Cezas\u0131na \u00c7arpt\u0131r\u0131ld\u0131 - The Epoch Times TR","type":"rich","width":600,"height":338,"html":"<blockquote class=\"wp-embedded-content\" data-secret=\"4laqVRQOrd\"><a href=\"https:\/\/epochtimestr.com\/index.php\/kaddafinin-oglu-idam-cezasina-carptirildi\">Kaddafi\u2019nin O\u011flu \u0130dam Cezas\u0131na \u00c7arpt\u0131r\u0131ld\u0131<\/a><\/blockquote><iframe sandbox=\"allow-scripts\" security=\"restricted\" src=\"https:\/\/epochtimestr.com\/index.php\/kaddafinin-oglu-idam-cezasina-carptirildi\/embed#?secret=4laqVRQOrd\" width=\"600\" height=\"338\" title=\"&#8220;Kaddafi\u2019nin O\u011flu \u0130dam Cezas\u0131na \u00c7arpt\u0131r\u0131ld\u0131&#8221; &#8212; The Epoch Times TR\" data-secret=\"4laqVRQOrd\" frameborder=\"0\" marginwidth=\"0\" marginheight=\"0\" scrolling=\"no\" class=\"wp-embedded-content\"><\/iframe><script type=\"text\/javascript\">\n\/* <![CDATA[ *\/\n\/*! This file is auto-generated *\/\n!function(d,l){\"use strict\";l.querySelector&&d.addEventListener&&\"undefined\"!=typeof URL&&(d.wp=d.wp||{},d.wp.receiveEmbedMessage||(d.wp.receiveEmbedMessage=function(e){var t=e.data;if((t||t.secret||t.message||t.value)&&!\/[^a-zA-Z0-9]\/.test(t.secret)){for(var s,r,n,a=l.querySelectorAll('iframe[data-secret=\"'+t.secret+'\"]'),o=l.querySelectorAll('blockquote[data-secret=\"'+t.secret+'\"]'),c=new RegExp(\"^https?:$\",\"i\"),i=0;i<o.length;i++)o[i].style.display=\"none\";for(i=0;i<a.length;i++)s=a[i],e.source===s.contentWindow&&(s.removeAttribute(\"style\"),\"height\"===t.message?(1e3<(r=parseInt(t.value,10))?r=1e3:~~r<200&&(r=200),s.height=r):\"link\"===t.message&&(r=new URL(s.getAttribute(\"src\")),n=new URL(t.value),c.test(n.protocol))&&n.host===r.host&&l.activeElement===s&&(d.top.location.href=t.value))}},d.addEventListener(\"message\",d.wp.receiveEmbedMessage,!1),l.addEventListener(\"DOMContentLoaded\",function(){for(var e,t,s=l.querySelectorAll(\"iframe.wp-embedded-content\"),r=0;r<s.length;r++)(t=(e=s[r]).getAttribute(\"data-secret\"))||(t=Math.random().toString(36).substring(2,12),e.src+=\"#?secret=\"+t,e.setAttribute(\"data-secret\",t)),e.contentWindow.postMessage({message:\"ready\",secret:t},\"*\")},!1)))}(window,document);\n\/* ]]> *\/\n<\/script>\n","thumbnail_url":"https:\/\/epochtimestr.com\/wp-content\/uploads\/2011y\/kaddafinin-ogluna-idam-cezasi-1141004-664x354.jpg","thumbnail_width":600,"thumbnail_height":319,"description":"Libya\u2019da bir mahkeme, Muammer Kaddafi\u2019nin o\u011flu Seyf\u00fclislam Kaddafi ve 8 ki\u015fiyi idam cezas\u0131na \u00e7arpt\u0131rd\u0131. Bug\u00fcn yap\u0131lan duru\u015fmaya Seyf\u00fclislam Kaddafi kat\u0131lmazken, su\u00e7lamalara hakk\u0131ndaki video linkleri kan\u0131t olarak sunuldu. Cezan\u0131n Kaddafi\u2019ye 2011 y\u0131l\u0131nda ba\u015flayan ayaklanma s\u0131ras\u0131nda i\u015fledikleri sava\u015f su\u00e7lar\u0131 nedeniyle verildi\u011fi belirtildi. \u00d6te yandan eski \u0130stihbarat \u015fefi Abdullah Es Senussi ve eski Ba\u015fbakan Ba\u011fdadi el Mahmudi\u2019ye de [&hellip;]"}