{"version":"1.0","provider_name":"The Epoch Times TR","provider_url":"https:\/\/epochtimestr.com","author_name":"O.Bugdayci","author_url":"https:\/\/epochtimestr.com\/index.php\/author\/ozan","title":"Kavramlar\u0131n \u0130\u00e7ini Bo\u015faltmak - The Epoch Times TR","type":"rich","width":600,"height":338,"html":"<blockquote class=\"wp-embedded-content\" data-secret=\"3kK0Bj3A0U\"><a href=\"https:\/\/epochtimestr.com\/index.php\/kavramlarin-icini-bizler-bosaltiyoruz\">Kavramlar\u0131n \u0130\u00e7ini Bo\u015faltmak<\/a><\/blockquote><iframe sandbox=\"allow-scripts\" security=\"restricted\" src=\"https:\/\/epochtimestr.com\/index.php\/kavramlarin-icini-bizler-bosaltiyoruz\/embed#?secret=3kK0Bj3A0U\" width=\"600\" height=\"338\" title=\"&#8220;Kavramlar\u0131n \u0130\u00e7ini Bo\u015faltmak&#8221; &#8212; The Epoch Times TR\" data-secret=\"3kK0Bj3A0U\" frameborder=\"0\" marginwidth=\"0\" marginheight=\"0\" scrolling=\"no\" class=\"wp-embedded-content\"><\/iframe><script type=\"text\/javascript\">\n\/* <![CDATA[ *\/\n\/*! This file is auto-generated *\/\n!function(d,l){\"use strict\";l.querySelector&&d.addEventListener&&\"undefined\"!=typeof URL&&(d.wp=d.wp||{},d.wp.receiveEmbedMessage||(d.wp.receiveEmbedMessage=function(e){var t=e.data;if((t||t.secret||t.message||t.value)&&!\/[^a-zA-Z0-9]\/.test(t.secret)){for(var s,r,n,a=l.querySelectorAll('iframe[data-secret=\"'+t.secret+'\"]'),o=l.querySelectorAll('blockquote[data-secret=\"'+t.secret+'\"]'),c=new RegExp(\"^https?:$\",\"i\"),i=0;i<o.length;i++)o[i].style.display=\"none\";for(i=0;i<a.length;i++)s=a[i],e.source===s.contentWindow&&(s.removeAttribute(\"style\"),\"height\"===t.message?(1e3<(r=parseInt(t.value,10))?r=1e3:~~r<200&&(r=200),s.height=r):\"link\"===t.message&&(r=new URL(s.getAttribute(\"src\")),n=new URL(t.value),c.test(n.protocol))&&n.host===r.host&&l.activeElement===s&&(d.top.location.href=t.value))}},d.addEventListener(\"message\",d.wp.receiveEmbedMessage,!1),l.addEventListener(\"DOMContentLoaded\",function(){for(var e,t,s=l.querySelectorAll(\"iframe.wp-embedded-content\"),r=0;r<s.length;r++)(t=(e=s[r]).getAttribute(\"data-secret\"))||(t=Math.random().toString(36).substring(2,12),e.src+=\"#?secret=\"+t,e.setAttribute(\"data-secret\",t)),e.contentWindow.postMessage({message:\"ready\",secret:t},\"*\")},!1)))}(window,document);\n\/* ]]> *\/\n<\/script>\n","description":"Bir zamanlar naziler, yahudileri toplama kamplar\u0131na almaya ba\u015flam\u0131\u015flar. Bunu fark eden kesimler de d\u00fcnya kamuoyunu ciddi bir \u015fekilde uyarm\u0131\u015flar. \u00c7ok b\u00fcy\u00fck katliamlar\u0131n yap\u0131ld\u0131\u011f\u0131n\u0131, b\u00fcy\u00fck insanl\u0131k su\u00e7lar\u0131 i\u015flendi\u011fini anlatmaya \u00e7al\u0131\u015fm\u0131\u015f fakat seslerini duyuramam\u0131\u015flar. \u0130nsanlardan sabun yap\u0131l\u0131rken, kimse k\u0131l\u0131n\u0131 bile k\u0131p\u0131rdatmam\u0131\u015f. Fakat bug\u00fcn o olay, insanl\u0131\u011f\u0131n en b\u00fcy\u00fck utan\u00e7lar\u0131ndan birisi olmay\u0131 s\u00fcrd\u00fcr\u00fcyor. Hepimiz \u00e7ok iyi biliyoruz ki, [&hellip;]","thumbnail_url":"http:\/\/www.epochtimestr.com\/wp-content\/uploads\/2010\/mart\/2485931030_6aa5f26da2_o-300x195.jpg"}