{"version":"1.0","provider_name":"The Epoch Times TR","provider_url":"https:\/\/epochtimestr.com","author_name":"G.Hakan Ko\u00e7man","author_url":"https:\/\/epochtimestr.com\/index.php\/author\/hakan","title":"K\u0131l\u0131\u00e7daro\u011flu: Halk\u0131n \u0130radesine Darbe Vuruldu - The Epoch Times TR","type":"rich","width":600,"height":338,"html":"<blockquote class=\"wp-embedded-content\" data-secret=\"wFJPXZe0ts\"><a href=\"https:\/\/epochtimestr.com\/index.php\/kilicdaroglu-halkin-iradesine-darbe-vuruldu\">K\u0131l\u0131\u00e7daro\u011flu: Halk\u0131n \u0130radesine Darbe Vuruldu<\/a><\/blockquote><iframe sandbox=\"allow-scripts\" security=\"restricted\" src=\"https:\/\/epochtimestr.com\/index.php\/kilicdaroglu-halkin-iradesine-darbe-vuruldu\/embed#?secret=wFJPXZe0ts\" width=\"600\" height=\"338\" title=\"&#8220;K\u0131l\u0131\u00e7daro\u011flu: Halk\u0131n \u0130radesine Darbe Vuruldu&#8221; &#8212; The Epoch Times TR\" data-secret=\"wFJPXZe0ts\" frameborder=\"0\" marginwidth=\"0\" marginheight=\"0\" scrolling=\"no\" class=\"wp-embedded-content\"><\/iframe><script type=\"text\/javascript\">\n\/* <![CDATA[ *\/\n\/*! This file is auto-generated *\/\n!function(d,l){\"use strict\";l.querySelector&&d.addEventListener&&\"undefined\"!=typeof URL&&(d.wp=d.wp||{},d.wp.receiveEmbedMessage||(d.wp.receiveEmbedMessage=function(e){var t=e.data;if((t||t.secret||t.message||t.value)&&!\/[^a-zA-Z0-9]\/.test(t.secret)){for(var s,r,n,a=l.querySelectorAll('iframe[data-secret=\"'+t.secret+'\"]'),o=l.querySelectorAll('blockquote[data-secret=\"'+t.secret+'\"]'),c=new RegExp(\"^https?:$\",\"i\"),i=0;i<o.length;i++)o[i].style.display=\"none\";for(i=0;i<a.length;i++)s=a[i],e.source===s.contentWindow&&(s.removeAttribute(\"style\"),\"height\"===t.message?(1e3<(r=parseInt(t.value,10))?r=1e3:~~r<200&&(r=200),s.height=r):\"link\"===t.message&&(r=new URL(s.getAttribute(\"src\")),n=new URL(t.value),c.test(n.protocol))&&n.host===r.host&&l.activeElement===s&&(d.top.location.href=t.value))}},d.addEventListener(\"message\",d.wp.receiveEmbedMessage,!1),l.addEventListener(\"DOMContentLoaded\",function(){for(var e,t,s=l.querySelectorAll(\"iframe.wp-embedded-content\"),r=0;r<s.length;r++)(t=(e=s[r]).getAttribute(\"data-secret\"))||(t=Math.random().toString(36).substring(2,12),e.src+=\"#?secret=\"+t,e.setAttribute(\"data-secret\",t)),e.contentWindow.postMessage({message:\"ready\",secret:t},\"*\")},!1)))}(window,document);\n\/* ]]> *\/\n<\/script>\n","description":"\u00a0 Milletvekili se\u00e7ilmelerinin ard\u0131ndan \u201c2. Ergenekon\u201d davas\u0131 kapsam\u0131nda tutuklu olarak yarg\u0131lanan ve 13. A\u011f\u0131r Ceza Mahkemesi taraf\u0131ndan tahliyeleri\u00a0 red edilen Mustafa Balbay ve Mehmet Haberal\u2019\u0131n durumlar\u0131 ile ilgili bir a\u00e7\u0131klama yapan CHP Genel Ba\u015fkan\u0131 K\u0131l\u0131\u00e7daro\u011flu, \u201cBu karar milletin iradesine vurulmu\u015f bir darbedir\u201d ifadesini kulland\u0131. K\u0131l\u0131\u00e7daro\u011flu\u00a0\u00a0 3,5 saat s\u00fcren MYK (Merkez Y\u00f6netim Kurulu) toplant\u0131s\u0131n\u0131n ard\u0131ndan yapt\u0131\u011f\u0131 [&hellip;]","thumbnail_url":"http:\/\/www.epochtimestr.com\/wp-content\/uploads\/2011y\/mykbasintoplantisi-300x191.jpg"}