{"version":"1.0","provider_name":"The Epoch Times TR","provider_url":"https:\/\/epochtimestr.com","author_name":"Nesrin Se\u00e7er","author_url":"https:\/\/epochtimestr.com\/index.php\/author\/nesrin","title":"K\u0131l\u0131\u00e7daro\u011flu K\u0131r\u0131kkale'de Kimsesiz \u00c7ocuklar\u0131 Ziyaret Etti - The Epoch Times TR","type":"rich","width":600,"height":338,"html":"<blockquote class=\"wp-embedded-content\" data-secret=\"8kXrzdLITA\"><a href=\"https:\/\/epochtimestr.com\/index.php\/kilicdaroglu-kirikkalede-kimsesiz-cocuklari-ziyaret-etti\">K\u0131l\u0131\u00e7daro\u011flu K\u0131r\u0131kkale&#8217;de Kimsesiz \u00c7ocuklar\u0131 Ziyaret Etti<\/a><\/blockquote><iframe sandbox=\"allow-scripts\" security=\"restricted\" src=\"https:\/\/epochtimestr.com\/index.php\/kilicdaroglu-kirikkalede-kimsesiz-cocuklari-ziyaret-etti\/embed#?secret=8kXrzdLITA\" width=\"600\" height=\"338\" title=\"&#8220;K\u0131l\u0131\u00e7daro\u011flu K\u0131r\u0131kkale&#8217;de Kimsesiz \u00c7ocuklar\u0131 Ziyaret Etti&#8221; &#8212; The Epoch Times TR\" data-secret=\"8kXrzdLITA\" frameborder=\"0\" marginwidth=\"0\" marginheight=\"0\" scrolling=\"no\" class=\"wp-embedded-content\"><\/iframe><script type=\"text\/javascript\">\n\/* <![CDATA[ *\/\n\/*! This file is auto-generated *\/\n!function(d,l){\"use strict\";l.querySelector&&d.addEventListener&&\"undefined\"!=typeof URL&&(d.wp=d.wp||{},d.wp.receiveEmbedMessage||(d.wp.receiveEmbedMessage=function(e){var t=e.data;if((t||t.secret||t.message||t.value)&&!\/[^a-zA-Z0-9]\/.test(t.secret)){for(var s,r,n,a=l.querySelectorAll('iframe[data-secret=\"'+t.secret+'\"]'),o=l.querySelectorAll('blockquote[data-secret=\"'+t.secret+'\"]'),c=new RegExp(\"^https?:$\",\"i\"),i=0;i<o.length;i++)o[i].style.display=\"none\";for(i=0;i<a.length;i++)s=a[i],e.source===s.contentWindow&&(s.removeAttribute(\"style\"),\"height\"===t.message?(1e3<(r=parseInt(t.value,10))?r=1e3:~~r<200&&(r=200),s.height=r):\"link\"===t.message&&(r=new URL(s.getAttribute(\"src\")),n=new URL(t.value),c.test(n.protocol))&&n.host===r.host&&l.activeElement===s&&(d.top.location.href=t.value))}},d.addEventListener(\"message\",d.wp.receiveEmbedMessage,!1),l.addEventListener(\"DOMContentLoaded\",function(){for(var e,t,s=l.querySelectorAll(\"iframe.wp-embedded-content\"),r=0;r<s.length;r++)(t=(e=s[r]).getAttribute(\"data-secret\"))||(t=Math.random().toString(36).substring(2,12),e.src+=\"#?secret=\"+t,e.setAttribute(\"data-secret\",t)),e.contentWindow.postMessage({message:\"ready\",secret:t},\"*\")},!1)))}(window,document);\n\/* ]]> *\/\n<\/script>\n","description":"KIRIKKALE&#8211; CHP Genel Ba\u015fkan\u0131 Kemal K\u0131l\u0131\u00e7daro\u011flu, Genel Ba\u015fkan Yard\u0131mc\u0131s\u0131 G\u00fcrsel Tekin ile ak\u015fam saatlerinde K\u0131r\u0131kkale \u00c7ocuk Esirgeme Yurduna geldi. K\u0131l\u0131\u00e7daro\u011flu, burada Sosyal Hizmetler ve \u00c7ocuk Esirgeme Kurumu Genel M\u00fcd\u00fcrl\u00fc\u011f\u00fc K\u0131r\u0131kkale \u00c7ocuk Yuvas\u0131 M\u00fcd\u00fcr Yard\u0131mc\u0131s\u0131 Ataman S\u00fcmer ve yurtta kalan \u00e7ocuklar taraf\u0131ndan \u00e7i\u00e7eklerle kar\u015f\u0131land\u0131. 8-12 ya\u015f aras\u0131 \u00e7ocuklarla bas\u0131na kapal\u0131 olarak ger\u00e7ekle\u015ftirilen ziyarette \u00e7ocuklara \u00e7ikolata ve [&hellip;]","thumbnail_url":"http:\/\/www.epochtimestr.com\/wp-content\/uploads\/2010\/kasim\/kimsesiz-300x225.jpg"}