{"version":"1.0","provider_name":"The Epoch Times TR","provider_url":"https:\/\/epochtimestr.com","author_name":"Bora Akdeniz","author_url":"https:\/\/epochtimestr.com\/index.php\/author\/bora","title":"K\u0131l\u0131\u00e7daro\u011flu: Patlamalar\u0131n Sorumlular\u0131 H\u00fck\u00fcmet ve Sendikalard\u0131r - The Epoch Times TR","type":"rich","width":600,"height":338,"html":"<blockquote class=\"wp-embedded-content\" data-secret=\"rXXLuUNvfK\"><a href=\"https:\/\/epochtimestr.com\/index.php\/kilicdaroglu-patlamalarin-sorumlulari-hukumet-ve-sendikalardir\">K\u0131l\u0131\u00e7daro\u011flu: Patlamalar\u0131n Sorumlular\u0131 H\u00fck\u00fcmet ve Sendikalard\u0131r<\/a><\/blockquote><iframe sandbox=\"allow-scripts\" security=\"restricted\" src=\"https:\/\/epochtimestr.com\/index.php\/kilicdaroglu-patlamalarin-sorumlulari-hukumet-ve-sendikalardir\/embed#?secret=rXXLuUNvfK\" width=\"600\" height=\"338\" title=\"&#8220;K\u0131l\u0131\u00e7daro\u011flu: Patlamalar\u0131n Sorumlular\u0131 H\u00fck\u00fcmet ve Sendikalard\u0131r&#8221; &#8212; The Epoch Times TR\" data-secret=\"rXXLuUNvfK\" frameborder=\"0\" marginwidth=\"0\" marginheight=\"0\" scrolling=\"no\" class=\"wp-embedded-content\"><\/iframe><script type=\"text\/javascript\">\n\/* <![CDATA[ *\/\n\/*! This file is auto-generated *\/\n!function(d,l){\"use strict\";l.querySelector&&d.addEventListener&&\"undefined\"!=typeof URL&&(d.wp=d.wp||{},d.wp.receiveEmbedMessage||(d.wp.receiveEmbedMessage=function(e){var t=e.data;if((t||t.secret||t.message||t.value)&&!\/[^a-zA-Z0-9]\/.test(t.secret)){for(var s,r,n,a=l.querySelectorAll('iframe[data-secret=\"'+t.secret+'\"]'),o=l.querySelectorAll('blockquote[data-secret=\"'+t.secret+'\"]'),c=new RegExp(\"^https?:$\",\"i\"),i=0;i<o.length;i++)o[i].style.display=\"none\";for(i=0;i<a.length;i++)s=a[i],e.source===s.contentWindow&&(s.removeAttribute(\"style\"),\"height\"===t.message?(1e3<(r=parseInt(t.value,10))?r=1e3:~~r<200&&(r=200),s.height=r):\"link\"===t.message&&(r=new URL(s.getAttribute(\"src\")),n=new URL(t.value),c.test(n.protocol))&&n.host===r.host&&l.activeElement===s&&(d.top.location.href=t.value))}},d.addEventListener(\"message\",d.wp.receiveEmbedMessage,!1),l.addEventListener(\"DOMContentLoaded\",function(){for(var e,t,s=l.querySelectorAll(\"iframe.wp-embedded-content\"),r=0;r<s.length;r++)(t=(e=s[r]).getAttribute(\"data-secret\"))||(t=Math.random().toString(36).substring(2,12),e.src+=\"#?secret=\"+t,e.setAttribute(\"data-secret\",t)),e.contentWindow.postMessage({message:\"ready\",secret:t},\"*\")},!1)))}(window,document);\n\/* ]]> *\/\n<\/script>\n","description":"CHP Genel Ba\u015fkan\u0131 Kemal K\u0131l\u0131\u00e7daro\u011flu, Ankara\u2019daki patlamalar\u0131n sorumlusu olarak iktidarla sendikalar\u0131 g\u00f6rd\u00fc. K\u0131l\u0131\u00e7daro\u011flu, \u201cDenet\u00e7iyi sen alacaks\u0131n. \u0130ktidardas\u0131n muhalefette de\u011filsin. Bu sadece h\u00fck\u00fcmetin de\u011fil sendikalar\u0131n da g\u00f6revi. Bunlar koltuklar\u0131nda oturmamal\u0131 d\u00fcnyaya da bakmal\u0131. Girin o alana ara\u015ft\u0131r\u0131n sendikalar olarak.\u201d dedi. Partisinin TBMM\u2019deki haftal\u0131k ola\u011fan grup toplant\u0131s\u0131nda konu\u015fan K\u0131l\u0131\u00e7daro\u011flu, OST\u0130M ve \u0130vedik\u2019teki patlamalar konusunda h\u00fck\u00fcmeti su\u00e7lad\u0131. H\u00fck\u00fcmet [&hellip;]"}