{"version":"1.0","provider_name":"The Epoch Times TR","provider_url":"https:\/\/epochtimestr.com","author_name":"Nesrin Se\u00e7er","author_url":"https:\/\/epochtimestr.com\/index.php\/author\/nesrin","title":"K\u0131l\u0131\u00e7daro\u011flu Selanik'te Atat\u00fcrk'\u00fcn Do\u011fdu\u011fu Evi Ziyaret Etti - The Epoch Times TR","type":"rich","width":600,"height":338,"html":"<blockquote class=\"wp-embedded-content\" data-secret=\"RMd6Hsx9VA\"><a href=\"https:\/\/epochtimestr.com\/index.php\/kilicdaroglu-selanikte-ataturkun-dogdugu-evi-ziyaret-etti\">K\u0131l\u0131\u00e7daro\u011flu Selanik&#8217;te Atat\u00fcrk&#8217;\u00fcn Do\u011fdu\u011fu Evi Ziyaret Etti<\/a><\/blockquote><iframe sandbox=\"allow-scripts\" security=\"restricted\" src=\"https:\/\/epochtimestr.com\/index.php\/kilicdaroglu-selanikte-ataturkun-dogdugu-evi-ziyaret-etti\/embed#?secret=RMd6Hsx9VA\" width=\"600\" height=\"338\" title=\"&#8220;K\u0131l\u0131\u00e7daro\u011flu Selanik&#8217;te Atat\u00fcrk&#8217;\u00fcn Do\u011fdu\u011fu Evi Ziyaret Etti&#8221; &#8212; The Epoch Times TR\" data-secret=\"RMd6Hsx9VA\" frameborder=\"0\" marginwidth=\"0\" marginheight=\"0\" scrolling=\"no\" class=\"wp-embedded-content\"><\/iframe><script type=\"text\/javascript\">\n\/* <![CDATA[ *\/\n\/*! This file is auto-generated *\/\n!function(d,l){\"use strict\";l.querySelector&&d.addEventListener&&\"undefined\"!=typeof URL&&(d.wp=d.wp||{},d.wp.receiveEmbedMessage||(d.wp.receiveEmbedMessage=function(e){var t=e.data;if((t||t.secret||t.message||t.value)&&!\/[^a-zA-Z0-9]\/.test(t.secret)){for(var s,r,n,a=l.querySelectorAll('iframe[data-secret=\"'+t.secret+'\"]'),o=l.querySelectorAll('blockquote[data-secret=\"'+t.secret+'\"]'),c=new RegExp(\"^https?:$\",\"i\"),i=0;i<o.length;i++)o[i].style.display=\"none\";for(i=0;i<a.length;i++)s=a[i],e.source===s.contentWindow&&(s.removeAttribute(\"style\"),\"height\"===t.message?(1e3<(r=parseInt(t.value,10))?r=1e3:~~r<200&&(r=200),s.height=r):\"link\"===t.message&&(r=new URL(s.getAttribute(\"src\")),n=new URL(t.value),c.test(n.protocol))&&n.host===r.host&&l.activeElement===s&&(d.top.location.href=t.value))}},d.addEventListener(\"message\",d.wp.receiveEmbedMessage,!1),l.addEventListener(\"DOMContentLoaded\",function(){for(var e,t,s=l.querySelectorAll(\"iframe.wp-embedded-content\"),r=0;r<s.length;r++)(t=(e=s[r]).getAttribute(\"data-secret\"))||(t=Math.random().toString(36).substring(2,12),e.src+=\"#?secret=\"+t,e.setAttribute(\"data-secret\",t)),e.contentWindow.postMessage({message:\"ready\",secret:t},\"*\")},!1)))}(window,document);\n\/* ]]> *\/\n<\/script>\n","description":"Yunanistan\u2019\u0131n ba\u015fkenti Atina\u2019da iki g\u00fcn devam eden Sosyalist Enternasyonel Konsey Toplant\u0131s\u0131\u2019na kat\u0131lan Genel Ba\u015fkan Kemal K\u0131l\u0131\u00e7daro\u011flu, daha sonra Selanik\u2019e gitti. Selanik Ba\u015fkonsoloslu\u011fu\u2019nda bir s\u00fcre dinlenen K\u0131l\u0131\u00e7daro\u011flu daha sonra Atat\u00fcrk\u2019\u00fcn do\u011fdu\u011fu ve m\u00fcze haline getirilen evi ziyaret eden ve\u00a0Atat\u00fcrk ile annesi Z\u00fcbeyde Han\u0131m\u2019\u0131n kulland\u0131\u011f\u0131 orijinal e\u015fyalar\u0131n da bulundu\u011fu m\u00fcze ev hakk\u0131nda konsolosluk yetkililerinden bilgi alan Genel [&hellip;]","thumbnail_url":"http:\/\/www.epochtimestr.com\/wp-content\/uploads\/2011y\/chp-kemal-kilicdaroglu-Ataturk-evi-Selanik-300x191.jpg"}