{"version":"1.0","provider_name":"The Epoch Times TR","provider_url":"https:\/\/epochtimestr.com","author_name":"D.Alk\u0131n","author_url":"https:\/\/epochtimestr.com\/index.php\/author\/derya","title":"K\u0131l\u0131\u00e7daro\u011flu ''Sadece Milletimin \u00d6n\u00fcnde Diz \u00c7\u00f6kerim'' - The Epoch Times TR","type":"rich","width":600,"height":338,"html":"<blockquote class=\"wp-embedded-content\" data-secret=\"f9WwdVl2s4\"><a href=\"https:\/\/epochtimestr.com\/index.php\/kilicdaroglusadece-milletimin-onunde-diz-cokerim-dedi\">K\u0131l\u0131\u00e7daro\u011flu &#8221;Sadece Milletimin \u00d6n\u00fcnde Diz \u00c7\u00f6kerim&#8221;<\/a><\/blockquote><iframe sandbox=\"allow-scripts\" security=\"restricted\" src=\"https:\/\/epochtimestr.com\/index.php\/kilicdaroglusadece-milletimin-onunde-diz-cokerim-dedi\/embed#?secret=f9WwdVl2s4\" width=\"600\" height=\"338\" title=\"&#8220;K\u0131l\u0131\u00e7daro\u011flu &#8221;Sadece Milletimin \u00d6n\u00fcnde Diz \u00c7\u00f6kerim&#8221;&#8221; &#8212; The Epoch Times TR\" data-secret=\"f9WwdVl2s4\" frameborder=\"0\" marginwidth=\"0\" marginheight=\"0\" scrolling=\"no\" class=\"wp-embedded-content\"><\/iframe><script type=\"text\/javascript\">\n\/* <![CDATA[ *\/\n\/*! This file is auto-generated *\/\n!function(d,l){\"use strict\";l.querySelector&&d.addEventListener&&\"undefined\"!=typeof URL&&(d.wp=d.wp||{},d.wp.receiveEmbedMessage||(d.wp.receiveEmbedMessage=function(e){var t=e.data;if((t||t.secret||t.message||t.value)&&!\/[^a-zA-Z0-9]\/.test(t.secret)){for(var s,r,n,a=l.querySelectorAll('iframe[data-secret=\"'+t.secret+'\"]'),o=l.querySelectorAll('blockquote[data-secret=\"'+t.secret+'\"]'),c=new RegExp(\"^https?:$\",\"i\"),i=0;i<o.length;i++)o[i].style.display=\"none\";for(i=0;i<a.length;i++)s=a[i],e.source===s.contentWindow&&(s.removeAttribute(\"style\"),\"height\"===t.message?(1e3<(r=parseInt(t.value,10))?r=1e3:~~r<200&&(r=200),s.height=r):\"link\"===t.message&&(r=new URL(s.getAttribute(\"src\")),n=new URL(t.value),c.test(n.protocol))&&n.host===r.host&&l.activeElement===s&&(d.top.location.href=t.value))}},d.addEventListener(\"message\",d.wp.receiveEmbedMessage,!1),l.addEventListener(\"DOMContentLoaded\",function(){for(var e,t,s=l.querySelectorAll(\"iframe.wp-embedded-content\"),r=0;r<s.length;r++)(t=(e=s[r]).getAttribute(\"data-secret\"))||(t=Math.random().toString(36).substring(2,12),e.src+=\"#?secret=\"+t,e.setAttribute(\"data-secret\",t)),e.contentWindow.postMessage({message:\"ready\",secret:t},\"*\")},!1)))}(window,document);\n\/* ]]> *\/\n<\/script>\n","description":"K\u0131l\u0131\u00e7daro\u011flu Hakk\u0131nda Verilen Fezleke \u0130le \u0130lgili A\u00e7\u0131klama Yapt\u0131 Ankara\u2019da bu g\u00fcn CHP Lideri Kemal K\u0131l\u0131\u00e7daro\u011flu hakk\u0131nda verilen \u2018\u2018Fezleke\u2019\u2019 g\u00fcndemi vard\u0131. Silivri Ba\u015fsavc\u0131s\u0131n\u0131n haz\u0131rlam\u0131\u015f oldu\u011fu fezleke CHP\u2019yi aya\u011fa kald\u0131rd\u0131 ve K\u0131l\u0131\u00e7daro\u011flu, hakk\u0131nda verilen fezleke ile ilgili a\u00e7\u0131klama yapt\u0131. K\u0131l\u0131\u00e7daro\u011flu\u2019nun \u2018Silivri bir toplama kamp\u0131d\u0131r\u2019 s\u00f6zleri \u00fczerine savc\u0131lar\u0131n fezlekeyi haz\u0131rlad\u0131klar\u0131 belirtiliyor. Meclis\u2019de CHP grubunda bug\u00fcn tarihi fezleke oturumu [&hellip;]","thumbnail_url":"http:\/\/epochtimestr.com\/wp-content\/uploads\/2011y\/chp-kemal-kilicdaroglu.jpg"}