{"version":"1.0","provider_name":"The Epoch Times TR","provider_url":"https:\/\/epochtimestr.com","author_name":"Ipek K\u00f6kl\u00fc","author_url":"https:\/\/epochtimestr.com\/index.php\/author\/ipek","title":"K\u0131van\u00e7 Tatl\u0131tu\u011f ve Bade \u0130\u015f\u00e7il Ayn\u0131 Dizide - The Epoch Times TR","type":"rich","width":600,"height":338,"html":"<blockquote class=\"wp-embedded-content\" data-secret=\"VjY3smuyAj\"><a href=\"https:\/\/epochtimestr.com\/index.php\/kivanc-tatlitug-ve-bade-iscil-ayni-dizide\">K\u0131van\u00e7 Tatl\u0131tu\u011f ve Bade \u0130\u015f\u00e7il Ayn\u0131 Dizide<\/a><\/blockquote><iframe sandbox=\"allow-scripts\" security=\"restricted\" src=\"https:\/\/epochtimestr.com\/index.php\/kivanc-tatlitug-ve-bade-iscil-ayni-dizide\/embed#?secret=VjY3smuyAj\" width=\"600\" height=\"338\" title=\"&#8220;K\u0131van\u00e7 Tatl\u0131tu\u011f ve Bade \u0130\u015f\u00e7il Ayn\u0131 Dizide&#8221; &#8212; The Epoch Times TR\" data-secret=\"VjY3smuyAj\" frameborder=\"0\" marginwidth=\"0\" marginheight=\"0\" scrolling=\"no\" class=\"wp-embedded-content\"><\/iframe><script type=\"text\/javascript\">\n\/* <![CDATA[ *\/\n\/*! This file is auto-generated *\/\n!function(d,l){\"use strict\";l.querySelector&&d.addEventListener&&\"undefined\"!=typeof URL&&(d.wp=d.wp||{},d.wp.receiveEmbedMessage||(d.wp.receiveEmbedMessage=function(e){var t=e.data;if((t||t.secret||t.message||t.value)&&!\/[^a-zA-Z0-9]\/.test(t.secret)){for(var s,r,n,a=l.querySelectorAll('iframe[data-secret=\"'+t.secret+'\"]'),o=l.querySelectorAll('blockquote[data-secret=\"'+t.secret+'\"]'),c=new RegExp(\"^https?:$\",\"i\"),i=0;i<o.length;i++)o[i].style.display=\"none\";for(i=0;i<a.length;i++)s=a[i],e.source===s.contentWindow&&(s.removeAttribute(\"style\"),\"height\"===t.message?(1e3<(r=parseInt(t.value,10))?r=1e3:~~r<200&&(r=200),s.height=r):\"link\"===t.message&&(r=new URL(s.getAttribute(\"src\")),n=new URL(t.value),c.test(n.protocol))&&n.host===r.host&&l.activeElement===s&&(d.top.location.href=t.value))}},d.addEventListener(\"message\",d.wp.receiveEmbedMessage,!1),l.addEventListener(\"DOMContentLoaded\",function(){for(var e,t,s=l.querySelectorAll(\"iframe.wp-embedded-content\"),r=0;r<s.length;r++)(t=(e=s[r]).getAttribute(\"data-secret\"))||(t=Math.random().toString(36).substring(2,12),e.src+=\"#?secret=\"+t,e.setAttribute(\"data-secret\",t)),e.contentWindow.postMessage({message:\"ready\",secret:t},\"*\")},!1)))}(window,document);\n\/* ]]> *\/\n<\/script>\n","description":"Yeni sezonda ekranlara gelecek olan \u201cKuzey ve G\u00fcney\u201d adl\u0131 dizide Bade \u0130\u015f\u00e7il ve K\u0131van\u00e7 Tatl\u0131tu\u011f kar\u015f\u0131l\u0131kl\u0131 oynayacak. \u00a0A\u015fk\u0131 Memnu dizisinden sonra ekranlarda birs\u00fcre g\u00f6r\u00fcnmeyen K\u0131van\u00e7 Tatl\u0131tu\u011f bu diziyle tekrar ekranlara d\u00f6n\u00fcyor. \u00a0Bade \u0130\u015f\u00e7il ise K\u0131van\u00e7 Tatl\u0131tu\u011f ile birlikte oynayaca\u011f\u0131 i\u00e7in \u00e7ok heyecanl\u0131 oldu\u011funu dile getirdi."}