{"version":"1.0","provider_name":"The Epoch Times TR","provider_url":"https:\/\/epochtimestr.com","author_name":"\u00c7.Akdeniz","author_url":"https:\/\/epochtimestr.com\/index.php\/author\/cigdem","title":"Kom\u015fu \u00dclkede Hayat Fel\u00e7 Oldu \u00c7at\u0131\u015fmalar Ba\u015flad\u0131 - The Epoch Times TR","type":"rich","width":600,"height":338,"html":"<blockquote class=\"wp-embedded-content\" data-secret=\"sAQgv82Kzw\"><a href=\"https:\/\/epochtimestr.com\/index.php\/komsu-ulkede-hayat-felc-oldu-catismalar-basladi\">Kom\u015fu \u00dclkede Hayat Fel\u00e7 Oldu \u00c7at\u0131\u015fmalar Ba\u015flad\u0131<\/a><\/blockquote><iframe sandbox=\"allow-scripts\" security=\"restricted\" src=\"https:\/\/epochtimestr.com\/index.php\/komsu-ulkede-hayat-felc-oldu-catismalar-basladi\/embed#?secret=sAQgv82Kzw\" width=\"600\" height=\"338\" title=\"&#8220;Kom\u015fu \u00dclkede Hayat Fel\u00e7 Oldu \u00c7at\u0131\u015fmalar Ba\u015flad\u0131&#8221; &#8212; The Epoch Times TR\" data-secret=\"sAQgv82Kzw\" frameborder=\"0\" marginwidth=\"0\" marginheight=\"0\" scrolling=\"no\" class=\"wp-embedded-content\"><\/iframe><script type=\"text\/javascript\">\n\/* <![CDATA[ *\/\n\/*! This file is auto-generated *\/\n!function(d,l){\"use strict\";l.querySelector&&d.addEventListener&&\"undefined\"!=typeof URL&&(d.wp=d.wp||{},d.wp.receiveEmbedMessage||(d.wp.receiveEmbedMessage=function(e){var t=e.data;if((t||t.secret||t.message||t.value)&&!\/[^a-zA-Z0-9]\/.test(t.secret)){for(var s,r,n,a=l.querySelectorAll('iframe[data-secret=\"'+t.secret+'\"]'),o=l.querySelectorAll('blockquote[data-secret=\"'+t.secret+'\"]'),c=new RegExp(\"^https?:$\",\"i\"),i=0;i<o.length;i++)o[i].style.display=\"none\";for(i=0;i<a.length;i++)s=a[i],e.source===s.contentWindow&&(s.removeAttribute(\"style\"),\"height\"===t.message?(1e3<(r=parseInt(t.value,10))?r=1e3:~~r<200&&(r=200),s.height=r):\"link\"===t.message&&(r=new URL(s.getAttribute(\"src\")),n=new URL(t.value),c.test(n.protocol))&&n.host===r.host&&l.activeElement===s&&(d.top.location.href=t.value))}},d.addEventListener(\"message\",d.wp.receiveEmbedMessage,!1),l.addEventListener(\"DOMContentLoaded\",function(){for(var e,t,s=l.querySelectorAll(\"iframe.wp-embedded-content\"),r=0;r<s.length;r++)(t=(e=s[r]).getAttribute(\"data-secret\"))||(t=Math.random().toString(36).substring(2,12),e.src+=\"#?secret=\"+t,e.setAttribute(\"data-secret\",t)),e.contentWindow.postMessage({message:\"ready\",secret:t},\"*\")},!1)))}(window,document);\n\/* ]]> *\/\n<\/script>\n","description":"Yunanistan\u2019da Ekonomik kriz nedeni ile grevler artarken en sonunda Atina\u2019da \u00a0\u00e7at\u0131\u015fmalar meydana geldi. Atina meydan\u0131 sava\u015f alan\u0131na d\u00f6nerken muhalefet partisi ba\u015fkan\u0131n istifas\u0131n\u0131 istedi. Yunanistan\u2019da ekonomik krizden dolay\u0131 muhalefet partilerden ve halktan tepkiler geliyor. Reuters haber ajans\u0131 Yeni Demokrasi Partisinin Ba\u015fbakan Papandeu\u2019nun istifas\u0131n\u0131 istedi\u011fini duyurdu. Yunanistan\u2019da bug\u00fcn d\u00fczenlenen grev ve ba\u015fkentteki g\u00f6steriler hayat\u0131n fel\u00e7 olmas\u0131na neden [&hellip;]","thumbnail_url":"http:\/\/www.epochtimestr.com\/wp-content\/uploads\/2011y\/yunanistanda-ekonomik-kriz.jpg"}