{"version":"1.0","provider_name":"The Epoch Times TR","provider_url":"https:\/\/epochtimestr.com","author_name":"Haber Merkezi","author_url":"https:\/\/epochtimestr.com\/index.php\/author\/sendag","title":"Krali\u00e7e Elizabeth'in Sa\u011fl\u0131k Durumu \u0130yi De\u011fil - The Epoch Times TR","type":"rich","width":600,"height":338,"html":"<blockquote class=\"wp-embedded-content\" data-secret=\"W2pdDncwCY\"><a href=\"https:\/\/epochtimestr.com\/index.php\/kralice-elizabethin-saglik-durumu-iyi-degil\">Krali\u00e7e Elizabeth&#8217;in Sa\u011fl\u0131k Durumu \u0130yi De\u011fil<\/a><\/blockquote><iframe sandbox=\"allow-scripts\" security=\"restricted\" src=\"https:\/\/epochtimestr.com\/index.php\/kralice-elizabethin-saglik-durumu-iyi-degil\/embed#?secret=W2pdDncwCY\" width=\"600\" height=\"338\" title=\"&#8220;Krali\u00e7e Elizabeth&#8217;in Sa\u011fl\u0131k Durumu \u0130yi De\u011fil&#8221; &#8212; The Epoch Times TR\" data-secret=\"W2pdDncwCY\" frameborder=\"0\" marginwidth=\"0\" marginheight=\"0\" scrolling=\"no\" class=\"wp-embedded-content\"><\/iframe><script type=\"text\/javascript\">\n\/* <![CDATA[ *\/\n\/*! This file is auto-generated *\/\n!function(d,l){\"use strict\";l.querySelector&&d.addEventListener&&\"undefined\"!=typeof URL&&(d.wp=d.wp||{},d.wp.receiveEmbedMessage||(d.wp.receiveEmbedMessage=function(e){var t=e.data;if((t||t.secret||t.message||t.value)&&!\/[^a-zA-Z0-9]\/.test(t.secret)){for(var s,r,n,a=l.querySelectorAll('iframe[data-secret=\"'+t.secret+'\"]'),o=l.querySelectorAll('blockquote[data-secret=\"'+t.secret+'\"]'),c=new RegExp(\"^https?:$\",\"i\"),i=0;i<o.length;i++)o[i].style.display=\"none\";for(i=0;i<a.length;i++)s=a[i],e.source===s.contentWindow&&(s.removeAttribute(\"style\"),\"height\"===t.message?(1e3<(r=parseInt(t.value,10))?r=1e3:~~r<200&&(r=200),s.height=r):\"link\"===t.message&&(r=new URL(s.getAttribute(\"src\")),n=new URL(t.value),c.test(n.protocol))&&n.host===r.host&&l.activeElement===s&&(d.top.location.href=t.value))}},d.addEventListener(\"message\",d.wp.receiveEmbedMessage,!1),l.addEventListener(\"DOMContentLoaded\",function(){for(var e,t,s=l.querySelectorAll(\"iframe.wp-embedded-content\"),r=0;r<s.length;r++)(t=(e=s[r]).getAttribute(\"data-secret\"))||(t=Math.random().toString(36).substring(2,12),e.src+=\"#?secret=\"+t,e.setAttribute(\"data-secret\",t)),e.contentWindow.postMessage({message:\"ready\",secret:t},\"*\")},!1)))}(window,document);\n\/* ]]> *\/\n<\/script>\n","thumbnail_url":"https:\/\/epochtimestr.com\/wp-content\/uploads\/2011y\/elizabeth.jpg","thumbnail_width":664,"thumbnail_height":354,"description":"Ge\u00e7ti\u011fimiz ay Covid-19 testi pozitif \u00e7\u0131kan ve sonras\u0131nda hastal\u0131\u011f\u0131 atlatan Krali\u00e7e 2. Elizabeth&#8217;in sa\u011fl\u0131\u011f\u0131n\u0131n iyi olmad\u0131\u011f\u0131 s\u00f6yleniyor. \u0130ngiltere\u00a0Krali\u00e7esi Elizabeth, ge\u00e7en sonbahardan bu yana, corona vir\u00fcs\u00fc d\u0131\u015f\u0131nda da farkl\u0131 sa\u011fl\u0131k sorunlar\u0131 ya\u015fam\u0131\u015ft\u0131. Buckingham Saray\u0131 taraf\u0131ndan yap\u0131lan a\u00e7\u0131klamada da, kamuoyuna krali\u00e7enin iyile\u015fti\u011fi bilgisi servis edilmi\u015fti. Ancak doktorlar\u0131n uyar\u0131s\u0131yla baston kullanmaya ba\u015flayan 95 ya\u015f\u0131ndaki krali\u00e7enin, bir etkinli\u011fe kat\u0131lmay\u0131 [&hellip;]"}