{"version":"1.0","provider_name":"The Epoch Times TR","provider_url":"https:\/\/epochtimestr.com","author_name":"D.Alk\u0131n","author_url":"https:\/\/epochtimestr.com\/index.php\/author\/derya","title":"Kredi Derecelendirme Kurulu\u015fu Fitch, T\u00fcrkiye'nin Notunu Y\u00fckseltti - The Epoch Times TR","type":"rich","width":600,"height":338,"html":"<blockquote class=\"wp-embedded-content\" data-secret=\"IZNshaeEUi\"><a href=\"https:\/\/epochtimestr.com\/index.php\/kredi-derecelendirme-kurulusu-fitch-turkiyenin-notunu-yukseltti\">Kredi Derecelendirme Kurulu\u015fu Fitch, T\u00fcrkiye&#8217;nin Notunu Y\u00fckseltti<\/a><\/blockquote><iframe sandbox=\"allow-scripts\" security=\"restricted\" src=\"https:\/\/epochtimestr.com\/index.php\/kredi-derecelendirme-kurulusu-fitch-turkiyenin-notunu-yukseltti\/embed#?secret=IZNshaeEUi\" width=\"600\" height=\"338\" title=\"&#8220;Kredi Derecelendirme Kurulu\u015fu Fitch, T\u00fcrkiye&#8217;nin Notunu Y\u00fckseltti&#8221; &#8212; The Epoch Times TR\" data-secret=\"IZNshaeEUi\" frameborder=\"0\" marginwidth=\"0\" marginheight=\"0\" scrolling=\"no\" class=\"wp-embedded-content\"><\/iframe><script type=\"text\/javascript\">\n\/* <![CDATA[ *\/\n\/*! This file is auto-generated *\/\n!function(d,l){\"use strict\";l.querySelector&&d.addEventListener&&\"undefined\"!=typeof URL&&(d.wp=d.wp||{},d.wp.receiveEmbedMessage||(d.wp.receiveEmbedMessage=function(e){var t=e.data;if((t||t.secret||t.message||t.value)&&!\/[^a-zA-Z0-9]\/.test(t.secret)){for(var s,r,n,a=l.querySelectorAll('iframe[data-secret=\"'+t.secret+'\"]'),o=l.querySelectorAll('blockquote[data-secret=\"'+t.secret+'\"]'),c=new RegExp(\"^https?:$\",\"i\"),i=0;i<o.length;i++)o[i].style.display=\"none\";for(i=0;i<a.length;i++)s=a[i],e.source===s.contentWindow&&(s.removeAttribute(\"style\"),\"height\"===t.message?(1e3<(r=parseInt(t.value,10))?r=1e3:~~r<200&&(r=200),s.height=r):\"link\"===t.message&&(r=new URL(s.getAttribute(\"src\")),n=new URL(t.value),c.test(n.protocol))&&n.host===r.host&&l.activeElement===s&&(d.top.location.href=t.value))}},d.addEventListener(\"message\",d.wp.receiveEmbedMessage,!1),l.addEventListener(\"DOMContentLoaded\",function(){for(var e,t,s=l.querySelectorAll(\"iframe.wp-embedded-content\"),r=0;r<s.length;r++)(t=(e=s[r]).getAttribute(\"data-secret\"))||(t=Math.random().toString(36).substring(2,12),e.src+=\"#?secret=\"+t,e.setAttribute(\"data-secret\",t)),e.contentWindow.postMessage({message:\"ready\",secret:t},\"*\")},!1)))}(window,document);\n\/* ]]> *\/\n<\/script>\n","thumbnail_url":"https:\/\/epochtimestr.com\/wp-content\/uploads\/2011y\/Zafer-\u00c7a\u011flayan.jpg","thumbnail_width":404,"thumbnail_height":500,"description":"Uluslar aras\u0131 kredi derecelendirme kurulu\u015fu Fitch, T\u00fcrkiye\u2019nin uzun \u00a0vadeli yabanc\u0131 para birimi cinsinden kredi notunu bir kademe art\u0131rarak yat\u0131r\u0131m seviyesi d\u00fczeyi olan BBB-&#8216;ye y\u00fckseltti. Ekonomi Bakan\u0131 Zafer \u00c7a\u011flayan, Uluslar aras\u0131 kredi derecelendirme kurulu\u015fu Fitch\u2019in T\u00fcrkiye\u2019nin kredi notunu y\u00fckseltmesiyle ilgili yapt\u0131\u011f\u0131 a\u00e7\u0131klamada ge\u00e7 kalm\u0131\u015f bir hakk\u0131n teslimi ve tescilidir\u201d dedi. Bakan \u00c7a\u011flayan, konuya ili\u015fkin yapt\u0131\u011f\u0131 a\u00e7\u0131klamada [&hellip;]"}